{"id":2718,"date":"2025-11-28T13:04:22","date_gmt":"2025-11-28T12:04:22","guid":{"rendered":"https:\/\/freiheitskalender.ch\/?post_type=tribe_events&#038;p=2718"},"modified":"2025-11-28T13:09:50","modified_gmt":"2025-11-28T12:09:50","slug":"reinhold-messner-live-schweiz-2026","status":"publish","type":"tribe_events","link":"https:\/\/freiheitskalender.ch\/it\/event\/reinhold-messner-live-schweiz-2026\/","title":{"rendered":"Reinhold Messner LIVE &#8211; Schweiz 2026"},"content":{"rendered":"<h2>Erlebe Reinhold Messner live!<\/h2>\n<p>Wie wird ein S\u00fcdtiroler Bergbub zum gr\u00f6\u00dften Abenteurer unserer Zeit?<\/p>\n<p>Der ber\u00fchmte Alpinist reflektiert eindrucksvoll \u00fcber sein wagemutiges Leben, das von Grenzerfahrungen und dem Streben nach dem Unm\u00f6glichen gepr\u00e4gt ist.<\/p>\n<p>Sehr authentisch teilt er die Kerninhalte seines Lebensweges.<br \/>\nEr spricht \u00fcber Selbstbestimmung, Erfolg, Scheitern, Nahtoderfahrungen und von starkem Gegenwind der Gesellschaft.<\/p>\n<p>Seine Erz\u00e4hlungen sind fesselnd, tiefgr\u00fcndig und zugleich inspirierend.<\/p>\n<p>&nbsp;<\/p>\n<p><a href=\"https:\/\/www.ticketcorner.ch\/search\/?affiliate=TCS&amp;searchterm=Reinhold+Messner\">https:\/\/www.ticketcorner.ch\/search\/?affiliate=TCS&amp;searchterm=Reinhold+Messner<\/a><\/p>","protected":false},"excerpt":{"rendered":"<p>Erlebe Reinhold Messner live! Wie wird ein S\u00fcdtiroler Bergbub zum gr\u00f6\u00dften Abenteurer unserer Zeit? Der ber\u00fchmte Alpinist reflektiert eindrucksvoll \u00fcber sein wagemutiges Leben, das von Grenzerfahrungen und dem Streben nach [&hellip;]<\/p>\n","protected":false},"author":4,"featured_media":2719,"template":"","meta":{"_price":"","_stock":"","_tribe_ticket_header":"","_tribe_default_ticket_provider":"TEC\\Tickets\\Commerce\\Module","_tribe_ticket_capacity":"0","_ticket_start_date":"","_ticket_end_date":"","_tribe_ticket_show_description":"","_tribe_ticket_show_not_going":false,"_tribe_ticket_use_global_stock":"","_tribe_ticket_global_stock_level":"","_global_stock_mode":"","_global_stock_cap":"","_tribe_rsvp_for_event":"","_tribe_ticket_going_count":"","_tribe_ticket_not_going_count":"","_tribe_tickets_list":"[]","_tribe_ticket_has_attendee_info_fields":false,"_tribe_events_status":"","_tribe_events_status_reason":"","_tribe_events_is_hybrid":"","_tribe_events_is_virtual":"","_tribe_events_virtual_video_source":"","_tribe_events_virtual_embed_video":"","_tribe_events_virtual_linked_button_text":"","_tribe_events_virtual_linked_button":"","_tribe_events_virtual_show_embed_at":"","_tribe_events_virtual_show_embed_to":[],"_tribe_events_virtual_show_on_event":"","_tribe_events_virtual_show_on_views":"","_tribe_events_virtual_url":"","footnotes":"","_tec_slr_enabled":"","_tec_slr_layout":""},"tags":[],"tribe_events_cat":[101,106,9],"class_list":["post-2718","tribe_events","type-tribe_events","status-publish","has-post-thumbnail","hentry","tribe_events_cat-unterhaltung","tribe_events_cat-veranstaltung","tribe_events_cat-vortrag","cat_unterhaltung","cat_veranstaltung","cat_vortrag"],"blocksy_meta":[],"yoast_head":"<!-- This site is optimized with the Yoast SEO plugin v27.4 - https:\/\/yoast.com\/product\/yoast-seo-wordpress\/ -->\n<title>Reinhold Messner LIVE - Schweiz 2026 - Freiheitskalender<\/title>\n<meta name=\"robots\" content=\"index, follow, max-snippet:-1, max-image-preview:large, max-video-preview:-1\" \/>\n<link rel=\"canonical\" href=\"https:\/\/freiheitskalender.ch\/it\/event\/reinhold-messner-live-schweiz-2026\/\" \/>\n<meta property=\"og:locale\" content=\"it_IT\" \/>\n<meta property=\"og:type\" content=\"article\" \/>\n<meta property=\"og:title\" content=\"Reinhold Messner LIVE - Schweiz 2026 - Freiheitskalender\" \/>\n<meta property=\"og:description\" content=\"Erlebe Reinhold Messner live! Wie wird ein S\u00fcdtiroler Bergbub zum gr\u00f6\u00dften Abenteurer unserer Zeit? Der ber\u00fchmte Alpinist reflektiert eindrucksvoll \u00fcber sein wagemutiges Leben, das von Grenzerfahrungen und dem Streben nach [&hellip;]\" \/>\n<meta property=\"og:url\" content=\"https:\/\/freiheitskalender.ch\/it\/event\/reinhold-messner-live-schweiz-2026\/\" \/>\n<meta property=\"og:site_name\" content=\"Freiheitskalender\" \/>\n<meta property=\"article:modified_time\" content=\"2025-11-28T12:09:50+00:00\" \/>\n<meta property=\"og:image\" content=\"https:\/\/freiheitskalender.ch\/wp-content\/uploads\/2025\/11\/pewYR8IjaPNn-MessnerLIVE_Schweiz2026_Eventraum-2.jpg\" \/>\n\t<meta property=\"og:image:width\" content=\"1080\" \/>\n\t<meta property=\"og:image:height\" content=\"1350\" \/>\n\t<meta property=\"og:image:type\" content=\"image\/jpeg\" \/>\n<meta name=\"twitter:card\" content=\"summary_large_image\" \/>\n<meta name=\"twitter:label1\" content=\"Tempo di lettura stimato\" \/>\n\t<meta name=\"twitter:data1\" content=\"1 minuto\" \/>\n<script type=\"application\/ld+json\" class=\"yoast-schema-graph\">{\"@context\":\"https:\\\/\\\/schema.org\",\"@graph\":[{\"@type\":\"WebPage\",\"@id\":\"https:\\\/\\\/freiheitskalender.ch\\\/event\\\/reinhold-messner-live-schweiz-2026\\\/\",\"url\":\"https:\\\/\\\/freiheitskalender.ch\\\/event\\\/reinhold-messner-live-schweiz-2026\\\/\",\"name\":\"Reinhold Messner LIVE - Schweiz 2026 - Freiheitskalender\",\"isPartOf\":{\"@id\":\"https:\\\/\\\/freiheitskalender.ch\\\/#website\"},\"primaryImageOfPage\":{\"@id\":\"https:\\\/\\\/freiheitskalender.ch\\\/event\\\/reinhold-messner-live-schweiz-2026\\\/#primaryimage\"},\"image\":{\"@id\":\"https:\\\/\\\/freiheitskalender.ch\\\/event\\\/reinhold-messner-live-schweiz-2026\\\/#primaryimage\"},\"thumbnailUrl\":\"https:\\\/\\\/freiheitskalender.ch\\\/wp-content\\\/uploads\\\/2025\\\/11\\\/pewYR8IjaPNn-MessnerLIVE_Schweiz2026_Eventraum-2.jpg\",\"datePublished\":\"2025-11-28T12:04:22+00:00\",\"dateModified\":\"2025-11-28T12:09:50+00:00\",\"breadcrumb\":{\"@id\":\"https:\\\/\\\/freiheitskalender.ch\\\/event\\\/reinhold-messner-live-schweiz-2026\\\/#breadcrumb\"},\"inLanguage\":\"it-IT\",\"potentialAction\":[{\"@type\":\"ReadAction\",\"target\":[\"https:\\\/\\\/freiheitskalender.ch\\\/event\\\/reinhold-messner-live-schweiz-2026\\\/\"]}]},{\"@type\":\"ImageObject\",\"inLanguage\":\"it-IT\",\"@id\":\"https:\\\/\\\/freiheitskalender.ch\\\/event\\\/reinhold-messner-live-schweiz-2026\\\/#primaryimage\",\"url\":\"https:\\\/\\\/freiheitskalender.ch\\\/wp-content\\\/uploads\\\/2025\\\/11\\\/pewYR8IjaPNn-MessnerLIVE_Schweiz2026_Eventraum-2.jpg\",\"contentUrl\":\"https:\\\/\\\/freiheitskalender.ch\\\/wp-content\\\/uploads\\\/2025\\\/11\\\/pewYR8IjaPNn-MessnerLIVE_Schweiz2026_Eventraum-2.jpg\",\"width\":1080,\"height\":1350},{\"@type\":\"BreadcrumbList\",\"@id\":\"https:\\\/\\\/freiheitskalender.ch\\\/event\\\/reinhold-messner-live-schweiz-2026\\\/#breadcrumb\",\"itemListElement\":[{\"@type\":\"ListItem\",\"position\":1,\"name\":\"Startseite\",\"item\":\"https:\\\/\\\/freiheitskalender.ch\\\/fr\\\/\"},{\"@type\":\"ListItem\",\"position\":2,\"name\":\"Reinhold Messner LIVE &#8211; Schweiz 2026\"}]},{\"@type\":\"WebSite\",\"@id\":\"https:\\\/\\\/freiheitskalender.ch\\\/#website\",\"url\":\"https:\\\/\\\/freiheitskalender.ch\\\/\",\"name\":\"Freiheitskalender\",\"description\":\"Termine aus der Community\",\"publisher\":{\"@id\":\"https:\\\/\\\/freiheitskalender.ch\\\/#organization\"},\"potentialAction\":[{\"@type\":\"SearchAction\",\"target\":{\"@type\":\"EntryPoint\",\"urlTemplate\":\"https:\\\/\\\/freiheitskalender.ch\\\/?s={search_term_string}\"},\"query-input\":{\"@type\":\"PropertyValueSpecification\",\"valueRequired\":true,\"valueName\":\"search_term_string\"}}],\"inLanguage\":\"it-IT\"},{\"@type\":\"Organization\",\"@id\":\"https:\\\/\\\/freiheitskalender.ch\\\/#organization\",\"name\":\"Freiheitskalender\",\"url\":\"https:\\\/\\\/freiheitskalender.ch\\\/\",\"logo\":{\"@type\":\"ImageObject\",\"inLanguage\":\"it-IT\",\"@id\":\"https:\\\/\\\/freiheitskalender.ch\\\/#\\\/schema\\\/logo\\\/image\\\/\",\"url\":\"https:\\\/\\\/freiheitskalender.ch\\\/wp-content\\\/uploads\\\/2025\\\/10\\\/Freiheitskalender-Logo-flach_Logo_NEW_21.10.2025_DE_100PX.png\",\"contentUrl\":\"https:\\\/\\\/freiheitskalender.ch\\\/wp-content\\\/uploads\\\/2025\\\/10\\\/Freiheitskalender-Logo-flach_Logo_NEW_21.10.2025_DE_100PX.png\",\"width\":1000,\"height\":340,\"caption\":\"Freiheitskalender\"},\"image\":{\"@id\":\"https:\\\/\\\/freiheitskalender.ch\\\/#\\\/schema\\\/logo\\\/image\\\/\"}}]}<\/script>\n<!-- \/ Yoast SEO plugin. -->","yoast_head_json":{"title":"Reinhold Messner LIVE - Schweiz 2026 - Freiheitskalender","robots":{"index":"index","follow":"follow","max-snippet":"max-snippet:-1","max-image-preview":"max-image-preview:large","max-video-preview":"max-video-preview:-1"},"canonical":"https:\/\/freiheitskalender.ch\/it\/event\/reinhold-messner-live-schweiz-2026\/","og_locale":"it_IT","og_type":"article","og_title":"Reinhold Messner LIVE - Schweiz 2026 - Freiheitskalender","og_description":"Erlebe Reinhold Messner live! Wie wird ein S\u00fcdtiroler Bergbub zum gr\u00f6\u00dften Abenteurer unserer Zeit? Der ber\u00fchmte Alpinist reflektiert eindrucksvoll \u00fcber sein wagemutiges Leben, das von Grenzerfahrungen und dem Streben nach [&hellip;]","og_url":"https:\/\/freiheitskalender.ch\/it\/event\/reinhold-messner-live-schweiz-2026\/","og_site_name":"Freiheitskalender","article_modified_time":"2025-11-28T12:09:50+00:00","og_image":[{"width":1080,"height":1350,"url":"https:\/\/freiheitskalender.ch\/wp-content\/uploads\/2025\/11\/pewYR8IjaPNn-MessnerLIVE_Schweiz2026_Eventraum-2.jpg","type":"image\/jpeg"}],"twitter_card":"summary_large_image","twitter_misc":{"Tempo di lettura stimato":"1 minuto"},"schema":{"@context":"https:\/\/schema.org","@graph":[{"@type":"WebPage","@id":"https:\/\/freiheitskalender.ch\/event\/reinhold-messner-live-schweiz-2026\/","url":"https:\/\/freiheitskalender.ch\/event\/reinhold-messner-live-schweiz-2026\/","name":"Reinhold Messner LIVE - Schweiz 2026 - Freiheitskalender","isPartOf":{"@id":"https:\/\/freiheitskalender.ch\/#website"},"primaryImageOfPage":{"@id":"https:\/\/freiheitskalender.ch\/event\/reinhold-messner-live-schweiz-2026\/#primaryimage"},"image":{"@id":"https:\/\/freiheitskalender.ch\/event\/reinhold-messner-live-schweiz-2026\/#primaryimage"},"thumbnailUrl":"https:\/\/freiheitskalender.ch\/wp-content\/uploads\/2025\/11\/pewYR8IjaPNn-MessnerLIVE_Schweiz2026_Eventraum-2.jpg","datePublished":"2025-11-28T12:04:22+00:00","dateModified":"2025-11-28T12:09:50+00:00","breadcrumb":{"@id":"https:\/\/freiheitskalender.ch\/event\/reinhold-messner-live-schweiz-2026\/#breadcrumb"},"inLanguage":"it-IT","potentialAction":[{"@type":"ReadAction","target":["https:\/\/freiheitskalender.ch\/event\/reinhold-messner-live-schweiz-2026\/"]}]},{"@type":"ImageObject","inLanguage":"it-IT","@id":"https:\/\/freiheitskalender.ch\/event\/reinhold-messner-live-schweiz-2026\/#primaryimage","url":"https:\/\/freiheitskalender.ch\/wp-content\/uploads\/2025\/11\/pewYR8IjaPNn-MessnerLIVE_Schweiz2026_Eventraum-2.jpg","contentUrl":"https:\/\/freiheitskalender.ch\/wp-content\/uploads\/2025\/11\/pewYR8IjaPNn-MessnerLIVE_Schweiz2026_Eventraum-2.jpg","width":1080,"height":1350},{"@type":"BreadcrumbList","@id":"https:\/\/freiheitskalender.ch\/event\/reinhold-messner-live-schweiz-2026\/#breadcrumb","itemListElement":[{"@type":"ListItem","position":1,"name":"Startseite","item":"https:\/\/freiheitskalender.ch\/fr\/"},{"@type":"ListItem","position":2,"name":"Reinhold Messner LIVE &#8211; Schweiz 2026"}]},{"@type":"WebSite","@id":"https:\/\/freiheitskalender.ch\/#website","url":"https:\/\/freiheitskalender.ch\/","name":"Calendario della Libert\u00e0","description":"Termine aus der Community","publisher":{"@id":"https:\/\/freiheitskalender.ch\/#organization"},"potentialAction":[{"@type":"SearchAction","target":{"@type":"EntryPoint","urlTemplate":"https:\/\/freiheitskalender.ch\/?s={search_term_string}"},"query-input":{"@type":"PropertyValueSpecification","valueRequired":true,"valueName":"search_term_string"}}],"inLanguage":"it-IT"},{"@type":"Organization","@id":"https:\/\/freiheitskalender.ch\/#organization","name":"Calendario della Libert\u00e0","url":"https:\/\/freiheitskalender.ch\/","logo":{"@type":"ImageObject","inLanguage":"it-IT","@id":"https:\/\/freiheitskalender.ch\/#\/schema\/logo\/image\/","url":"https:\/\/freiheitskalender.ch\/wp-content\/uploads\/2025\/10\/Freiheitskalender-Logo-flach_Logo_NEW_21.10.2025_DE_100PX.png","contentUrl":"https:\/\/freiheitskalender.ch\/wp-content\/uploads\/2025\/10\/Freiheitskalender-Logo-flach_Logo_NEW_21.10.2025_DE_100PX.png","width":1000,"height":340,"caption":"Freiheitskalender"},"image":{"@id":"https:\/\/freiheitskalender.ch\/#\/schema\/logo\/image\/"}}]}},"ticketed":false,"_links":{"self":[{"href":"https:\/\/freiheitskalender.ch\/it\/wp-json\/wp\/v2\/tribe_events\/2718","targetHints":{"allow":["GET"]}}],"collection":[{"href":"https:\/\/freiheitskalender.ch\/it\/wp-json\/wp\/v2\/tribe_events"}],"about":[{"href":"https:\/\/freiheitskalender.ch\/it\/wp-json\/wp\/v2\/types\/tribe_events"}],"author":[{"embeddable":true,"href":"https:\/\/freiheitskalender.ch\/it\/wp-json\/wp\/v2\/users\/4"}],"version-history":[{"count":3,"href":"https:\/\/freiheitskalender.ch\/it\/wp-json\/wp\/v2\/tribe_events\/2718\/revisions"}],"predecessor-version":[{"id":2723,"href":"https:\/\/freiheitskalender.ch\/it\/wp-json\/wp\/v2\/tribe_events\/2718\/revisions\/2723"}],"wp:featuredmedia":[{"embeddable":true,"href":"https:\/\/freiheitskalender.ch\/it\/wp-json\/wp\/v2\/media\/2719"}],"wp:attachment":[{"href":"https:\/\/freiheitskalender.ch\/it\/wp-json\/wp\/v2\/media?parent=2718"}],"wp:term":[{"taxonomy":"post_tag","embeddable":true,"href":"https:\/\/freiheitskalender.ch\/it\/wp-json\/wp\/v2\/tags?post=2718"},{"taxonomy":"tribe_events_cat","embeddable":true,"href":"https:\/\/freiheitskalender.ch\/it\/wp-json\/wp\/v2\/tribe_events_cat?post=2718"}],"curies":[{"name":"wp","href":"https:\/\/api.w.org\/{rel}","templated":true}]}}