{"id":2220,"date":"2025-10-20T09:47:16","date_gmt":"2025-10-20T07:47:16","guid":{"rendered":"https:\/\/freiheitskalender.ch\/?post_type=tribe_events&#038;p=2220"},"modified":"2025-10-20T09:47:16","modified_gmt":"2025-10-20T07:47:16","slug":"was-darf-man-noch-sagen-und-wer-entscheidet-darueber","status":"publish","type":"tribe_events","link":"https:\/\/freiheitskalender.ch\/it\/event\/was-darf-man-noch-sagen-und-wer-entscheidet-darueber\/","title":{"rendered":"Was darf man noch sagen, und wer entscheidet dar\u00fcber?"},"content":{"rendered":"<p>Die Redefreiheit war einst selbstverst\u00e4ndlich. Heute ist sie wieder umk\u00e4mpft. Worte gen\u00fcgen, um Verdacht zu wecken, Verfahren auszul\u00f6sen, Karrieren zu zerst\u00f6ren. Zwei M\u00e4nner, und eine Frau, die dies am eigenen Leib erfahren haben, sprechen an diesem Abend \u00fcber Zensur, Einsch\u00fcchterung und den Mut, trotzdem zu reden. Dieser Anlass findet auf Schweizerdeutsch statt.<\/p>\n<p><strong>Claudio Zanetti<\/strong>, Jurist und SVP-Politiker, wird von der\u00a0<a href=\"https:\/\/www.buendnisredefreiheit.ch\/case\/der-fall-claudio-zanetti-die-diktatur-der-fehlinterpretation\/\">Z\u00fcrcher Staatsanwaltschaft<\/a>\u00a0wegen \u201cDiskriminierung\u201d und \u201cAufruf zu Hass\u201d angeklagt, weil er einen Tweet \u201cretweeted\u201d hat, der\u00a0<a href=\"https:\/\/www.zanetti.ch\/?p=495317\">die Hamas kritisierte<\/a>.<\/p>\n<p><strong>Michael Bubendorf\u00a0<\/strong>wurde von den Beh\u00f6rden des Kantons Basel-Land\u00a0als \u201c<a href=\"https:\/\/www.buendnisredefreiheit.ch\/case\/der-fall-michael-bubendorf-libertaere-ideen-als-psychische-stoerung\/\">Gefahr f\u00fcr den Staat<\/a>\u201d eingestuft, weil er libert\u00e4r denkt und die Covid-Massnahmen kritisiert hat. Man will ihn nun psychiatrisch begutachten, um \u00fcber sein Recht auf Waffenbesitz zu entscheiden. Es ist ein Versuch, politische \u00dcberzeugungen zu pathologisieren.<\/p>\n<p><strong>Pierre Moret<\/strong>\u00a0hat vor Gericht erstritten, dass man die LGBTQ+-Ideologie als \u201cdegeneriert\u201d bezeichnen darf. Auf X ist Frau Pierre Moret unter dem Pseudonym \u201cBarbouille\u201d aktiv, wo sie die Absurdit\u00e4ten der \u201cWoken\u201d kritisiert. Sie schreibt regelm\u00e4ssig Artikel f\u00fcr\u00a0<a href=\"https:\/\/insideparadeplatz.ch\/author\/pmoret\/\">Inside Paradeplatz<\/a>.<\/p>\n<p>Diese drei Stimmen stehen f\u00fcr eine Frage, die uns alle betrifft:<\/p>\n<p><strong>Was darf man noch sagen, und wer entscheidet dar\u00fcber?<\/strong><\/p>\n<p>Das B\u00fcndnis Redefreiheit l\u00e4dt Sie ein zu einem Abend, wo der freie Markt der Ideen gelebt wird. Nach den Beitr\u00e4gen der Redner sind Wortmeldungen aus dem Publikum durchaus erw\u00fcnscht.<\/p>\n<p><strong>Im Anschluss besteht Gelegenheit zum Austausch bei einem Getr\u00e4nk (auf eigene Kosten) im Zunftsaal.<\/strong><\/p>\n<p>Der Anlass findet im Zentrum von Z\u00fcrich im Zunftsaal des Restaurants \u201cZum K\u00f6nigsstuhl\u201d statt;\u00a0<strong>St\u00fcssihofstatt 3, 8001 Z\u00fcrich.<\/strong><\/p>\n<p>F\u00fcr die Durchf\u00fchrung des Anlasses wird ein Unkostenbeitrag von CHF 25 erhoben. Der Betrag kann per Vorkasse oder vor Ort an der Abendkasse (Bar oder Twint) bezahlt werden.<\/p>\n<p>Zeitlicher Ablauf:<\/p>\n<p>\u2013\u00a0\u00a0 \u00a018:30: T\u00fcr\u00f6ffnung.<br \/>\n\u2013\u00a0\u00a0 \u00a019:00: Beginn der Veranstaltung.<\/p>\n<p>Die Redner:<\/p>\n<p><strong>Claudio Zanetti<\/strong>: SVP-Politiker und Jurist. Von 2003 bis 2015 war er Mitglied des Z\u00fcrcher Kantonsrats, von 2015 bis 2019 des Nationalrats. Heute arbeitet er selbstst\u00e4ndig im Bereich Medien- und \u00d6ffentlichkeitsarbeit. Wer sich f\u00fcr klare Analysen und unabh\u00e4ngiges Denken interessiert, dem seien seine Artikel im Nebelspalter besonders empfohlen.<\/p>\n<p><strong>Michael Bubendorf<\/strong>: Unternehmer, Mitinhaber einer Reedereiagentur. W\u00e4hrend der Corona-Krise begann er, sich intensiv mit gesellschaftlichen und wirtschaftlichen Fragen auseinanderzusetzen, was ihn zum Libertarismus f\u00fchrte. Seither engagiert er sich f\u00fcr die Idee der Freiheit, das Selbsteigentums und die freiwillige Kooperation. Er ist verheiratet und Vater von zwei Kindern.<\/p>\n<p><strong>Pierre Moret<\/strong>: Auf X\u00a0<a href=\"https:\/\/x.com\/barbouillech\">als Barbouille<\/a>\u00a0bekannt. Frau Pierre Moret engagiert sich f\u00fcr die freie Rede und bek\u00e4mpft die Institutionalisierung der woken Ideologie in der Verwaltung. Momentan k\u00e4mpft sie heroisch um ihr Recht, als Frau leben und anerkannt werden zu k\u00f6nnen, ohne dabei durch die Beh\u00f6rden diskriminiert zu werden. Ihre Artikel auf\u00a0<a href=\"https:\/\/insideparadeplatz.ch\/author\/pmoret\/\">Inside Paradeplatz<\/a>\u00a0sind \u00e4usserst lesenswert.<\/p>\n<p>&nbsp;<\/p>","protected":false},"excerpt":{"rendered":"<p>Die Redefreiheit war einst selbstverst\u00e4ndlich. Heute ist sie wieder umk\u00e4mpft. Worte gen\u00fcgen, um Verdacht zu wecken, Verfahren auszul\u00f6sen, Karrieren zu zerst\u00f6ren. Zwei M\u00e4nner, und eine Frau, die dies am eigenen [&hellip;]<\/p>\n","protected":false},"author":8,"featured_media":2223,"template":"","meta":{"_price":"","_stock":"","_tribe_ticket_header":"","_tribe_default_ticket_provider":"","_tribe_ticket_capacity":"0","_ticket_start_date":"","_ticket_end_date":"","_tribe_ticket_show_description":"","_tribe_ticket_show_not_going":false,"_tribe_ticket_use_global_stock":"","_tribe_ticket_global_stock_level":"","_global_stock_mode":"","_global_stock_cap":"","_tribe_rsvp_for_event":"","_tribe_ticket_going_count":"","_tribe_ticket_not_going_count":"","_tribe_tickets_list":"[]","_tribe_ticket_has_attendee_info_fields":false,"_tribe_events_status":"","_tribe_events_status_reason":"","_tribe_events_is_hybrid":"","_tribe_events_is_virtual":"","_tribe_events_virtual_video_source":"","_tribe_events_virtual_embed_video":"","_tribe_events_virtual_linked_button_text":"","_tribe_events_virtual_linked_button":"","_tribe_events_virtual_show_embed_at":"","_tribe_events_virtual_show_embed_to":[],"_tribe_events_virtual_show_on_event":"","_tribe_events_virtual_show_on_views":"","_tribe_events_virtual_url":"","footnotes":"","_tec_slr_enabled":"","_tec_slr_layout":""},"tags":[129,130,131,132],"tribe_events_cat":[106],"class_list":["post-2220","tribe_events","type-tribe_events","status-publish","has-post-thumbnail","hentry","tag-buendnis-redefreiheit","tag-claudio-zanetti","tag-michael-bubendorf","tag-pierre-moret","tribe_events_cat-veranstaltung","cat_veranstaltung"],"blocksy_meta":[],"yoast_head":"<!-- This site is optimized with the Yoast SEO plugin v27.5 - https:\/\/yoast.com\/product\/yoast-seo-wordpress\/ -->\n<title>Was darf man noch sagen, und wer entscheidet dar\u00fcber? - Freiheitskalender<\/title>\n<meta name=\"robots\" content=\"index, follow, max-snippet:-1, max-image-preview:large, max-video-preview:-1\" \/>\n<link rel=\"canonical\" href=\"https:\/\/freiheitskalender.ch\/it\/event\/was-darf-man-noch-sagen-und-wer-entscheidet-darueber\/\" \/>\n<meta property=\"og:locale\" content=\"it_IT\" \/>\n<meta property=\"og:type\" content=\"article\" \/>\n<meta property=\"og:title\" content=\"Was darf man noch sagen, und wer entscheidet dar\u00fcber? - Freiheitskalender\" \/>\n<meta property=\"og:description\" content=\"Die Redefreiheit war einst selbstverst\u00e4ndlich. Heute ist sie wieder umk\u00e4mpft. Worte gen\u00fcgen, um Verdacht zu wecken, Verfahren auszul\u00f6sen, Karrieren zu zerst\u00f6ren. Zwei M\u00e4nner, und eine Frau, die dies am eigenen [&hellip;]\" \/>\n<meta property=\"og:url\" content=\"https:\/\/freiheitskalender.ch\/it\/event\/was-darf-man-noch-sagen-und-wer-entscheidet-darueber\/\" \/>\n<meta property=\"og:site_name\" content=\"Freiheitskalender\" \/>\n<meta name=\"twitter:card\" content=\"summary_large_image\" \/>\n<meta name=\"twitter:label1\" content=\"Tempo di lettura stimato\" \/>\n\t<meta name=\"twitter:data1\" content=\"2 minuti\" \/>\n<script type=\"application\/ld+json\" class=\"yoast-schema-graph\">{\"@context\":\"https:\\\/\\\/schema.org\",\"@graph\":[{\"@type\":\"WebPage\",\"@id\":\"https:\\\/\\\/freiheitskalender.ch\\\/event\\\/was-darf-man-noch-sagen-und-wer-entscheidet-darueber\\\/\",\"url\":\"https:\\\/\\\/freiheitskalender.ch\\\/event\\\/was-darf-man-noch-sagen-und-wer-entscheidet-darueber\\\/\",\"name\":\"Was darf man noch sagen, und wer entscheidet dar\u00fcber? - Freiheitskalender\",\"isPartOf\":{\"@id\":\"https:\\\/\\\/freiheitskalender.ch\\\/#website\"},\"primaryImageOfPage\":{\"@id\":\"https:\\\/\\\/freiheitskalender.ch\\\/event\\\/was-darf-man-noch-sagen-und-wer-entscheidet-darueber\\\/#primaryimage\"},\"image\":{\"@id\":\"https:\\\/\\\/freiheitskalender.ch\\\/event\\\/was-darf-man-noch-sagen-und-wer-entscheidet-darueber\\\/#primaryimage\"},\"thumbnailUrl\":\"https:\\\/\\\/freiheitskalender.ch\\\/wp-content\\\/uploads\\\/2025\\\/10\\\/Buendnis-Redefreiheit_11.11.25.png\",\"datePublished\":\"2025-10-20T07:47:16+00:00\",\"breadcrumb\":{\"@id\":\"https:\\\/\\\/freiheitskalender.ch\\\/event\\\/was-darf-man-noch-sagen-und-wer-entscheidet-darueber\\\/#breadcrumb\"},\"inLanguage\":\"it-IT\",\"potentialAction\":[{\"@type\":\"ReadAction\",\"target\":[\"https:\\\/\\\/freiheitskalender.ch\\\/event\\\/was-darf-man-noch-sagen-und-wer-entscheidet-darueber\\\/\"]}]},{\"@type\":\"ImageObject\",\"inLanguage\":\"it-IT\",\"@id\":\"https:\\\/\\\/freiheitskalender.ch\\\/event\\\/was-darf-man-noch-sagen-und-wer-entscheidet-darueber\\\/#primaryimage\",\"url\":\"https:\\\/\\\/freiheitskalender.ch\\\/wp-content\\\/uploads\\\/2025\\\/10\\\/Buendnis-Redefreiheit_11.11.25.png\",\"contentUrl\":\"https:\\\/\\\/freiheitskalender.ch\\\/wp-content\\\/uploads\\\/2025\\\/10\\\/Buendnis-Redefreiheit_11.11.25.png\",\"width\":1568,\"height\":958},{\"@type\":\"BreadcrumbList\",\"@id\":\"https:\\\/\\\/freiheitskalender.ch\\\/event\\\/was-darf-man-noch-sagen-und-wer-entscheidet-darueber\\\/#breadcrumb\",\"itemListElement\":[{\"@type\":\"ListItem\",\"position\":1,\"name\":\"Startseite\",\"item\":\"https:\\\/\\\/freiheitskalender.ch\\\/fr\\\/\"},{\"@type\":\"ListItem\",\"position\":2,\"name\":\"Was darf man noch sagen, und wer entscheidet dar\u00fcber?\"}]},{\"@type\":\"WebSite\",\"@id\":\"https:\\\/\\\/freiheitskalender.ch\\\/#website\",\"url\":\"https:\\\/\\\/freiheitskalender.ch\\\/\",\"name\":\"Freiheitskalender\",\"description\":\"Termine aus der Community\",\"publisher\":{\"@id\":\"https:\\\/\\\/freiheitskalender.ch\\\/#organization\"},\"potentialAction\":[{\"@type\":\"SearchAction\",\"target\":{\"@type\":\"EntryPoint\",\"urlTemplate\":\"https:\\\/\\\/freiheitskalender.ch\\\/?s={search_term_string}\"},\"query-input\":{\"@type\":\"PropertyValueSpecification\",\"valueRequired\":true,\"valueName\":\"search_term_string\"}}],\"inLanguage\":\"it-IT\"},{\"@type\":\"Organization\",\"@id\":\"https:\\\/\\\/freiheitskalender.ch\\\/#organization\",\"name\":\"Freiheitskalender\",\"url\":\"https:\\\/\\\/freiheitskalender.ch\\\/\",\"logo\":{\"@type\":\"ImageObject\",\"inLanguage\":\"it-IT\",\"@id\":\"https:\\\/\\\/freiheitskalender.ch\\\/#\\\/schema\\\/logo\\\/image\\\/\",\"url\":\"https:\\\/\\\/freiheitskalender.ch\\\/wp-content\\\/uploads\\\/2025\\\/10\\\/Freiheitskalender-Logo-flach_Logo_NEW_21.10.2025_DE_100PX.png\",\"contentUrl\":\"https:\\\/\\\/freiheitskalender.ch\\\/wp-content\\\/uploads\\\/2025\\\/10\\\/Freiheitskalender-Logo-flach_Logo_NEW_21.10.2025_DE_100PX.png\",\"width\":1000,\"height\":340,\"caption\":\"Freiheitskalender\"},\"image\":{\"@id\":\"https:\\\/\\\/freiheitskalender.ch\\\/#\\\/schema\\\/logo\\\/image\\\/\"}}]}<\/script>\n<!-- \/ Yoast SEO plugin. -->","yoast_head_json":{"title":"Was darf man noch sagen, und wer entscheidet dar\u00fcber? - Freiheitskalender","robots":{"index":"index","follow":"follow","max-snippet":"max-snippet:-1","max-image-preview":"max-image-preview:large","max-video-preview":"max-video-preview:-1"},"canonical":"https:\/\/freiheitskalender.ch\/it\/event\/was-darf-man-noch-sagen-und-wer-entscheidet-darueber\/","og_locale":"it_IT","og_type":"article","og_title":"Was darf man noch sagen, und wer entscheidet dar\u00fcber? - Freiheitskalender","og_description":"Die Redefreiheit war einst selbstverst\u00e4ndlich. Heute ist sie wieder umk\u00e4mpft. Worte gen\u00fcgen, um Verdacht zu wecken, Verfahren auszul\u00f6sen, Karrieren zu zerst\u00f6ren. Zwei M\u00e4nner, und eine Frau, die dies am eigenen [&hellip;]","og_url":"https:\/\/freiheitskalender.ch\/it\/event\/was-darf-man-noch-sagen-und-wer-entscheidet-darueber\/","og_site_name":"Freiheitskalender","twitter_card":"summary_large_image","twitter_misc":{"Tempo di lettura stimato":"2 minuti"},"schema":{"@context":"https:\/\/schema.org","@graph":[{"@type":"WebPage","@id":"https:\/\/freiheitskalender.ch\/event\/was-darf-man-noch-sagen-und-wer-entscheidet-darueber\/","url":"https:\/\/freiheitskalender.ch\/event\/was-darf-man-noch-sagen-und-wer-entscheidet-darueber\/","name":"Was darf man noch sagen, und wer entscheidet dar\u00fcber? - Freiheitskalender","isPartOf":{"@id":"https:\/\/freiheitskalender.ch\/#website"},"primaryImageOfPage":{"@id":"https:\/\/freiheitskalender.ch\/event\/was-darf-man-noch-sagen-und-wer-entscheidet-darueber\/#primaryimage"},"image":{"@id":"https:\/\/freiheitskalender.ch\/event\/was-darf-man-noch-sagen-und-wer-entscheidet-darueber\/#primaryimage"},"thumbnailUrl":"https:\/\/freiheitskalender.ch\/wp-content\/uploads\/2025\/10\/Buendnis-Redefreiheit_11.11.25.png","datePublished":"2025-10-20T07:47:16+00:00","breadcrumb":{"@id":"https:\/\/freiheitskalender.ch\/event\/was-darf-man-noch-sagen-und-wer-entscheidet-darueber\/#breadcrumb"},"inLanguage":"it-IT","potentialAction":[{"@type":"ReadAction","target":["https:\/\/freiheitskalender.ch\/event\/was-darf-man-noch-sagen-und-wer-entscheidet-darueber\/"]}]},{"@type":"ImageObject","inLanguage":"it-IT","@id":"https:\/\/freiheitskalender.ch\/event\/was-darf-man-noch-sagen-und-wer-entscheidet-darueber\/#primaryimage","url":"https:\/\/freiheitskalender.ch\/wp-content\/uploads\/2025\/10\/Buendnis-Redefreiheit_11.11.25.png","contentUrl":"https:\/\/freiheitskalender.ch\/wp-content\/uploads\/2025\/10\/Buendnis-Redefreiheit_11.11.25.png","width":1568,"height":958},{"@type":"BreadcrumbList","@id":"https:\/\/freiheitskalender.ch\/event\/was-darf-man-noch-sagen-und-wer-entscheidet-darueber\/#breadcrumb","itemListElement":[{"@type":"ListItem","position":1,"name":"Startseite","item":"https:\/\/freiheitskalender.ch\/fr\/"},{"@type":"ListItem","position":2,"name":"Was darf man noch sagen, und wer entscheidet dar\u00fcber?"}]},{"@type":"WebSite","@id":"https:\/\/freiheitskalender.ch\/#website","url":"https:\/\/freiheitskalender.ch\/","name":"Calendario della Libert\u00e0","description":"Termine aus der Community","publisher":{"@id":"https:\/\/freiheitskalender.ch\/#organization"},"potentialAction":[{"@type":"SearchAction","target":{"@type":"EntryPoint","urlTemplate":"https:\/\/freiheitskalender.ch\/?s={search_term_string}"},"query-input":{"@type":"PropertyValueSpecification","valueRequired":true,"valueName":"search_term_string"}}],"inLanguage":"it-IT"},{"@type":"Organization","@id":"https:\/\/freiheitskalender.ch\/#organization","name":"Calendario della Libert\u00e0","url":"https:\/\/freiheitskalender.ch\/","logo":{"@type":"ImageObject","inLanguage":"it-IT","@id":"https:\/\/freiheitskalender.ch\/#\/schema\/logo\/image\/","url":"https:\/\/freiheitskalender.ch\/wp-content\/uploads\/2025\/10\/Freiheitskalender-Logo-flach_Logo_NEW_21.10.2025_DE_100PX.png","contentUrl":"https:\/\/freiheitskalender.ch\/wp-content\/uploads\/2025\/10\/Freiheitskalender-Logo-flach_Logo_NEW_21.10.2025_DE_100PX.png","width":1000,"height":340,"caption":"Freiheitskalender"},"image":{"@id":"https:\/\/freiheitskalender.ch\/#\/schema\/logo\/image\/"}}]}},"ticketed":false,"_links":{"self":[{"href":"https:\/\/freiheitskalender.ch\/it\/wp-json\/wp\/v2\/tribe_events\/2220","targetHints":{"allow":["GET"]}}],"collection":[{"href":"https:\/\/freiheitskalender.ch\/it\/wp-json\/wp\/v2\/tribe_events"}],"about":[{"href":"https:\/\/freiheitskalender.ch\/it\/wp-json\/wp\/v2\/types\/tribe_events"}],"author":[{"embeddable":true,"href":"https:\/\/freiheitskalender.ch\/it\/wp-json\/wp\/v2\/users\/8"}],"version-history":[{"count":1,"href":"https:\/\/freiheitskalender.ch\/it\/wp-json\/wp\/v2\/tribe_events\/2220\/revisions"}],"predecessor-version":[{"id":2222,"href":"https:\/\/freiheitskalender.ch\/it\/wp-json\/wp\/v2\/tribe_events\/2220\/revisions\/2222"}],"wp:featuredmedia":[{"embeddable":true,"href":"https:\/\/freiheitskalender.ch\/it\/wp-json\/wp\/v2\/media\/2223"}],"wp:attachment":[{"href":"https:\/\/freiheitskalender.ch\/it\/wp-json\/wp\/v2\/media?parent=2220"}],"wp:term":[{"taxonomy":"post_tag","embeddable":true,"href":"https:\/\/freiheitskalender.ch\/it\/wp-json\/wp\/v2\/tags?post=2220"},{"taxonomy":"tribe_events_cat","embeddable":true,"href":"https:\/\/freiheitskalender.ch\/it\/wp-json\/wp\/v2\/tribe_events_cat?post=2220"}],"curies":[{"name":"wp","href":"https:\/\/api.w.org\/{rel}","templated":true}]}}