{"id":4279,"date":"2026-04-28T20:47:56","date_gmt":"2026-04-28T18:47:56","guid":{"rendered":"https:\/\/freiheitskalender.ch\/?post_type=tribe_events&#038;p=4279"},"modified":"2026-04-28T20:47:56","modified_gmt":"2026-04-28T18:47:56","slug":"%e2%80%bc%ef%b8%8f-friedenslauf-freiburg-i-br-de-%e2%80%bc%ef%b8%8f","status":"publish","type":"tribe_events","link":"https:\/\/freiheitskalender.ch\/fr\/event\/%e2%80%bc%ef%b8%8f-friedenslauf-freiburg-i-br-de-%e2%80%bc%ef%b8%8f\/","title":{"rendered":"\u203c\ufe0f FRIEDENSLAUF &#8211; Freiburg i. Br. (DE) \u203c\ufe0f"},"content":{"rendered":"<p><strong>FRIEDENSLAUF durch die Innenstadt in Freiburg i. Br. (DE)<\/strong><br \/>\n&#8211; F\u00fcr FRIEDEN \u203c\ufe0f<br \/>\n&#8211; F\u00fcr freie Meinungs\u00e4u\u00dferung \u203c\ufe0f<br \/>\n&#8211; F\u00fcr Bargelderhalt \u203c\ufe0f<br \/>\n&#8211; F\u00fcr Corona-Aufarbeitung \u203c\ufe0f<br \/>\n&#8211; Politik f\u00fcr das eigene Volk \u203c\ufe0f<br \/>\n&#8211; Kein Geld f\u00fcr Krieg \u203c\ufe0f<br \/>\n&#8211; Diplomatie statt Soldaten \u203c\ufe0f<br \/>\n&#8211; Raus aus der NATO \u203c\ufe0f<br \/>\n&#8211; Keine WHO-Zwangsmassnhamen \u203c\ufe0f<br \/>\n&#8211; Raus aus der WHO \u203c\ufe0f<\/p>\n<p>Kommt zahlreich und bringt gute Laune, Plakate und Freunde mit.<\/p>\n<p>\u203c\ufe0f Gemeinschaft st\u00e4rken \u203c\ufe0f<\/p>\n<p>&#8222;<strong>WIR GEMEINSAM<\/strong>&#8222;:<br \/>\n&#8211; FreiseinFreiburg (<a href=\"https:\/\/t.me\/FreiSeinFreiburg\">https:\/\/t.me\/FreiSeinFreiburg<\/a>)<br \/>\n&#8211; FreieFriedensaktivistenFreiburg (<a href=\"http:\/\/t.me\/FreieFriedensaktivistenFreiburg\">http:\/\/t.me\/FreieFriedensaktivistenFreiburg<\/a>)<br \/>\n&#8211; Stauf-Freiburg (<a href=\"http:\/\/t.me\/stauffreiburg\">http:\/\/t.me\/stauffreiburg<\/a>)<br \/>\n&#8211; MahnwacheFreiburg (<a href=\"https:\/\/t.me\/ehcawnham\">https:\/\/t.me\/ehcawnham<\/a>)<br \/>\n&#8211; Freiburger-Autokorso (<a href=\"https:\/\/t.me\/Autokorsofreiburg\">https:\/\/t.me\/Autokorsofreiburg<\/a>)<\/p>\n<p>B\u00fcrger f\u00fcr Frieden, Freiheit, Menschlichkeit und Vernunft.<\/p>\n<p><strong>Datum<\/strong>: Samstag, 2. Mai 2026<\/p>\n<p><strong>Start<\/strong>: 14:00 Uhr<\/p>\n<p><strong>Ende<\/strong>: 16:00 Uhr<\/p>\n<p><strong>Treffpunkt<\/strong>:<br \/>\nAm Konzerthaus gegen\u00fcber Hauptbahnhof Freiburg i. Br. (DE)<\/p>","protected":false},"excerpt":{"rendered":"<p>FRIEDENSLAUF durch die Innenstadt in Freiburg i. Br. (DE) &#8211; F\u00fcr FRIEDEN \u203c\ufe0f &#8211; F\u00fcr freie Meinungs\u00e4u\u00dferung \u203c\ufe0f &#8211; F\u00fcr Bargelderhalt \u203c\ufe0f &#8211; F\u00fcr Corona-Aufarbeitung \u203c\ufe0f &#8211; Politik f\u00fcr das [&hellip;]<\/p>\n","protected":false},"author":17,"featured_media":0,"template":"","meta":{"_price":"","_stock":"","_tribe_ticket_header":"","_tribe_default_ticket_provider":"","_tribe_ticket_capacity":"0","_ticket_start_date":"","_ticket_end_date":"","_tribe_ticket_show_description":"","_tribe_ticket_show_not_going":false,"_tribe_ticket_use_global_stock":"","_tribe_ticket_global_stock_level":"","_global_stock_mode":"","_global_stock_cap":"","_tribe_rsvp_for_event":"","_tribe_ticket_going_count":"","_tribe_ticket_not_going_count":"","_tribe_tickets_list":"[]","_tribe_ticket_has_attendee_info_fields":false,"_tribe_events_status":"","_tribe_events_status_reason":"","_tribe_events_is_hybrid":"","_tribe_events_is_virtual":"","_tribe_events_virtual_video_source":"","_tribe_events_virtual_embed_video":"","_tribe_events_virtual_linked_button_text":"","_tribe_events_virtual_linked_button":"","_tribe_events_virtual_show_embed_at":"","_tribe_events_virtual_show_embed_to":[],"_tribe_events_virtual_show_on_event":"","_tribe_events_virtual_show_on_views":"","_tribe_events_virtual_url":"","footnotes":"","_tec_slr_enabled":"","_tec_slr_layout":""},"tags":[23,66,37,67,88,142,171,184,38,43,80,169,104,47,24],"tribe_events_cat":[173,8,115],"class_list":["post-4279","tribe_events","type-tribe_events","status-publish","hentry","tag-aufklaerung","tag-corona","tag-coronakrise","tag-coronapolitik","tag-demokratie","tag-geopolitisch","tag-koerperliche-unversehrtheit","tag-kriegspropaganda","tag-mrna-impfung","tag-nato","tag-politisch","tag-selbstbestimmung","tag-weltfrieden","tag-who","tag-widerstand","tribe_events_cat-buerger-fuer-buerger","tribe_events_cat-demo","tribe_events_cat-gespraeche","cat_buerger-fuer-buerger","cat_demo","cat_gespraeche"],"blocksy_meta":[],"yoast_head":"<!-- This site is optimized with the Yoast SEO plugin v27.5 - https:\/\/yoast.com\/product\/yoast-seo-wordpress\/ -->\n<title>\u203c\ufe0f FRIEDENSLAUF - Freiburg i. Br. (DE) \u203c\ufe0f - Freiheitskalender<\/title>\n<meta name=\"robots\" content=\"index, follow, max-snippet:-1, max-image-preview:large, max-video-preview:-1\" \/>\n<link rel=\"canonical\" href=\"https:\/\/freiheitskalender.ch\/fr\/event\/\u203c\ufe0f-friedenslauf-freiburg-i-br-de-\u203c\ufe0f\/\" \/>\n<meta property=\"og:locale\" content=\"fr_FR\" \/>\n<meta property=\"og:type\" content=\"article\" \/>\n<meta property=\"og:title\" content=\"\u203c\ufe0f FRIEDENSLAUF - Freiburg i. Br. (DE) \u203c\ufe0f - Freiheitskalender\" \/>\n<meta property=\"og:description\" content=\"FRIEDENSLAUF durch die Innenstadt in Freiburg i. Br. (DE) &#8211; F\u00fcr FRIEDEN \u203c\ufe0f &#8211; F\u00fcr freie Meinungs\u00e4u\u00dferung \u203c\ufe0f &#8211; F\u00fcr Bargelderhalt \u203c\ufe0f &#8211; F\u00fcr Corona-Aufarbeitung \u203c\ufe0f &#8211; Politik f\u00fcr das [&hellip;]\" \/>\n<meta property=\"og:url\" content=\"https:\/\/freiheitskalender.ch\/fr\/event\/\u203c\ufe0f-friedenslauf-freiburg-i-br-de-\u203c\ufe0f\/\" \/>\n<meta property=\"og:site_name\" content=\"Freiheitskalender\" \/>\n<meta name=\"twitter:card\" content=\"summary_large_image\" \/>\n<meta name=\"twitter:label1\" content=\"Dur\u00e9e de lecture estim\u00e9e\" \/>\n\t<meta name=\"twitter:data1\" content=\"1 minute\" \/>\n<script type=\"application\/ld+json\" class=\"yoast-schema-graph\">{\"@context\":\"https:\\\/\\\/schema.org\",\"@graph\":[{\"@type\":\"WebPage\",\"@id\":\"https:\\\/\\\/freiheitskalender.ch\\\/event\\\/%e2%80%bc%ef%b8%8f-friedenslauf-freiburg-i-br-de-%e2%80%bc%ef%b8%8f\\\/\",\"url\":\"https:\\\/\\\/freiheitskalender.ch\\\/event\\\/%e2%80%bc%ef%b8%8f-friedenslauf-freiburg-i-br-de-%e2%80%bc%ef%b8%8f\\\/\",\"name\":\"\u203c\ufe0f FRIEDENSLAUF - Freiburg i. Br. (DE) \u203c\ufe0f - Freiheitskalender\",\"isPartOf\":{\"@id\":\"https:\\\/\\\/freiheitskalender.ch\\\/#website\"},\"datePublished\":\"2026-04-28T18:47:56+00:00\",\"breadcrumb\":{\"@id\":\"https:\\\/\\\/freiheitskalender.ch\\\/event\\\/%e2%80%bc%ef%b8%8f-friedenslauf-freiburg-i-br-de-%e2%80%bc%ef%b8%8f\\\/#breadcrumb\"},\"inLanguage\":\"fr-FR\",\"potentialAction\":[{\"@type\":\"ReadAction\",\"target\":[\"https:\\\/\\\/freiheitskalender.ch\\\/event\\\/%e2%80%bc%ef%b8%8f-friedenslauf-freiburg-i-br-de-%e2%80%bc%ef%b8%8f\\\/\"]}]},{\"@type\":\"BreadcrumbList\",\"@id\":\"https:\\\/\\\/freiheitskalender.ch\\\/event\\\/%e2%80%bc%ef%b8%8f-friedenslauf-freiburg-i-br-de-%e2%80%bc%ef%b8%8f\\\/#breadcrumb\",\"itemListElement\":[{\"@type\":\"ListItem\",\"position\":1,\"name\":\"Startseite\",\"item\":\"https:\\\/\\\/freiheitskalender.ch\\\/fr\\\/\"},{\"@type\":\"ListItem\",\"position\":2,\"name\":\"\u203c\ufe0f FRIEDENSLAUF &#8211; Freiburg i. Br. (DE) \u203c\ufe0f\"}]},{\"@type\":\"WebSite\",\"@id\":\"https:\\\/\\\/freiheitskalender.ch\\\/#website\",\"url\":\"https:\\\/\\\/freiheitskalender.ch\\\/\",\"name\":\"Freiheitskalender\",\"description\":\"Termine aus der Community\",\"publisher\":{\"@id\":\"https:\\\/\\\/freiheitskalender.ch\\\/#organization\"},\"potentialAction\":[{\"@type\":\"SearchAction\",\"target\":{\"@type\":\"EntryPoint\",\"urlTemplate\":\"https:\\\/\\\/freiheitskalender.ch\\\/?s={search_term_string}\"},\"query-input\":{\"@type\":\"PropertyValueSpecification\",\"valueRequired\":true,\"valueName\":\"search_term_string\"}}],\"inLanguage\":\"fr-FR\"},{\"@type\":\"Organization\",\"@id\":\"https:\\\/\\\/freiheitskalender.ch\\\/#organization\",\"name\":\"Freiheitskalender\",\"url\":\"https:\\\/\\\/freiheitskalender.ch\\\/\",\"logo\":{\"@type\":\"ImageObject\",\"inLanguage\":\"fr-FR\",\"@id\":\"https:\\\/\\\/freiheitskalender.ch\\\/#\\\/schema\\\/logo\\\/image\\\/\",\"url\":\"https:\\\/\\\/freiheitskalender.ch\\\/wp-content\\\/uploads\\\/2025\\\/10\\\/Freiheitskalender-Logo-flach_Logo_NEW_21.10.2025_DE_100PX.png\",\"contentUrl\":\"https:\\\/\\\/freiheitskalender.ch\\\/wp-content\\\/uploads\\\/2025\\\/10\\\/Freiheitskalender-Logo-flach_Logo_NEW_21.10.2025_DE_100PX.png\",\"width\":1000,\"height\":340,\"caption\":\"Freiheitskalender\"},\"image\":{\"@id\":\"https:\\\/\\\/freiheitskalender.ch\\\/#\\\/schema\\\/logo\\\/image\\\/\"}}]}<\/script>\n<!-- \/ Yoast SEO plugin. -->","yoast_head_json":{"title":"\u203c\ufe0f FRIEDENSLAUF - Freiburg i. Br. (DE) \u203c\ufe0f - Freiheitskalender","robots":{"index":"index","follow":"follow","max-snippet":"max-snippet:-1","max-image-preview":"max-image-preview:large","max-video-preview":"max-video-preview:-1"},"canonical":"https:\/\/freiheitskalender.ch\/fr\/event\/\u203c\ufe0f-friedenslauf-freiburg-i-br-de-\u203c\ufe0f\/","og_locale":"fr_FR","og_type":"article","og_title":"\u203c\ufe0f FRIEDENSLAUF - Freiburg i. Br. (DE) \u203c\ufe0f - Freiheitskalender","og_description":"FRIEDENSLAUF durch die Innenstadt in Freiburg i. Br. (DE) &#8211; F\u00fcr FRIEDEN \u203c\ufe0f &#8211; F\u00fcr freie Meinungs\u00e4u\u00dferung \u203c\ufe0f &#8211; F\u00fcr Bargelderhalt \u203c\ufe0f &#8211; F\u00fcr Corona-Aufarbeitung \u203c\ufe0f &#8211; Politik f\u00fcr das [&hellip;]","og_url":"https:\/\/freiheitskalender.ch\/fr\/event\/\u203c\ufe0f-friedenslauf-freiburg-i-br-de-\u203c\ufe0f\/","og_site_name":"Freiheitskalender","twitter_card":"summary_large_image","twitter_misc":{"Dur\u00e9e de lecture estim\u00e9e":"1 minute"},"schema":{"@context":"https:\/\/schema.org","@graph":[{"@type":"WebPage","@id":"https:\/\/freiheitskalender.ch\/event\/%e2%80%bc%ef%b8%8f-friedenslauf-freiburg-i-br-de-%e2%80%bc%ef%b8%8f\/","url":"https:\/\/freiheitskalender.ch\/event\/%e2%80%bc%ef%b8%8f-friedenslauf-freiburg-i-br-de-%e2%80%bc%ef%b8%8f\/","name":"\u203c\ufe0f FRIEDENSLAUF - Freiburg i. Br. (DE) \u203c\ufe0f - Freiheitskalender","isPartOf":{"@id":"https:\/\/freiheitskalender.ch\/#website"},"datePublished":"2026-04-28T18:47:56+00:00","breadcrumb":{"@id":"https:\/\/freiheitskalender.ch\/event\/%e2%80%bc%ef%b8%8f-friedenslauf-freiburg-i-br-de-%e2%80%bc%ef%b8%8f\/#breadcrumb"},"inLanguage":"fr-FR","potentialAction":[{"@type":"ReadAction","target":["https:\/\/freiheitskalender.ch\/event\/%e2%80%bc%ef%b8%8f-friedenslauf-freiburg-i-br-de-%e2%80%bc%ef%b8%8f\/"]}]},{"@type":"BreadcrumbList","@id":"https:\/\/freiheitskalender.ch\/event\/%e2%80%bc%ef%b8%8f-friedenslauf-freiburg-i-br-de-%e2%80%bc%ef%b8%8f\/#breadcrumb","itemListElement":[{"@type":"ListItem","position":1,"name":"Startseite","item":"https:\/\/freiheitskalender.ch\/fr\/"},{"@type":"ListItem","position":2,"name":"\u203c\ufe0f FRIEDENSLAUF &#8211; Freiburg i. Br. (DE) \u203c\ufe0f"}]},{"@type":"WebSite","@id":"https:\/\/freiheitskalender.ch\/#website","url":"https:\/\/freiheitskalender.ch\/","name":"Calendrier de la Libert\u00e9","description":"Termine aus der Community","publisher":{"@id":"https:\/\/freiheitskalender.ch\/#organization"},"potentialAction":[{"@type":"SearchAction","target":{"@type":"EntryPoint","urlTemplate":"https:\/\/freiheitskalender.ch\/?s={search_term_string}"},"query-input":{"@type":"PropertyValueSpecification","valueRequired":true,"valueName":"search_term_string"}}],"inLanguage":"fr-FR"},{"@type":"Organization","@id":"https:\/\/freiheitskalender.ch\/#organization","name":"Calendrier de la Libert\u00e9","url":"https:\/\/freiheitskalender.ch\/","logo":{"@type":"ImageObject","inLanguage":"fr-FR","@id":"https:\/\/freiheitskalender.ch\/#\/schema\/logo\/image\/","url":"https:\/\/freiheitskalender.ch\/wp-content\/uploads\/2025\/10\/Freiheitskalender-Logo-flach_Logo_NEW_21.10.2025_DE_100PX.png","contentUrl":"https:\/\/freiheitskalender.ch\/wp-content\/uploads\/2025\/10\/Freiheitskalender-Logo-flach_Logo_NEW_21.10.2025_DE_100PX.png","width":1000,"height":340,"caption":"Freiheitskalender"},"image":{"@id":"https:\/\/freiheitskalender.ch\/#\/schema\/logo\/image\/"}}]}},"ticketed":false,"_links":{"self":[{"href":"https:\/\/freiheitskalender.ch\/fr\/wp-json\/wp\/v2\/tribe_events\/4279","targetHints":{"allow":["GET"]}}],"collection":[{"href":"https:\/\/freiheitskalender.ch\/fr\/wp-json\/wp\/v2\/tribe_events"}],"about":[{"href":"https:\/\/freiheitskalender.ch\/fr\/wp-json\/wp\/v2\/types\/tribe_events"}],"author":[{"embeddable":true,"href":"https:\/\/freiheitskalender.ch\/fr\/wp-json\/wp\/v2\/users\/17"}],"version-history":[{"count":1,"href":"https:\/\/freiheitskalender.ch\/fr\/wp-json\/wp\/v2\/tribe_events\/4279\/revisions"}],"predecessor-version":[{"id":4281,"href":"https:\/\/freiheitskalender.ch\/fr\/wp-json\/wp\/v2\/tribe_events\/4279\/revisions\/4281"}],"wp:attachment":[{"href":"https:\/\/freiheitskalender.ch\/fr\/wp-json\/wp\/v2\/media?parent=4279"}],"wp:term":[{"taxonomy":"post_tag","embeddable":true,"href":"https:\/\/freiheitskalender.ch\/fr\/wp-json\/wp\/v2\/tags?post=4279"},{"taxonomy":"tribe_events_cat","embeddable":true,"href":"https:\/\/freiheitskalender.ch\/fr\/wp-json\/wp\/v2\/tribe_events_cat?post=4279"}],"curies":[{"name":"wp","href":"https:\/\/api.w.org\/{rel}","templated":true}]}}