{"id":4140,"date":"2026-04-15T18:28:04","date_gmt":"2026-04-15T16:28:04","guid":{"rendered":"https:\/\/freiheitskalender.ch\/?post_type=tribe_events&#038;p=4140"},"modified":"2026-04-21T16:49:41","modified_gmt":"2026-04-21T14:49:41","slug":"mitgliederversammlung-fdv-2026","status":"publish","type":"tribe_events","link":"https:\/\/freiheitskalender.ch\/fr\/event\/mitgliederversammlung-fdv-2026\/","title":{"rendered":"Assembl\u00e9e g\u00e9n\u00e9rale AdC"},"content":{"rendered":"<h2>Assembl\u00e9e g\u00e9n\u00e9rale annuelle \u2013 Amis de la Constitution<\/h2>\n<p><strong>Lorzensaal in Cham<br \/>\nSamedi 27 juin 2026<br \/>\n<\/strong>avec d\u00eener et soir\u00e9e th\u00e9\u00e2tre<\/p>\n<hr \/>\n<p>Cet \u00e9v\u00e9nement est exclusivement r\u00e9serv\u00e9 aux membres des Amis de la Constitution. Une inscription est requise pour y participer.<\/p>\n<p><strong>Pas encore membre ?<\/strong> Rejoignez-nous maintenant et devenez membre de notre communaut\u00e9 ! <a href=\"https:\/\/verfassungsfreunde.ch\/fr\/participer\/#mitglied-werden\" target=\"_blank\" rel=\"noopener\">ICI<\/a><\/p>\n<hr \/>\n<h3 data-section-id=\"fb6snh\" data-start=\"520\" data-end=\"533\"><span role=\"text\"><strong data-start=\"523\" data-end=\"533\">Programme<\/strong><\/span><\/h3>\n<p data-start=\"535\" data-end=\"557\"><strong data-start=\"535\" data-end=\"544\">15:00<\/strong><br data-start=\"544\" data-end=\"547\" \/>Ouverture des portes<\/p>\n<p data-start=\"559\" data-end=\"617\"><strong data-start=\"559\" data-end=\"576\">16:00 \u2013 18:00<\/strong><br data-start=\"576\" data-end=\"579\" \/>Assembl\u00e9e g\u00e9n\u00e9rale ordinaire 2026<\/p>\n<p data-start=\"619\" data-end=\"652\"><strong data-start=\"619\" data-end=\"636\">18:00 \u2013 19:00<\/strong><br data-start=\"636\" data-end=\"639\" \/>Pause \/ ap\u00e9ritif<\/p>\n<p data-start=\"654\" data-end=\"696\"><strong data-start=\"654\" data-end=\"671\">19:00 \u2013 20:00<\/strong><br data-start=\"671\" data-end=\"674\" \/>Gemeinsames Abendessen<\/p>\n<p data-start=\"698\" data-end=\"717\"><strong data-start=\"698\" data-end=\"707\">20:00<\/strong><br data-start=\"707\" data-end=\"710\" \/>Th\u00e9\u00e2tre<br \/>\n<em>\u00ab Der Richter und sein Bauer \u00bb \u2013 pi\u00e8ce de th\u00e9\u00e2tre comique de Thomas Br\u00e4ndle et Thomas B\u00fchlmann. L\u2019histoire se d\u00e9roule dans une salle d\u2019audience suisse, avec un juge strict et intelligent et un paysan qui se fait passer pour plus na\u00eff qu\u2019il ne l\u2019est r\u00e9ellement.<\/em><\/p>","protected":false},"excerpt":{"rendered":"<p>Allj\u00e4hrliche Mitgliederversammlung \u2013 Freunde der Verfassung Lorzensaal in Cham Samstag, 27. Juni 2026 mit anschliessendem Abendessen und Theater Diese Veranstaltung ist ausschliesslich f\u00fcr Mitglieder der Freunde der Verfassung. Eine Anmeldung [&hellip;]<\/p>\n","protected":false},"author":4,"featured_media":835,"template":"","meta":{"_price":"","_stock":"","_tribe_ticket_header":"","_tribe_default_ticket_provider":"TEC\\Tickets\\Commerce\\Module","_tribe_ticket_capacity":"0","_ticket_start_date":"","_ticket_end_date":"","_tribe_ticket_show_description":"","_tribe_ticket_show_not_going":false,"_tribe_ticket_use_global_stock":"","_tribe_ticket_global_stock_level":"","_global_stock_mode":"","_global_stock_cap":"","_tribe_rsvp_for_event":"","_tribe_ticket_going_count":"","_tribe_ticket_not_going_count":"","_tribe_tickets_list":"[]","_tribe_ticket_has_attendee_info_fields":false,"_tribe_events_status":"","_tribe_events_status_reason":"","_tribe_events_is_hybrid":"","_tribe_events_is_virtual":"","_tribe_events_virtual_video_source":"","_tribe_events_virtual_embed_video":"","_tribe_events_virtual_linked_button_text":"","_tribe_events_virtual_linked_button":"","_tribe_events_virtual_show_embed_at":"","_tribe_events_virtual_show_embed_to":[],"_tribe_events_virtual_show_on_event":"","_tribe_events_virtual_show_on_views":"","_tribe_events_virtual_url":"","footnotes":"","_tec_slr_enabled":"","_tec_slr_layout":""},"tags":[],"tribe_events_cat":[70],"class_list":["post-4140","tribe_events","type-tribe_events","status-publish","has-post-thumbnail","hentry","tribe_events_cat-mitgliederversammlung-gv","cat_mitgliederversammlung-gv"],"blocksy_meta":[],"yoast_head":"<!-- This site is optimized with the Yoast SEO plugin v27.4 - https:\/\/yoast.com\/product\/yoast-seo-wordpress\/ -->\n<title>Mitgliederversammlung FdV - Freiheitskalender<\/title>\n<meta name=\"robots\" content=\"index, follow, max-snippet:-1, max-image-preview:large, max-video-preview:-1\" \/>\n<link rel=\"canonical\" href=\"https:\/\/freiheitskalender.ch\/fr\/event\/mitgliederversammlung-fdv-2026\/\" \/>\n<meta property=\"og:locale\" content=\"fr_FR\" \/>\n<meta property=\"og:type\" content=\"article\" \/>\n<meta property=\"og:title\" content=\"Mitgliederversammlung FdV - Freiheitskalender\" \/>\n<meta property=\"og:description\" content=\"Allj\u00e4hrliche Mitgliederversammlung \u2013 Freunde der Verfassung Lorzensaal in Cham Samstag, 27. Juni 2026 mit anschliessendem Abendessen und Theater Diese Veranstaltung ist ausschliesslich f\u00fcr Mitglieder der Freunde der Verfassung. Eine Anmeldung [&hellip;]\" \/>\n<meta property=\"og:url\" content=\"https:\/\/freiheitskalender.ch\/fr\/event\/mitgliederversammlung-fdv-2026\/\" \/>\n<meta property=\"og:site_name\" content=\"Freiheitskalender\" \/>\n<meta property=\"article:modified_time\" content=\"2026-04-21T14:49:41+00:00\" \/>\n<meta property=\"og:image\" content=\"https:\/\/freiheitskalender.ch\/wp-content\/uploads\/2025\/03\/Screenshot-2025-03-05-131503.png\" \/>\n\t<meta property=\"og:image:width\" content=\"850\" \/>\n\t<meta property=\"og:image:height\" content=\"388\" \/>\n\t<meta property=\"og:image:type\" content=\"image\/png\" \/>\n<meta name=\"twitter:card\" content=\"summary_large_image\" \/>\n<meta name=\"twitter:label1\" content=\"Dur\u00e9e de lecture estim\u00e9e\" \/>\n\t<meta name=\"twitter:data1\" content=\"1 minute\" \/>\n<script type=\"application\/ld+json\" class=\"yoast-schema-graph\">{\"@context\":\"https:\\\/\\\/schema.org\",\"@graph\":[{\"@type\":\"WebPage\",\"@id\":\"https:\\\/\\\/freiheitskalender.ch\\\/event\\\/mitgliederversammlung-fdv-2026\\\/\",\"url\":\"https:\\\/\\\/freiheitskalender.ch\\\/event\\\/mitgliederversammlung-fdv-2026\\\/\",\"name\":\"Mitgliederversammlung FdV - Freiheitskalender\",\"isPartOf\":{\"@id\":\"https:\\\/\\\/freiheitskalender.ch\\\/#website\"},\"primaryImageOfPage\":{\"@id\":\"https:\\\/\\\/freiheitskalender.ch\\\/event\\\/mitgliederversammlung-fdv-2026\\\/#primaryimage\"},\"image\":{\"@id\":\"https:\\\/\\\/freiheitskalender.ch\\\/event\\\/mitgliederversammlung-fdv-2026\\\/#primaryimage\"},\"thumbnailUrl\":\"https:\\\/\\\/freiheitskalender.ch\\\/wp-content\\\/uploads\\\/2025\\\/03\\\/Screenshot-2025-03-05-131503.png\",\"datePublished\":\"2026-04-15T16:28:04+00:00\",\"dateModified\":\"2026-04-21T14:49:41+00:00\",\"breadcrumb\":{\"@id\":\"https:\\\/\\\/freiheitskalender.ch\\\/event\\\/mitgliederversammlung-fdv-2026\\\/#breadcrumb\"},\"inLanguage\":\"fr-FR\",\"potentialAction\":[{\"@type\":\"ReadAction\",\"target\":[\"https:\\\/\\\/freiheitskalender.ch\\\/event\\\/mitgliederversammlung-fdv-2026\\\/\"]}]},{\"@type\":\"ImageObject\",\"inLanguage\":\"fr-FR\",\"@id\":\"https:\\\/\\\/freiheitskalender.ch\\\/event\\\/mitgliederversammlung-fdv-2026\\\/#primaryimage\",\"url\":\"https:\\\/\\\/freiheitskalender.ch\\\/wp-content\\\/uploads\\\/2025\\\/03\\\/Screenshot-2025-03-05-131503.png\",\"contentUrl\":\"https:\\\/\\\/freiheitskalender.ch\\\/wp-content\\\/uploads\\\/2025\\\/03\\\/Screenshot-2025-03-05-131503.png\",\"width\":850,\"height\":388},{\"@type\":\"BreadcrumbList\",\"@id\":\"https:\\\/\\\/freiheitskalender.ch\\\/event\\\/mitgliederversammlung-fdv-2026\\\/#breadcrumb\",\"itemListElement\":[{\"@type\":\"ListItem\",\"position\":1,\"name\":\"Startseite\",\"item\":\"https:\\\/\\\/freiheitskalender.ch\\\/fr\\\/\"},{\"@type\":\"ListItem\",\"position\":2,\"name\":\"Mitgliederversammlung FdV\"}]},{\"@type\":\"WebSite\",\"@id\":\"https:\\\/\\\/freiheitskalender.ch\\\/#website\",\"url\":\"https:\\\/\\\/freiheitskalender.ch\\\/\",\"name\":\"Freiheitskalender\",\"description\":\"Termine aus der Community\",\"publisher\":{\"@id\":\"https:\\\/\\\/freiheitskalender.ch\\\/#organization\"},\"potentialAction\":[{\"@type\":\"SearchAction\",\"target\":{\"@type\":\"EntryPoint\",\"urlTemplate\":\"https:\\\/\\\/freiheitskalender.ch\\\/?s={search_term_string}\"},\"query-input\":{\"@type\":\"PropertyValueSpecification\",\"valueRequired\":true,\"valueName\":\"search_term_string\"}}],\"inLanguage\":\"fr-FR\"},{\"@type\":\"Organization\",\"@id\":\"https:\\\/\\\/freiheitskalender.ch\\\/#organization\",\"name\":\"Freiheitskalender\",\"url\":\"https:\\\/\\\/freiheitskalender.ch\\\/\",\"logo\":{\"@type\":\"ImageObject\",\"inLanguage\":\"fr-FR\",\"@id\":\"https:\\\/\\\/freiheitskalender.ch\\\/#\\\/schema\\\/logo\\\/image\\\/\",\"url\":\"https:\\\/\\\/freiheitskalender.ch\\\/wp-content\\\/uploads\\\/2025\\\/10\\\/Freiheitskalender-Logo-flach_Logo_NEW_21.10.2025_DE_100PX.png\",\"contentUrl\":\"https:\\\/\\\/freiheitskalender.ch\\\/wp-content\\\/uploads\\\/2025\\\/10\\\/Freiheitskalender-Logo-flach_Logo_NEW_21.10.2025_DE_100PX.png\",\"width\":1000,\"height\":340,\"caption\":\"Freiheitskalender\"},\"image\":{\"@id\":\"https:\\\/\\\/freiheitskalender.ch\\\/#\\\/schema\\\/logo\\\/image\\\/\"}}]}<\/script>\n<!-- \/ Yoast SEO plugin. -->","yoast_head_json":{"title":"Mitgliederversammlung FdV - Freiheitskalender","robots":{"index":"index","follow":"follow","max-snippet":"max-snippet:-1","max-image-preview":"max-image-preview:large","max-video-preview":"max-video-preview:-1"},"canonical":"https:\/\/freiheitskalender.ch\/fr\/event\/mitgliederversammlung-fdv-2026\/","og_locale":"fr_FR","og_type":"article","og_title":"Mitgliederversammlung FdV - Freiheitskalender","og_description":"Allj\u00e4hrliche Mitgliederversammlung \u2013 Freunde der Verfassung Lorzensaal in Cham Samstag, 27. Juni 2026 mit anschliessendem Abendessen und Theater Diese Veranstaltung ist ausschliesslich f\u00fcr Mitglieder der Freunde der Verfassung. Eine Anmeldung [&hellip;]","og_url":"https:\/\/freiheitskalender.ch\/fr\/event\/mitgliederversammlung-fdv-2026\/","og_site_name":"Freiheitskalender","article_modified_time":"2026-04-21T14:49:41+00:00","og_image":[{"width":850,"height":388,"url":"https:\/\/freiheitskalender.ch\/wp-content\/uploads\/2025\/03\/Screenshot-2025-03-05-131503.png","type":"image\/png"}],"twitter_card":"summary_large_image","twitter_misc":{"Dur\u00e9e de lecture estim\u00e9e":"1 minute"},"schema":{"@context":"https:\/\/schema.org","@graph":[{"@type":"WebPage","@id":"https:\/\/freiheitskalender.ch\/event\/mitgliederversammlung-fdv-2026\/","url":"https:\/\/freiheitskalender.ch\/event\/mitgliederversammlung-fdv-2026\/","name":"Mitgliederversammlung FdV - Freiheitskalender","isPartOf":{"@id":"https:\/\/freiheitskalender.ch\/#website"},"primaryImageOfPage":{"@id":"https:\/\/freiheitskalender.ch\/event\/mitgliederversammlung-fdv-2026\/#primaryimage"},"image":{"@id":"https:\/\/freiheitskalender.ch\/event\/mitgliederversammlung-fdv-2026\/#primaryimage"},"thumbnailUrl":"https:\/\/freiheitskalender.ch\/wp-content\/uploads\/2025\/03\/Screenshot-2025-03-05-131503.png","datePublished":"2026-04-15T16:28:04+00:00","dateModified":"2026-04-21T14:49:41+00:00","breadcrumb":{"@id":"https:\/\/freiheitskalender.ch\/event\/mitgliederversammlung-fdv-2026\/#breadcrumb"},"inLanguage":"fr-FR","potentialAction":[{"@type":"ReadAction","target":["https:\/\/freiheitskalender.ch\/event\/mitgliederversammlung-fdv-2026\/"]}]},{"@type":"ImageObject","inLanguage":"fr-FR","@id":"https:\/\/freiheitskalender.ch\/event\/mitgliederversammlung-fdv-2026\/#primaryimage","url":"https:\/\/freiheitskalender.ch\/wp-content\/uploads\/2025\/03\/Screenshot-2025-03-05-131503.png","contentUrl":"https:\/\/freiheitskalender.ch\/wp-content\/uploads\/2025\/03\/Screenshot-2025-03-05-131503.png","width":850,"height":388},{"@type":"BreadcrumbList","@id":"https:\/\/freiheitskalender.ch\/event\/mitgliederversammlung-fdv-2026\/#breadcrumb","itemListElement":[{"@type":"ListItem","position":1,"name":"Startseite","item":"https:\/\/freiheitskalender.ch\/fr\/"},{"@type":"ListItem","position":2,"name":"Mitgliederversammlung FdV"}]},{"@type":"WebSite","@id":"https:\/\/freiheitskalender.ch\/#website","url":"https:\/\/freiheitskalender.ch\/","name":"Calendrier de la Libert\u00e9","description":"Termine aus der Community","publisher":{"@id":"https:\/\/freiheitskalender.ch\/#organization"},"potentialAction":[{"@type":"SearchAction","target":{"@type":"EntryPoint","urlTemplate":"https:\/\/freiheitskalender.ch\/?s={search_term_string}"},"query-input":{"@type":"PropertyValueSpecification","valueRequired":true,"valueName":"search_term_string"}}],"inLanguage":"fr-FR"},{"@type":"Organization","@id":"https:\/\/freiheitskalender.ch\/#organization","name":"Calendrier de la Libert\u00e9","url":"https:\/\/freiheitskalender.ch\/","logo":{"@type":"ImageObject","inLanguage":"fr-FR","@id":"https:\/\/freiheitskalender.ch\/#\/schema\/logo\/image\/","url":"https:\/\/freiheitskalender.ch\/wp-content\/uploads\/2025\/10\/Freiheitskalender-Logo-flach_Logo_NEW_21.10.2025_DE_100PX.png","contentUrl":"https:\/\/freiheitskalender.ch\/wp-content\/uploads\/2025\/10\/Freiheitskalender-Logo-flach_Logo_NEW_21.10.2025_DE_100PX.png","width":1000,"height":340,"caption":"Freiheitskalender"},"image":{"@id":"https:\/\/freiheitskalender.ch\/#\/schema\/logo\/image\/"}}]}},"ticketed":["rsvp"],"_links":{"self":[{"href":"https:\/\/freiheitskalender.ch\/fr\/wp-json\/wp\/v2\/tribe_events\/4140","targetHints":{"allow":["GET"]}}],"collection":[{"href":"https:\/\/freiheitskalender.ch\/fr\/wp-json\/wp\/v2\/tribe_events"}],"about":[{"href":"https:\/\/freiheitskalender.ch\/fr\/wp-json\/wp\/v2\/types\/tribe_events"}],"author":[{"embeddable":true,"href":"https:\/\/freiheitskalender.ch\/fr\/wp-json\/wp\/v2\/users\/4"}],"version-history":[{"count":8,"href":"https:\/\/freiheitskalender.ch\/fr\/wp-json\/wp\/v2\/tribe_events\/4140\/revisions"}],"predecessor-version":[{"id":4217,"href":"https:\/\/freiheitskalender.ch\/fr\/wp-json\/wp\/v2\/tribe_events\/4140\/revisions\/4217"}],"wp:featuredmedia":[{"embeddable":true,"href":"https:\/\/freiheitskalender.ch\/fr\/wp-json\/wp\/v2\/media\/835"}],"wp:attachment":[{"href":"https:\/\/freiheitskalender.ch\/fr\/wp-json\/wp\/v2\/media?parent=4140"}],"wp:term":[{"taxonomy":"post_tag","embeddable":true,"href":"https:\/\/freiheitskalender.ch\/fr\/wp-json\/wp\/v2\/tags?post=4140"},{"taxonomy":"tribe_events_cat","embeddable":true,"href":"https:\/\/freiheitskalender.ch\/fr\/wp-json\/wp\/v2\/tribe_events_cat?post=4140"}],"curies":[{"name":"wp","href":"https:\/\/api.w.org\/{rel}","templated":true}]}}