{"id":2642,"date":"2025-11-20T12:04:22","date_gmt":"2025-11-20T11:04:22","guid":{"rendered":"https:\/\/freiheitskalender.ch\/?post_type=tribe_events&#038;p=2642"},"modified":"2026-02-04T17:18:24","modified_gmt":"2026-02-04T16:18:24","slug":"fdv-on-tour-naechster-halt-kanton-thurgau","status":"publish","type":"tribe_events","link":"https:\/\/freiheitskalender.ch\/fr\/event\/fdv-on-tour-naechster-halt-kanton-thurgau\/","title":{"rendered":"FdV on Tour \u2013 N\u00e4chster Halt: Kanton Thurgau"},"content":{"rendered":"<p data-start=\"257\" data-end=\"697\">Die Freunde der Verfassung laden herzlich ein zu ihrem Forum in Kreuzlingen. <strong data-start=\"327\" data-end=\"352\">Tout le monde est le bienvenu !<\/strong>\u00a0Cette rencontre est plac\u00e9e sous le signe de la\u00a0<strong data-start=\"394\" data-end=\"409\">gratitude<\/strong>\u00a0f\u00fcr alle Mitglieder und Unterst\u00fctzerinnen und Unterst\u00fctzer. Es ist die Gelegenheit, mit Dr. Roland B\u00fchlmann, Pr\u00e4sident, sowie Vorstandsmitgliedern und Regioleitern\u00a0<strong data-start=\"574\" data-end=\"682\">ins Gespr\u00e4ch zu kommen, auf das vergangene Jahr zur\u00fcckzublicken und einen Ausblick auf kommende Projekte<\/strong>\u00a0zu erhalten.<\/p>\n<p data-start=\"699\" data-end=\"717\"><strong data-start=\"699\" data-end=\"715\">Date &amp; lieu :<\/strong><\/p>\n<ul>\n<li data-start=\"720\" data-end=\"749\">Dienstag, 24. Februar 2026<\/li>\n<li data-start=\"752\" data-end=\"812\">Hafenrestaurant Alti Badi, Seestrasse 45, 8280 Kreuzlingen<\/li>\n<\/ul>\n<p data-start=\"814\" data-end=\"827\"><strong data-start=\"814\" data-end=\"825\">Programme :<\/strong><\/p>\n<ul>\n<li data-start=\"830\" data-end=\"850\">18:00 \u2013 T\u00fcr\u00f6ffnung<\/li>\n<li data-start=\"853\" data-end=\"885\">19:00 \u2013 R\u00e9trospective &amp; perspectives<\/li>\n<li data-start=\"888\" data-end=\"904\">20:00 \u2013 Questions<\/li>\n<li data-start=\"907\" data-end=\"939\">Suivi d\u2019un ap\u00e9ritif convivial<\/li>\n<\/ul>\n<p>\ud83d\udc49\u00a0<strong data-start=\"952\" data-end=\"980\">Merci de vous inscrire ci-dessous.<\/strong><\/p>","protected":false},"excerpt":{"rendered":"<p>Die Freunde der Verfassung laden herzlich ein zu ihrem Forum in Kreuzlingen. Alle sind willkommen!\u00a0Dieses Treffen steht ganz im Zeichen der\u00a0Dankbarkeit\u00a0f\u00fcr alle Mitglieder und Unterst\u00fctzerinnen und Unterst\u00fctzer. Es ist die [&hellip;]<\/p>\n","protected":false},"author":4,"featured_media":2644,"template":"","meta":{"_price":"","_stock":"","_tribe_ticket_header":"","_tribe_default_ticket_provider":"TEC\\Tickets\\Commerce\\Module","_tribe_ticket_capacity":"0","_ticket_start_date":"","_ticket_end_date":"","_tribe_ticket_show_description":"","_tribe_ticket_show_not_going":false,"_tribe_ticket_use_global_stock":"","_tribe_ticket_global_stock_level":"","_global_stock_mode":"","_global_stock_cap":"","_tribe_rsvp_for_event":"","_tribe_ticket_going_count":"","_tribe_ticket_not_going_count":"","_tribe_tickets_list":"[]","_tribe_ticket_has_attendee_info_fields":false,"_tribe_events_status":"","_tribe_events_status_reason":"","_tribe_events_is_hybrid":"","_tribe_events_is_virtual":"","_tribe_events_virtual_video_source":"","_tribe_events_virtual_embed_video":"","_tribe_events_virtual_linked_button_text":"","_tribe_events_virtual_linked_button":"","_tribe_events_virtual_show_embed_at":"","_tribe_events_virtual_show_embed_to":[],"_tribe_events_virtual_show_on_event":"","_tribe_events_virtual_show_on_views":"","_tribe_events_virtual_url":"","footnotes":"","_tec_slr_enabled":"","_tec_slr_layout":""},"tags":[],"tribe_events_cat":[7,99,115,106],"class_list":["post-2642","tribe_events","type-tribe_events","status-publish","has-post-thumbnail","hentry","tribe_events_cat-event","tribe_events_cat-gemuetliches-zusammensein","tribe_events_cat-gespraeche","tribe_events_cat-veranstaltung","cat_event","cat_gemuetliches-zusammensein","cat_gespraeche","cat_veranstaltung"],"blocksy_meta":[],"yoast_head":"<!-- This site is optimized with the Yoast SEO plugin v27.4 - https:\/\/yoast.com\/product\/yoast-seo-wordpress\/ -->\n<title>FdV on Tour \u2013 N\u00e4chster Halt: Kanton Thurgau - Freiheitskalender<\/title>\n<meta name=\"robots\" content=\"index, follow, max-snippet:-1, max-image-preview:large, max-video-preview:-1\" \/>\n<link rel=\"canonical\" href=\"https:\/\/freiheitskalender.ch\/fr\/event\/fdv-on-tour-naechster-halt-kanton-thurgau\/\" \/>\n<meta property=\"og:locale\" content=\"fr_FR\" \/>\n<meta property=\"og:type\" content=\"article\" \/>\n<meta property=\"og:title\" content=\"FdV on Tour \u2013 N\u00e4chster Halt: Kanton Thurgau - Freiheitskalender\" \/>\n<meta property=\"og:description\" content=\"Die Freunde der Verfassung laden herzlich ein zu ihrem Forum in Kreuzlingen. Alle sind willkommen!\u00a0Dieses Treffen steht ganz im Zeichen der\u00a0Dankbarkeit\u00a0f\u00fcr alle Mitglieder und Unterst\u00fctzerinnen und Unterst\u00fctzer. Es ist die [&hellip;]\" \/>\n<meta property=\"og:url\" content=\"https:\/\/freiheitskalender.ch\/fr\/event\/fdv-on-tour-naechster-halt-kanton-thurgau\/\" \/>\n<meta property=\"og:site_name\" content=\"Freiheitskalender\" \/>\n<meta property=\"article:modified_time\" content=\"2026-02-04T16:18:24+00:00\" \/>\n<meta property=\"og:image\" content=\"https:\/\/freiheitskalender.ch\/wp-content\/uploads\/2025\/11\/FdV_on_Tour_Bild_Thurgau.png\" \/>\n\t<meta property=\"og:image:width\" content=\"1000\" \/>\n\t<meta property=\"og:image:height\" content=\"519\" \/>\n\t<meta property=\"og:image:type\" content=\"image\/png\" \/>\n<meta name=\"twitter:card\" content=\"summary_large_image\" \/>\n<meta name=\"twitter:label1\" content=\"Dur\u00e9e de lecture estim\u00e9e\" \/>\n\t<meta name=\"twitter:data1\" content=\"1 minute\" \/>\n<script type=\"application\/ld+json\" class=\"yoast-schema-graph\">{\"@context\":\"https:\\\/\\\/schema.org\",\"@graph\":[{\"@type\":\"WebPage\",\"@id\":\"https:\\\/\\\/freiheitskalender.ch\\\/event\\\/fdv-on-tour-naechster-halt-kanton-thurgau\\\/\",\"url\":\"https:\\\/\\\/freiheitskalender.ch\\\/event\\\/fdv-on-tour-naechster-halt-kanton-thurgau\\\/\",\"name\":\"FdV on Tour \u2013 N\u00e4chster Halt: Kanton Thurgau - Freiheitskalender\",\"isPartOf\":{\"@id\":\"https:\\\/\\\/freiheitskalender.ch\\\/#website\"},\"primaryImageOfPage\":{\"@id\":\"https:\\\/\\\/freiheitskalender.ch\\\/event\\\/fdv-on-tour-naechster-halt-kanton-thurgau\\\/#primaryimage\"},\"image\":{\"@id\":\"https:\\\/\\\/freiheitskalender.ch\\\/event\\\/fdv-on-tour-naechster-halt-kanton-thurgau\\\/#primaryimage\"},\"thumbnailUrl\":\"https:\\\/\\\/freiheitskalender.ch\\\/wp-content\\\/uploads\\\/2025\\\/11\\\/FdV_on_Tour_Bild_Thurgau.png\",\"datePublished\":\"2025-11-20T11:04:22+00:00\",\"dateModified\":\"2026-02-04T16:18:24+00:00\",\"breadcrumb\":{\"@id\":\"https:\\\/\\\/freiheitskalender.ch\\\/event\\\/fdv-on-tour-naechster-halt-kanton-thurgau\\\/#breadcrumb\"},\"inLanguage\":\"fr-FR\",\"potentialAction\":[{\"@type\":\"ReadAction\",\"target\":[\"https:\\\/\\\/freiheitskalender.ch\\\/event\\\/fdv-on-tour-naechster-halt-kanton-thurgau\\\/\"]}]},{\"@type\":\"ImageObject\",\"inLanguage\":\"fr-FR\",\"@id\":\"https:\\\/\\\/freiheitskalender.ch\\\/event\\\/fdv-on-tour-naechster-halt-kanton-thurgau\\\/#primaryimage\",\"url\":\"https:\\\/\\\/freiheitskalender.ch\\\/wp-content\\\/uploads\\\/2025\\\/11\\\/FdV_on_Tour_Bild_Thurgau.png\",\"contentUrl\":\"https:\\\/\\\/freiheitskalender.ch\\\/wp-content\\\/uploads\\\/2025\\\/11\\\/FdV_on_Tour_Bild_Thurgau.png\",\"width\":1000,\"height\":519},{\"@type\":\"BreadcrumbList\",\"@id\":\"https:\\\/\\\/freiheitskalender.ch\\\/event\\\/fdv-on-tour-naechster-halt-kanton-thurgau\\\/#breadcrumb\",\"itemListElement\":[{\"@type\":\"ListItem\",\"position\":1,\"name\":\"Startseite\",\"item\":\"https:\\\/\\\/freiheitskalender.ch\\\/fr\\\/\"},{\"@type\":\"ListItem\",\"position\":2,\"name\":\"FdV on Tour \u2013 N\u00e4chster Halt: Kanton Thurgau\"}]},{\"@type\":\"WebSite\",\"@id\":\"https:\\\/\\\/freiheitskalender.ch\\\/#website\",\"url\":\"https:\\\/\\\/freiheitskalender.ch\\\/\",\"name\":\"Freiheitskalender\",\"description\":\"Termine aus der Community\",\"publisher\":{\"@id\":\"https:\\\/\\\/freiheitskalender.ch\\\/#organization\"},\"potentialAction\":[{\"@type\":\"SearchAction\",\"target\":{\"@type\":\"EntryPoint\",\"urlTemplate\":\"https:\\\/\\\/freiheitskalender.ch\\\/?s={search_term_string}\"},\"query-input\":{\"@type\":\"PropertyValueSpecification\",\"valueRequired\":true,\"valueName\":\"search_term_string\"}}],\"inLanguage\":\"fr-FR\"},{\"@type\":\"Organization\",\"@id\":\"https:\\\/\\\/freiheitskalender.ch\\\/#organization\",\"name\":\"Freiheitskalender\",\"url\":\"https:\\\/\\\/freiheitskalender.ch\\\/\",\"logo\":{\"@type\":\"ImageObject\",\"inLanguage\":\"fr-FR\",\"@id\":\"https:\\\/\\\/freiheitskalender.ch\\\/#\\\/schema\\\/logo\\\/image\\\/\",\"url\":\"https:\\\/\\\/freiheitskalender.ch\\\/wp-content\\\/uploads\\\/2025\\\/10\\\/Freiheitskalender-Logo-flach_Logo_NEW_21.10.2025_DE_100PX.png\",\"contentUrl\":\"https:\\\/\\\/freiheitskalender.ch\\\/wp-content\\\/uploads\\\/2025\\\/10\\\/Freiheitskalender-Logo-flach_Logo_NEW_21.10.2025_DE_100PX.png\",\"width\":1000,\"height\":340,\"caption\":\"Freiheitskalender\"},\"image\":{\"@id\":\"https:\\\/\\\/freiheitskalender.ch\\\/#\\\/schema\\\/logo\\\/image\\\/\"}}]}<\/script>\n<!-- \/ Yoast SEO plugin. -->","yoast_head_json":{"title":"FdV on Tour \u2013 N\u00e4chster Halt: Kanton Thurgau - Freiheitskalender","robots":{"index":"index","follow":"follow","max-snippet":"max-snippet:-1","max-image-preview":"max-image-preview:large","max-video-preview":"max-video-preview:-1"},"canonical":"https:\/\/freiheitskalender.ch\/fr\/event\/fdv-on-tour-naechster-halt-kanton-thurgau\/","og_locale":"fr_FR","og_type":"article","og_title":"FdV on Tour \u2013 N\u00e4chster Halt: Kanton Thurgau - Freiheitskalender","og_description":"Die Freunde der Verfassung laden herzlich ein zu ihrem Forum in Kreuzlingen. Alle sind willkommen!\u00a0Dieses Treffen steht ganz im Zeichen der\u00a0Dankbarkeit\u00a0f\u00fcr alle Mitglieder und Unterst\u00fctzerinnen und Unterst\u00fctzer. Es ist die [&hellip;]","og_url":"https:\/\/freiheitskalender.ch\/fr\/event\/fdv-on-tour-naechster-halt-kanton-thurgau\/","og_site_name":"Freiheitskalender","article_modified_time":"2026-02-04T16:18:24+00:00","og_image":[{"width":1000,"height":519,"url":"https:\/\/freiheitskalender.ch\/wp-content\/uploads\/2025\/11\/FdV_on_Tour_Bild_Thurgau.png","type":"image\/png"}],"twitter_card":"summary_large_image","twitter_misc":{"Dur\u00e9e de lecture estim\u00e9e":"1 minute"},"schema":{"@context":"https:\/\/schema.org","@graph":[{"@type":"WebPage","@id":"https:\/\/freiheitskalender.ch\/event\/fdv-on-tour-naechster-halt-kanton-thurgau\/","url":"https:\/\/freiheitskalender.ch\/event\/fdv-on-tour-naechster-halt-kanton-thurgau\/","name":"FdV on Tour \u2013 N\u00e4chster Halt: Kanton Thurgau - Freiheitskalender","isPartOf":{"@id":"https:\/\/freiheitskalender.ch\/#website"},"primaryImageOfPage":{"@id":"https:\/\/freiheitskalender.ch\/event\/fdv-on-tour-naechster-halt-kanton-thurgau\/#primaryimage"},"image":{"@id":"https:\/\/freiheitskalender.ch\/event\/fdv-on-tour-naechster-halt-kanton-thurgau\/#primaryimage"},"thumbnailUrl":"https:\/\/freiheitskalender.ch\/wp-content\/uploads\/2025\/11\/FdV_on_Tour_Bild_Thurgau.png","datePublished":"2025-11-20T11:04:22+00:00","dateModified":"2026-02-04T16:18:24+00:00","breadcrumb":{"@id":"https:\/\/freiheitskalender.ch\/event\/fdv-on-tour-naechster-halt-kanton-thurgau\/#breadcrumb"},"inLanguage":"fr-FR","potentialAction":[{"@type":"ReadAction","target":["https:\/\/freiheitskalender.ch\/event\/fdv-on-tour-naechster-halt-kanton-thurgau\/"]}]},{"@type":"ImageObject","inLanguage":"fr-FR","@id":"https:\/\/freiheitskalender.ch\/event\/fdv-on-tour-naechster-halt-kanton-thurgau\/#primaryimage","url":"https:\/\/freiheitskalender.ch\/wp-content\/uploads\/2025\/11\/FdV_on_Tour_Bild_Thurgau.png","contentUrl":"https:\/\/freiheitskalender.ch\/wp-content\/uploads\/2025\/11\/FdV_on_Tour_Bild_Thurgau.png","width":1000,"height":519},{"@type":"BreadcrumbList","@id":"https:\/\/freiheitskalender.ch\/event\/fdv-on-tour-naechster-halt-kanton-thurgau\/#breadcrumb","itemListElement":[{"@type":"ListItem","position":1,"name":"Startseite","item":"https:\/\/freiheitskalender.ch\/fr\/"},{"@type":"ListItem","position":2,"name":"FdV on Tour \u2013 N\u00e4chster Halt: Kanton Thurgau"}]},{"@type":"WebSite","@id":"https:\/\/freiheitskalender.ch\/#website","url":"https:\/\/freiheitskalender.ch\/","name":"Calendrier de la Libert\u00e9","description":"Termine aus der Community","publisher":{"@id":"https:\/\/freiheitskalender.ch\/#organization"},"potentialAction":[{"@type":"SearchAction","target":{"@type":"EntryPoint","urlTemplate":"https:\/\/freiheitskalender.ch\/?s={search_term_string}"},"query-input":{"@type":"PropertyValueSpecification","valueRequired":true,"valueName":"search_term_string"}}],"inLanguage":"fr-FR"},{"@type":"Organization","@id":"https:\/\/freiheitskalender.ch\/#organization","name":"Calendrier de la Libert\u00e9","url":"https:\/\/freiheitskalender.ch\/","logo":{"@type":"ImageObject","inLanguage":"fr-FR","@id":"https:\/\/freiheitskalender.ch\/#\/schema\/logo\/image\/","url":"https:\/\/freiheitskalender.ch\/wp-content\/uploads\/2025\/10\/Freiheitskalender-Logo-flach_Logo_NEW_21.10.2025_DE_100PX.png","contentUrl":"https:\/\/freiheitskalender.ch\/wp-content\/uploads\/2025\/10\/Freiheitskalender-Logo-flach_Logo_NEW_21.10.2025_DE_100PX.png","width":1000,"height":340,"caption":"Freiheitskalender"},"image":{"@id":"https:\/\/freiheitskalender.ch\/#\/schema\/logo\/image\/"}}]}},"ticketed":["rsvp"],"_links":{"self":[{"href":"https:\/\/freiheitskalender.ch\/fr\/wp-json\/wp\/v2\/tribe_events\/2642","targetHints":{"allow":["GET"]}}],"collection":[{"href":"https:\/\/freiheitskalender.ch\/fr\/wp-json\/wp\/v2\/tribe_events"}],"about":[{"href":"https:\/\/freiheitskalender.ch\/fr\/wp-json\/wp\/v2\/types\/tribe_events"}],"author":[{"embeddable":true,"href":"https:\/\/freiheitskalender.ch\/fr\/wp-json\/wp\/v2\/users\/4"}],"version-history":[{"count":2,"href":"https:\/\/freiheitskalender.ch\/fr\/wp-json\/wp\/v2\/tribe_events\/2642\/revisions"}],"predecessor-version":[{"id":2708,"href":"https:\/\/freiheitskalender.ch\/fr\/wp-json\/wp\/v2\/tribe_events\/2642\/revisions\/2708"}],"wp:featuredmedia":[{"embeddable":true,"href":"https:\/\/freiheitskalender.ch\/fr\/wp-json\/wp\/v2\/media\/2644"}],"wp:attachment":[{"href":"https:\/\/freiheitskalender.ch\/fr\/wp-json\/wp\/v2\/media?parent=2642"}],"wp:term":[{"taxonomy":"post_tag","embeddable":true,"href":"https:\/\/freiheitskalender.ch\/fr\/wp-json\/wp\/v2\/tags?post=2642"},{"taxonomy":"tribe_events_cat","embeddable":true,"href":"https:\/\/freiheitskalender.ch\/fr\/wp-json\/wp\/v2\/tribe_events_cat?post=2642"}],"curies":[{"name":"wp","href":"https:\/\/api.w.org\/{rel}","templated":true}]}}