{"id":2347,"date":"2025-10-23T10:14:42","date_gmt":"2025-10-23T08:14:42","guid":{"rendered":"https:\/\/freiheitskalender.ch\/?post_type=tribe_events&#038;p=2347"},"modified":"2025-10-23T10:14:42","modified_gmt":"2025-10-23T08:14:42","slug":"kongress-zukunftwerte","status":"publish","type":"tribe_events","link":"https:\/\/freiheitskalender.ch\/fr\/event\/kongress-zukunftwerte\/","title":{"rendered":"Kongress Zukunft+Werte"},"content":{"rendered":"<p>Die gegenw\u00e4rtige Gesellschaftskrise ist eine Krise der Identit\u00e4t und der fehlenden Orientierung. Respekt und Achtung vor den Mitmenschen, Ehe und Familie, Meinungs- und Religionsfreiheit sind nicht mehr selbstverst\u00e4ndlich. Insbesondere junge Menschen sehnen sich nach verl\u00e4sslichen Grundpfeilern, nach Sinn, Hoffnung und Vertrauen. Was also macht unsere Gesellschaft zukunftsf\u00e4hig und lebenswert?<br \/>\nBeim Kongress \u00abZukunft+Werte\u00bb widmen sich namhafte Referenten diesen Themen und greifen entscheidende Fragen in Staat, Wirtschaft, Kirchen, Gesellschaft und Familie auf. Der Kongress soll Akzente setzen und Ausstrahlungskraft \u00fcber den Tag hinaus f\u00fcr die Zukunft entwickeln.<br \/>\n<strong>Programm:<\/strong><br \/>\n9.30 Uhr Vormittagsprogramm u.a. mit:<br \/>\nBegr\u00fcssung Michael Freiburghaus, Pr\u00e4sident Zukunft CH<br \/>\nReferat Peter Hahne \u00abStatt Wokeness und Hetze:<br \/>\nFreiheit durch Menschenw\u00fcrde\u00bb<br \/>\nInterview mit M. Hikmat: \u00abMenschenbild im Islam und im Christentum\u00bb<br \/>\nReferat Gabriele Kuby \u00abLieben oder weinen\u00bb<br \/>\nReferat Sophia Kuby \u00abLebensschutz und Toleranz\u00bb<br \/>\n12.00 Uhr Mittagspause<br \/>\n13.30 Uhr Nachmittagsprogramm u.a. mit:<br \/>\nReferat Roger K\u00f6ppel \u00abMeinungsfreiheit in Gefahr:<br \/>\nWie Politik und Medien die Demokratie bedrohen\u00bb<br \/>\nInterview mit Chris Br\u00f6nimann: \u00abZur\u00fcck zu den Wurzeln\u00bb<br \/>\nPodium: G\u00e4ste mit wertvollen Projekten, u.a. mit:<br \/>\nJ\u00e9r\u00f4me Schwyzer, Pr\u00e4sident Schweizer Lehrernetzwerk, Dagmar<br \/>\nM\u00fcller, Traumaberaterin und Gr\u00fcnderin von \u00abWalkingintofreedom\u00bb,<br \/>\nRegula Lehmann, Leiterin Elterninitiative Sexualerziehung und Familienprojekte Zukunft CH, Sophia Kuby, Alliance Defending Freedom<br \/>\nInternational, Tom Rath, Gr\u00fcnder von \u00abVerkatert vom Leben\u00bb<br \/>\n17.15 Uhr Veranstaltungsende<br \/>\nModeration: Beatrice Gall, Gesch\u00e4ftsf\u00fchrerin Zukunft CH<br \/>\nMusikalische Umrahmung: Saymo\u2018 K<\/p>","protected":false},"excerpt":{"rendered":"<p>Die gegenw\u00e4rtige Gesellschaftskrise ist eine Krise der Identit\u00e4t und der fehlenden Orientierung. Respekt und Achtung vor den Mitmenschen, Ehe und Familie, Meinungs- und Religionsfreiheit sind nicht mehr selbstverst\u00e4ndlich. Insbesondere junge [&hellip;]<\/p>\n","protected":false},"author":7,"featured_media":2350,"template":"","meta":{"_price":"","_stock":"","_tribe_ticket_header":"","_tribe_default_ticket_provider":"","_tribe_ticket_capacity":"0","_ticket_start_date":"","_ticket_end_date":"","_tribe_ticket_show_description":"","_tribe_ticket_show_not_going":false,"_tribe_ticket_use_global_stock":"","_tribe_ticket_global_stock_level":"","_global_stock_mode":"","_global_stock_cap":"","_tribe_rsvp_for_event":"","_tribe_ticket_going_count":"","_tribe_ticket_not_going_count":"","_tribe_tickets_list":"[]","_tribe_ticket_has_attendee_info_fields":false,"_tribe_events_status":"","_tribe_events_status_reason":"","_tribe_events_is_hybrid":"","_tribe_events_is_virtual":"","_tribe_events_virtual_video_source":"","_tribe_events_virtual_embed_video":"","_tribe_events_virtual_linked_button_text":"","_tribe_events_virtual_linked_button":"","_tribe_events_virtual_show_embed_at":"","_tribe_events_virtual_show_embed_to":[],"_tribe_events_virtual_show_on_event":"","_tribe_events_virtual_show_on_views":"","_tribe_events_virtual_url":"","footnotes":"","_tec_slr_enabled":"","_tec_slr_layout":""},"tags":[39,134,25,28],"tribe_events_cat":[71,106],"class_list":["post-2347","tribe_events","type-tribe_events","status-publish","has-post-thumbnail","hentry","tag-gesundheitswesen","tag-kongress","tag-lernen-bildung","tag-wissenschaft","tribe_events_cat-symposium-podium","tribe_events_cat-veranstaltung","cat_symposium-podium","cat_veranstaltung"],"blocksy_meta":[],"yoast_head":"<!-- This site is optimized with the Yoast SEO plugin v27.4 - https:\/\/yoast.com\/product\/yoast-seo-wordpress\/ -->\n<title>Kongress Zukunft+Werte - Freiheitskalender<\/title>\n<meta name=\"robots\" content=\"index, follow, max-snippet:-1, max-image-preview:large, max-video-preview:-1\" \/>\n<link rel=\"canonical\" href=\"https:\/\/freiheitskalender.ch\/fr\/event\/kongress-zukunftwerte\/\" \/>\n<meta property=\"og:locale\" content=\"fr_FR\" \/>\n<meta property=\"og:type\" content=\"article\" \/>\n<meta property=\"og:title\" content=\"Kongress Zukunft+Werte - Freiheitskalender\" \/>\n<meta property=\"og:description\" content=\"Die gegenw\u00e4rtige Gesellschaftskrise ist eine Krise der Identit\u00e4t und der fehlenden Orientierung. Respekt und Achtung vor den Mitmenschen, Ehe und Familie, Meinungs- und Religionsfreiheit sind nicht mehr selbstverst\u00e4ndlich. Insbesondere junge [&hellip;]\" \/>\n<meta property=\"og:url\" content=\"https:\/\/freiheitskalender.ch\/fr\/event\/kongress-zukunftwerte\/\" \/>\n<meta property=\"og:site_name\" content=\"Freiheitskalender\" \/>\n<meta name=\"twitter:card\" content=\"summary_large_image\" \/>\n<meta name=\"twitter:label1\" content=\"Dur\u00e9e de lecture estim\u00e9e\" \/>\n\t<meta name=\"twitter:data1\" content=\"1 minute\" \/>\n<script type=\"application\/ld+json\" class=\"yoast-schema-graph\">{\"@context\":\"https:\\\/\\\/schema.org\",\"@graph\":[{\"@type\":\"WebPage\",\"@id\":\"https:\\\/\\\/freiheitskalender.ch\\\/event\\\/kongress-zukunftwerte\\\/\",\"url\":\"https:\\\/\\\/freiheitskalender.ch\\\/event\\\/kongress-zukunftwerte\\\/\",\"name\":\"Kongress Zukunft+Werte - Freiheitskalender\",\"isPartOf\":{\"@id\":\"https:\\\/\\\/freiheitskalender.ch\\\/#website\"},\"primaryImageOfPage\":{\"@id\":\"https:\\\/\\\/freiheitskalender.ch\\\/event\\\/kongress-zukunftwerte\\\/#primaryimage\"},\"image\":{\"@id\":\"https:\\\/\\\/freiheitskalender.ch\\\/event\\\/kongress-zukunftwerte\\\/#primaryimage\"},\"thumbnailUrl\":\"https:\\\/\\\/freiheitskalender.ch\\\/wp-content\\\/uploads\\\/2025\\\/10\\\/Flyer-Kongress-Titel-NEU.jpg\",\"datePublished\":\"2025-10-23T08:14:42+00:00\",\"breadcrumb\":{\"@id\":\"https:\\\/\\\/freiheitskalender.ch\\\/event\\\/kongress-zukunftwerte\\\/#breadcrumb\"},\"inLanguage\":\"fr-FR\",\"potentialAction\":[{\"@type\":\"ReadAction\",\"target\":[\"https:\\\/\\\/freiheitskalender.ch\\\/event\\\/kongress-zukunftwerte\\\/\"]}]},{\"@type\":\"ImageObject\",\"inLanguage\":\"fr-FR\",\"@id\":\"https:\\\/\\\/freiheitskalender.ch\\\/event\\\/kongress-zukunftwerte\\\/#primaryimage\",\"url\":\"https:\\\/\\\/freiheitskalender.ch\\\/wp-content\\\/uploads\\\/2025\\\/10\\\/Flyer-Kongress-Titel-NEU.jpg\",\"contentUrl\":\"https:\\\/\\\/freiheitskalender.ch\\\/wp-content\\\/uploads\\\/2025\\\/10\\\/Flyer-Kongress-Titel-NEU.jpg\",\"width\":552,\"height\":788},{\"@type\":\"BreadcrumbList\",\"@id\":\"https:\\\/\\\/freiheitskalender.ch\\\/event\\\/kongress-zukunftwerte\\\/#breadcrumb\",\"itemListElement\":[{\"@type\":\"ListItem\",\"position\":1,\"name\":\"Startseite\",\"item\":\"https:\\\/\\\/freiheitskalender.ch\\\/fr\\\/\"},{\"@type\":\"ListItem\",\"position\":2,\"name\":\"Kongress Zukunft+Werte\"}]},{\"@type\":\"WebSite\",\"@id\":\"https:\\\/\\\/freiheitskalender.ch\\\/#website\",\"url\":\"https:\\\/\\\/freiheitskalender.ch\\\/\",\"name\":\"Freiheitskalender\",\"description\":\"Termine aus der Community\",\"publisher\":{\"@id\":\"https:\\\/\\\/freiheitskalender.ch\\\/#organization\"},\"potentialAction\":[{\"@type\":\"SearchAction\",\"target\":{\"@type\":\"EntryPoint\",\"urlTemplate\":\"https:\\\/\\\/freiheitskalender.ch\\\/?s={search_term_string}\"},\"query-input\":{\"@type\":\"PropertyValueSpecification\",\"valueRequired\":true,\"valueName\":\"search_term_string\"}}],\"inLanguage\":\"fr-FR\"},{\"@type\":\"Organization\",\"@id\":\"https:\\\/\\\/freiheitskalender.ch\\\/#organization\",\"name\":\"Freiheitskalender\",\"url\":\"https:\\\/\\\/freiheitskalender.ch\\\/\",\"logo\":{\"@type\":\"ImageObject\",\"inLanguage\":\"fr-FR\",\"@id\":\"https:\\\/\\\/freiheitskalender.ch\\\/#\\\/schema\\\/logo\\\/image\\\/\",\"url\":\"https:\\\/\\\/freiheitskalender.ch\\\/wp-content\\\/uploads\\\/2025\\\/10\\\/Freiheitskalender-Logo-flach_Logo_NEW_21.10.2025_DE_100PX.png\",\"contentUrl\":\"https:\\\/\\\/freiheitskalender.ch\\\/wp-content\\\/uploads\\\/2025\\\/10\\\/Freiheitskalender-Logo-flach_Logo_NEW_21.10.2025_DE_100PX.png\",\"width\":1000,\"height\":340,\"caption\":\"Freiheitskalender\"},\"image\":{\"@id\":\"https:\\\/\\\/freiheitskalender.ch\\\/#\\\/schema\\\/logo\\\/image\\\/\"}}]}<\/script>\n<!-- \/ Yoast SEO plugin. -->","yoast_head_json":{"title":"Kongress Zukunft+Werte - Freiheitskalender","robots":{"index":"index","follow":"follow","max-snippet":"max-snippet:-1","max-image-preview":"max-image-preview:large","max-video-preview":"max-video-preview:-1"},"canonical":"https:\/\/freiheitskalender.ch\/fr\/event\/kongress-zukunftwerte\/","og_locale":"fr_FR","og_type":"article","og_title":"Kongress Zukunft+Werte - Freiheitskalender","og_description":"Die gegenw\u00e4rtige Gesellschaftskrise ist eine Krise der Identit\u00e4t und der fehlenden Orientierung. Respekt und Achtung vor den Mitmenschen, Ehe und Familie, Meinungs- und Religionsfreiheit sind nicht mehr selbstverst\u00e4ndlich. Insbesondere junge [&hellip;]","og_url":"https:\/\/freiheitskalender.ch\/fr\/event\/kongress-zukunftwerte\/","og_site_name":"Freiheitskalender","twitter_card":"summary_large_image","twitter_misc":{"Dur\u00e9e de lecture estim\u00e9e":"1 minute"},"schema":{"@context":"https:\/\/schema.org","@graph":[{"@type":"WebPage","@id":"https:\/\/freiheitskalender.ch\/event\/kongress-zukunftwerte\/","url":"https:\/\/freiheitskalender.ch\/event\/kongress-zukunftwerte\/","name":"Kongress Zukunft+Werte - Freiheitskalender","isPartOf":{"@id":"https:\/\/freiheitskalender.ch\/#website"},"primaryImageOfPage":{"@id":"https:\/\/freiheitskalender.ch\/event\/kongress-zukunftwerte\/#primaryimage"},"image":{"@id":"https:\/\/freiheitskalender.ch\/event\/kongress-zukunftwerte\/#primaryimage"},"thumbnailUrl":"https:\/\/freiheitskalender.ch\/wp-content\/uploads\/2025\/10\/Flyer-Kongress-Titel-NEU.jpg","datePublished":"2025-10-23T08:14:42+00:00","breadcrumb":{"@id":"https:\/\/freiheitskalender.ch\/event\/kongress-zukunftwerte\/#breadcrumb"},"inLanguage":"fr-FR","potentialAction":[{"@type":"ReadAction","target":["https:\/\/freiheitskalender.ch\/event\/kongress-zukunftwerte\/"]}]},{"@type":"ImageObject","inLanguage":"fr-FR","@id":"https:\/\/freiheitskalender.ch\/event\/kongress-zukunftwerte\/#primaryimage","url":"https:\/\/freiheitskalender.ch\/wp-content\/uploads\/2025\/10\/Flyer-Kongress-Titel-NEU.jpg","contentUrl":"https:\/\/freiheitskalender.ch\/wp-content\/uploads\/2025\/10\/Flyer-Kongress-Titel-NEU.jpg","width":552,"height":788},{"@type":"BreadcrumbList","@id":"https:\/\/freiheitskalender.ch\/event\/kongress-zukunftwerte\/#breadcrumb","itemListElement":[{"@type":"ListItem","position":1,"name":"Startseite","item":"https:\/\/freiheitskalender.ch\/fr\/"},{"@type":"ListItem","position":2,"name":"Kongress Zukunft+Werte"}]},{"@type":"WebSite","@id":"https:\/\/freiheitskalender.ch\/#website","url":"https:\/\/freiheitskalender.ch\/","name":"Calendrier de la Libert\u00e9","description":"Termine aus der Community","publisher":{"@id":"https:\/\/freiheitskalender.ch\/#organization"},"potentialAction":[{"@type":"SearchAction","target":{"@type":"EntryPoint","urlTemplate":"https:\/\/freiheitskalender.ch\/?s={search_term_string}"},"query-input":{"@type":"PropertyValueSpecification","valueRequired":true,"valueName":"search_term_string"}}],"inLanguage":"fr-FR"},{"@type":"Organization","@id":"https:\/\/freiheitskalender.ch\/#organization","name":"Calendrier de la Libert\u00e9","url":"https:\/\/freiheitskalender.ch\/","logo":{"@type":"ImageObject","inLanguage":"fr-FR","@id":"https:\/\/freiheitskalender.ch\/#\/schema\/logo\/image\/","url":"https:\/\/freiheitskalender.ch\/wp-content\/uploads\/2025\/10\/Freiheitskalender-Logo-flach_Logo_NEW_21.10.2025_DE_100PX.png","contentUrl":"https:\/\/freiheitskalender.ch\/wp-content\/uploads\/2025\/10\/Freiheitskalender-Logo-flach_Logo_NEW_21.10.2025_DE_100PX.png","width":1000,"height":340,"caption":"Freiheitskalender"},"image":{"@id":"https:\/\/freiheitskalender.ch\/#\/schema\/logo\/image\/"}}]}},"ticketed":false,"_links":{"self":[{"href":"https:\/\/freiheitskalender.ch\/fr\/wp-json\/wp\/v2\/tribe_events\/2347","targetHints":{"allow":["GET"]}}],"collection":[{"href":"https:\/\/freiheitskalender.ch\/fr\/wp-json\/wp\/v2\/tribe_events"}],"about":[{"href":"https:\/\/freiheitskalender.ch\/fr\/wp-json\/wp\/v2\/types\/tribe_events"}],"author":[{"embeddable":true,"href":"https:\/\/freiheitskalender.ch\/fr\/wp-json\/wp\/v2\/users\/7"}],"version-history":[{"count":1,"href":"https:\/\/freiheitskalender.ch\/fr\/wp-json\/wp\/v2\/tribe_events\/2347\/revisions"}],"predecessor-version":[{"id":2349,"href":"https:\/\/freiheitskalender.ch\/fr\/wp-json\/wp\/v2\/tribe_events\/2347\/revisions\/2349"}],"wp:featuredmedia":[{"embeddable":true,"href":"https:\/\/freiheitskalender.ch\/fr\/wp-json\/wp\/v2\/media\/2350"}],"wp:attachment":[{"href":"https:\/\/freiheitskalender.ch\/fr\/wp-json\/wp\/v2\/media?parent=2347"}],"wp:term":[{"taxonomy":"post_tag","embeddable":true,"href":"https:\/\/freiheitskalender.ch\/fr\/wp-json\/wp\/v2\/tags?post=2347"},{"taxonomy":"tribe_events_cat","embeddable":true,"href":"https:\/\/freiheitskalender.ch\/fr\/wp-json\/wp\/v2\/tribe_events_cat?post=2347"}],"curies":[{"name":"wp","href":"https:\/\/api.w.org\/{rel}","templated":true}]}}