{"id":2190,"date":"2025-10-17T17:21:01","date_gmt":"2025-10-17T15:21:01","guid":{"rendered":"https:\/\/freiheitskalender.ch\/?post_type=tribe_events&#038;p=2190"},"modified":"2025-10-17T17:21:55","modified_gmt":"2025-10-17T15:21:55","slug":"vortrag-andre-stern","status":"publish","type":"tribe_events","link":"https:\/\/freiheitskalender.ch\/fr\/event\/vortrag-andre-stern\/","title":{"rendered":"Vortrag Andr\u00e9 Stern"},"content":{"rendered":"<div class=\"elementor-element elementor-element-6c86b54 elementor-widget elementor-widget-heading\" data-id=\"6c86b54\" data-element_type=\"widget\" data-widget_type=\"heading.default\">\n<div class=\"elementor-widget-container\">\n<h2 class=\"elementor-heading-title elementor-size-default\">\u00abBegeisterung: Die Energie der Jugend wiederentdecken\u00bb<\/h2>\n<\/div>\n<\/div>\n<div class=\"elementor-element elementor-element-862bb85 elementor-widget elementor-widget-text-editor\" data-id=\"862bb85\" data-element_type=\"widget\" data-widget_type=\"text-editor.default\">\n<div class=\"elementor-widget-container\">\n<p><strong>\ud83d\udcc5 21. November 2025<br \/>\n\ud83d\udd56 Vortrag ab 19 Uhr \/ T\u00fcr\u00f6ffnung 18 Uhr<\/strong><br \/>\n<strong>\ud83d\udccd\u00a0Stadtsaal Wil, SG<\/strong><\/p>\n<\/div>\n<div class=\"elementor-element elementor-element-b16cbeb e-con-full e-flex e-con e-child\" data-id=\"b16cbeb\" data-element_type=\"container\" data-settings=\"{&quot;background_background&quot;:&quot;classic&quot;}\">\n<div class=\"elementor-element elementor-element-d6e39c7 elementor-widget elementor-widget-text-editor\" data-id=\"d6e39c7\" data-element_type=\"widget\" data-widget_type=\"text-editor.default\">\n<div class=\"elementor-widget-container\">\n<p>&nbsp;<\/p>\n<p><span data-olk-copy-source=\"MessageBody\">Wir freuen uns riesig \u2013 Der international bekannte Referent, Autor und Botschafter der Kindheit, Andr\u00e9 Stern, ist unserer Einladung gefolgt und wird am 21. November f\u00fcr einen Vortrag in die Schweiz reisen. Seine Worte, Gedanken und Prozesse sind seit vielen Jahren inspirierende und wertvolle Wegbegleiter f\u00fcr Menschen, welche mit Kindern und Jugendlichen zusammenleben und \u2013arbeiten! In\u00a0einem zweist\u00fcndigen Referat spricht er \u00fcber das Thema:<\/span><\/p>\n<p><b>\u201eBEGEISTERUNG: Die Energie der Jugend wieder entdecken\u201c<\/b><\/p>\n<p>Andr\u00e9 Sterns Kernthemen sind Begeisterung und Vertrauen. Im Stadtsaal Wil wird Andr\u00e9 Stern deutlich machen, welches Potenzial in jedem Kind und jedem Erwachsenen verborgen liegt, wenn wir lernen, Vertrauen und Begeisterung wieder in den Mittelpunkt zu stellen. Wir kennen niemanden, der lebhafter und ber\u00fchrender \u00fcber dieses Thema spricht als Andr\u00e9 Stern:<\/p>\n<p>\u201eBegeisterung ist mehr als ein Gef\u00fchl \u2013 sie ist dein Antrieb, deine Kreativit\u00e4t, dein Mut. Begeisterung verleiht uns Fl\u00fcgel, sie macht uns regelrecht genial, da sie wie D\u00fcnger in unserem Gehirn wirkt. Die wahre, pers\u00f6nliche, aufrichtige im Alltag verankerte Kompetenz ist nichts Anderes als der Nebeneffekt der Begeisterung. Begeisterung ist der Schl\u00fcssel f\u00fcr ein gl\u00fcckliches, erf\u00fclltes Leben. Erschaffen wir eine Gesellschaft der Begeisterung, dann wird es einen Wandel geben.\u201c<\/p>\n<p>Andr\u00e9 Stern spricht und schreibt als \u201eBotschafter der Kindheit\u201c auf Grundlage eigener Erfahrungen, seiner Arbeit mit seinem Vater, dem P\u00e4dagogen und Forscher Arno Stern, sowie neuester wissenschaftlicher Erkenntnisse.<\/p>\n<p>Der Vortrag startet am 21. November 2025 um 19 Uhr und dauert rund zwei Stunden. Danach findet eine offene Fragerunde statt. Im Anschluss signiert Andr\u00e9 Stern auf Wunsch seine B\u00fccher pers\u00f6nlich.<\/p>\n<p><b>Tickets sind bei Eventfrog erh\u00e4ltlich.\u00a0Sichere dir jetzt ein Ticket \u2013 wir freuen uns auf dich!<\/b><\/p>\n<p><strong><a href=\"https:\/\/eventfrog.ch\/de\/p\/fuehrungen-vortraege\/vortrag\/vortrag-andre-stern-begeisterung-7330117052777128492.html\">Ticket bei Eventfrog kaufen<\/a><\/strong><\/p>\n<\/div>\n<\/div>\n<\/div>\n<\/div>","protected":false},"excerpt":{"rendered":"<p>\u00abBegeisterung: Die Energie der Jugend wiederentdecken\u00bb \ud83d\udcc5 21. November 2025 \ud83d\udd56 Vortrag ab 19 Uhr \/ T\u00fcr\u00f6ffnung 18 Uhr \ud83d\udccd\u00a0Stadtsaal Wil, SG &nbsp; Wir freuen uns riesig \u2013 Der international [&hellip;]<\/p>\n","protected":false},"author":4,"featured_media":2191,"template":"","meta":{"_price":"","_stock":"","_tribe_ticket_header":"","_tribe_default_ticket_provider":"TEC\\Tickets\\Commerce\\Module","_tribe_ticket_capacity":"0","_ticket_start_date":"","_ticket_end_date":"","_tribe_ticket_show_description":"","_tribe_ticket_show_not_going":false,"_tribe_ticket_use_global_stock":"","_tribe_ticket_global_stock_level":"","_global_stock_mode":"","_global_stock_cap":"","_tribe_rsvp_for_event":"","_tribe_ticket_going_count":"","_tribe_ticket_not_going_count":"","_tribe_tickets_list":"[]","_tribe_ticket_has_attendee_info_fields":false,"_tribe_events_status":"","_tribe_events_status_reason":"","_tribe_events_is_hybrid":"","_tribe_events_is_virtual":"","_tribe_events_virtual_video_source":"","_tribe_events_virtual_embed_video":"","_tribe_events_virtual_linked_button_text":"","_tribe_events_virtual_linked_button":"","_tribe_events_virtual_show_embed_at":"","_tribe_events_virtual_show_embed_to":[],"_tribe_events_virtual_show_on_event":"","_tribe_events_virtual_show_on_views":"","_tribe_events_virtual_url":"","footnotes":"","_tec_slr_enabled":"","_tec_slr_layout":""},"tags":[],"tribe_events_cat":[7,9],"class_list":["post-2190","tribe_events","type-tribe_events","status-publish","has-post-thumbnail","hentry","tribe_events_cat-event","tribe_events_cat-vortrag","cat_event","cat_vortrag"],"blocksy_meta":[],"yoast_head":"<!-- This site is optimized with the Yoast SEO plugin v27.5 - https:\/\/yoast.com\/product\/yoast-seo-wordpress\/ -->\n<title>Vortrag Andr\u00e9 Stern - Freiheitskalender<\/title>\n<meta name=\"robots\" content=\"index, follow, max-snippet:-1, max-image-preview:large, max-video-preview:-1\" \/>\n<link rel=\"canonical\" href=\"https:\/\/freiheitskalender.ch\/fr\/event\/vortrag-andre-stern\/\" \/>\n<meta property=\"og:locale\" content=\"fr_FR\" \/>\n<meta property=\"og:type\" content=\"article\" \/>\n<meta property=\"og:title\" content=\"Vortrag Andr\u00e9 Stern - Freiheitskalender\" \/>\n<meta property=\"og:description\" content=\"\u00abBegeisterung: Die Energie der Jugend wiederentdecken\u00bb \ud83d\udcc5 21. November 2025 \ud83d\udd56 Vortrag ab 19 Uhr \/ T\u00fcr\u00f6ffnung 18 Uhr \ud83d\udccd\u00a0Stadtsaal Wil, SG &nbsp; Wir freuen uns riesig \u2013 Der international [&hellip;]\" \/>\n<meta property=\"og:url\" content=\"https:\/\/freiheitskalender.ch\/fr\/event\/vortrag-andre-stern\/\" \/>\n<meta property=\"og:site_name\" content=\"Freiheitskalender\" \/>\n<meta property=\"article:modified_time\" content=\"2025-10-17T15:21:55+00:00\" \/>\n<meta property=\"og:image\" content=\"https:\/\/freiheitskalender.ch\/wp-content\/uploads\/2025\/10\/signal-2025-10-16-201334_002.jpeg\" \/>\n\t<meta property=\"og:image:width\" content=\"902\" \/>\n\t<meta property=\"og:image:height\" content=\"1280\" \/>\n\t<meta property=\"og:image:type\" content=\"image\/jpeg\" \/>\n<meta name=\"twitter:card\" content=\"summary_large_image\" \/>\n<meta name=\"twitter:label1\" content=\"Dur\u00e9e de lecture estim\u00e9e\" \/>\n\t<meta name=\"twitter:data1\" content=\"2 minutes\" \/>\n<script type=\"application\/ld+json\" class=\"yoast-schema-graph\">{\"@context\":\"https:\\\/\\\/schema.org\",\"@graph\":[{\"@type\":\"WebPage\",\"@id\":\"https:\\\/\\\/freiheitskalender.ch\\\/event\\\/vortrag-andre-stern\\\/\",\"url\":\"https:\\\/\\\/freiheitskalender.ch\\\/event\\\/vortrag-andre-stern\\\/\",\"name\":\"Vortrag Andr\u00e9 Stern - Freiheitskalender\",\"isPartOf\":{\"@id\":\"https:\\\/\\\/freiheitskalender.ch\\\/#website\"},\"primaryImageOfPage\":{\"@id\":\"https:\\\/\\\/freiheitskalender.ch\\\/event\\\/vortrag-andre-stern\\\/#primaryimage\"},\"image\":{\"@id\":\"https:\\\/\\\/freiheitskalender.ch\\\/event\\\/vortrag-andre-stern\\\/#primaryimage\"},\"thumbnailUrl\":\"https:\\\/\\\/freiheitskalender.ch\\\/wp-content\\\/uploads\\\/2025\\\/10\\\/signal-2025-10-16-201334_002.jpeg\",\"datePublished\":\"2025-10-17T15:21:01+00:00\",\"dateModified\":\"2025-10-17T15:21:55+00:00\",\"breadcrumb\":{\"@id\":\"https:\\\/\\\/freiheitskalender.ch\\\/event\\\/vortrag-andre-stern\\\/#breadcrumb\"},\"inLanguage\":\"fr-FR\",\"potentialAction\":[{\"@type\":\"ReadAction\",\"target\":[\"https:\\\/\\\/freiheitskalender.ch\\\/event\\\/vortrag-andre-stern\\\/\"]}]},{\"@type\":\"ImageObject\",\"inLanguage\":\"fr-FR\",\"@id\":\"https:\\\/\\\/freiheitskalender.ch\\\/event\\\/vortrag-andre-stern\\\/#primaryimage\",\"url\":\"https:\\\/\\\/freiheitskalender.ch\\\/wp-content\\\/uploads\\\/2025\\\/10\\\/signal-2025-10-16-201334_002.jpeg\",\"contentUrl\":\"https:\\\/\\\/freiheitskalender.ch\\\/wp-content\\\/uploads\\\/2025\\\/10\\\/signal-2025-10-16-201334_002.jpeg\",\"width\":902,\"height\":1280},{\"@type\":\"BreadcrumbList\",\"@id\":\"https:\\\/\\\/freiheitskalender.ch\\\/event\\\/vortrag-andre-stern\\\/#breadcrumb\",\"itemListElement\":[{\"@type\":\"ListItem\",\"position\":1,\"name\":\"Startseite\",\"item\":\"https:\\\/\\\/freiheitskalender.ch\\\/fr\\\/\"},{\"@type\":\"ListItem\",\"position\":2,\"name\":\"Vortrag Andr\u00e9 Stern\"}]},{\"@type\":\"WebSite\",\"@id\":\"https:\\\/\\\/freiheitskalender.ch\\\/#website\",\"url\":\"https:\\\/\\\/freiheitskalender.ch\\\/\",\"name\":\"Freiheitskalender\",\"description\":\"Termine aus der Community\",\"publisher\":{\"@id\":\"https:\\\/\\\/freiheitskalender.ch\\\/#organization\"},\"potentialAction\":[{\"@type\":\"SearchAction\",\"target\":{\"@type\":\"EntryPoint\",\"urlTemplate\":\"https:\\\/\\\/freiheitskalender.ch\\\/?s={search_term_string}\"},\"query-input\":{\"@type\":\"PropertyValueSpecification\",\"valueRequired\":true,\"valueName\":\"search_term_string\"}}],\"inLanguage\":\"fr-FR\"},{\"@type\":\"Organization\",\"@id\":\"https:\\\/\\\/freiheitskalender.ch\\\/#organization\",\"name\":\"Freiheitskalender\",\"url\":\"https:\\\/\\\/freiheitskalender.ch\\\/\",\"logo\":{\"@type\":\"ImageObject\",\"inLanguage\":\"fr-FR\",\"@id\":\"https:\\\/\\\/freiheitskalender.ch\\\/#\\\/schema\\\/logo\\\/image\\\/\",\"url\":\"https:\\\/\\\/freiheitskalender.ch\\\/wp-content\\\/uploads\\\/2025\\\/10\\\/Freiheitskalender-Logo-flach_Logo_NEW_21.10.2025_DE_100PX.png\",\"contentUrl\":\"https:\\\/\\\/freiheitskalender.ch\\\/wp-content\\\/uploads\\\/2025\\\/10\\\/Freiheitskalender-Logo-flach_Logo_NEW_21.10.2025_DE_100PX.png\",\"width\":1000,\"height\":340,\"caption\":\"Freiheitskalender\"},\"image\":{\"@id\":\"https:\\\/\\\/freiheitskalender.ch\\\/#\\\/schema\\\/logo\\\/image\\\/\"}}]}<\/script>\n<!-- \/ Yoast SEO plugin. -->","yoast_head_json":{"title":"Vortrag Andr\u00e9 Stern - Freiheitskalender","robots":{"index":"index","follow":"follow","max-snippet":"max-snippet:-1","max-image-preview":"max-image-preview:large","max-video-preview":"max-video-preview:-1"},"canonical":"https:\/\/freiheitskalender.ch\/fr\/event\/vortrag-andre-stern\/","og_locale":"fr_FR","og_type":"article","og_title":"Vortrag Andr\u00e9 Stern - Freiheitskalender","og_description":"\u00abBegeisterung: Die Energie der Jugend wiederentdecken\u00bb \ud83d\udcc5 21. November 2025 \ud83d\udd56 Vortrag ab 19 Uhr \/ T\u00fcr\u00f6ffnung 18 Uhr \ud83d\udccd\u00a0Stadtsaal Wil, SG &nbsp; Wir freuen uns riesig \u2013 Der international [&hellip;]","og_url":"https:\/\/freiheitskalender.ch\/fr\/event\/vortrag-andre-stern\/","og_site_name":"Freiheitskalender","article_modified_time":"2025-10-17T15:21:55+00:00","og_image":[{"width":902,"height":1280,"url":"https:\/\/freiheitskalender.ch\/wp-content\/uploads\/2025\/10\/signal-2025-10-16-201334_002.jpeg","type":"image\/jpeg"}],"twitter_card":"summary_large_image","twitter_misc":{"Dur\u00e9e de lecture estim\u00e9e":"2 minutes"},"schema":{"@context":"https:\/\/schema.org","@graph":[{"@type":"WebPage","@id":"https:\/\/freiheitskalender.ch\/event\/vortrag-andre-stern\/","url":"https:\/\/freiheitskalender.ch\/event\/vortrag-andre-stern\/","name":"Vortrag Andr\u00e9 Stern - Freiheitskalender","isPartOf":{"@id":"https:\/\/freiheitskalender.ch\/#website"},"primaryImageOfPage":{"@id":"https:\/\/freiheitskalender.ch\/event\/vortrag-andre-stern\/#primaryimage"},"image":{"@id":"https:\/\/freiheitskalender.ch\/event\/vortrag-andre-stern\/#primaryimage"},"thumbnailUrl":"https:\/\/freiheitskalender.ch\/wp-content\/uploads\/2025\/10\/signal-2025-10-16-201334_002.jpeg","datePublished":"2025-10-17T15:21:01+00:00","dateModified":"2025-10-17T15:21:55+00:00","breadcrumb":{"@id":"https:\/\/freiheitskalender.ch\/event\/vortrag-andre-stern\/#breadcrumb"},"inLanguage":"fr-FR","potentialAction":[{"@type":"ReadAction","target":["https:\/\/freiheitskalender.ch\/event\/vortrag-andre-stern\/"]}]},{"@type":"ImageObject","inLanguage":"fr-FR","@id":"https:\/\/freiheitskalender.ch\/event\/vortrag-andre-stern\/#primaryimage","url":"https:\/\/freiheitskalender.ch\/wp-content\/uploads\/2025\/10\/signal-2025-10-16-201334_002.jpeg","contentUrl":"https:\/\/freiheitskalender.ch\/wp-content\/uploads\/2025\/10\/signal-2025-10-16-201334_002.jpeg","width":902,"height":1280},{"@type":"BreadcrumbList","@id":"https:\/\/freiheitskalender.ch\/event\/vortrag-andre-stern\/#breadcrumb","itemListElement":[{"@type":"ListItem","position":1,"name":"Startseite","item":"https:\/\/freiheitskalender.ch\/fr\/"},{"@type":"ListItem","position":2,"name":"Vortrag Andr\u00e9 Stern"}]},{"@type":"WebSite","@id":"https:\/\/freiheitskalender.ch\/#website","url":"https:\/\/freiheitskalender.ch\/","name":"Calendrier de la Libert\u00e9","description":"Termine aus der Community","publisher":{"@id":"https:\/\/freiheitskalender.ch\/#organization"},"potentialAction":[{"@type":"SearchAction","target":{"@type":"EntryPoint","urlTemplate":"https:\/\/freiheitskalender.ch\/?s={search_term_string}"},"query-input":{"@type":"PropertyValueSpecification","valueRequired":true,"valueName":"search_term_string"}}],"inLanguage":"fr-FR"},{"@type":"Organization","@id":"https:\/\/freiheitskalender.ch\/#organization","name":"Calendrier de la Libert\u00e9","url":"https:\/\/freiheitskalender.ch\/","logo":{"@type":"ImageObject","inLanguage":"fr-FR","@id":"https:\/\/freiheitskalender.ch\/#\/schema\/logo\/image\/","url":"https:\/\/freiheitskalender.ch\/wp-content\/uploads\/2025\/10\/Freiheitskalender-Logo-flach_Logo_NEW_21.10.2025_DE_100PX.png","contentUrl":"https:\/\/freiheitskalender.ch\/wp-content\/uploads\/2025\/10\/Freiheitskalender-Logo-flach_Logo_NEW_21.10.2025_DE_100PX.png","width":1000,"height":340,"caption":"Freiheitskalender"},"image":{"@id":"https:\/\/freiheitskalender.ch\/#\/schema\/logo\/image\/"}}]}},"jetpack_sharing_enabled":true,"ticketed":false,"_links":{"self":[{"href":"https:\/\/freiheitskalender.ch\/fr\/wp-json\/wp\/v2\/tribe_events\/2190","targetHints":{"allow":["GET"]}}],"collection":[{"href":"https:\/\/freiheitskalender.ch\/fr\/wp-json\/wp\/v2\/tribe_events"}],"about":[{"href":"https:\/\/freiheitskalender.ch\/fr\/wp-json\/wp\/v2\/types\/tribe_events"}],"author":[{"embeddable":true,"href":"https:\/\/freiheitskalender.ch\/fr\/wp-json\/wp\/v2\/users\/4"}],"version-history":[{"count":2,"href":"https:\/\/freiheitskalender.ch\/fr\/wp-json\/wp\/v2\/tribe_events\/2190\/revisions"}],"predecessor-version":[{"id":2195,"href":"https:\/\/freiheitskalender.ch\/fr\/wp-json\/wp\/v2\/tribe_events\/2190\/revisions\/2195"}],"wp:featuredmedia":[{"embeddable":true,"href":"https:\/\/freiheitskalender.ch\/fr\/wp-json\/wp\/v2\/media\/2191"}],"wp:attachment":[{"href":"https:\/\/freiheitskalender.ch\/fr\/wp-json\/wp\/v2\/media?parent=2190"}],"wp:term":[{"taxonomy":"post_tag","embeddable":true,"href":"https:\/\/freiheitskalender.ch\/fr\/wp-json\/wp\/v2\/tags?post=2190"},{"taxonomy":"tribe_events_cat","embeddable":true,"href":"https:\/\/freiheitskalender.ch\/fr\/wp-json\/wp\/v2\/tribe_events_cat?post=2190"}],"curies":[{"name":"wp","href":"https:\/\/api.w.org\/{rel}","templated":true}]}}