{"id":2078,"date":"2025-10-07T10:41:17","date_gmt":"2025-10-07T08:41:17","guid":{"rendered":"https:\/\/freiheitskalender.ch\/?post_type=tribe_events&#038;p=2078"},"modified":"2025-10-07T10:41:17","modified_gmt":"2025-10-07T08:41:17","slug":"michael-nehls-der-wiederentdeckte-weg-zu-natuerlicher-gesundheit","status":"publish","type":"tribe_events","link":"https:\/\/freiheitskalender.ch\/fr\/event\/michael-nehls-der-wiederentdeckte-weg-zu-natuerlicher-gesundheit\/","title":{"rendered":"Michael Nehls-Der wiederentdeckte Weg zu nat\u00fcrlicher Gesundheit"},"content":{"rendered":"<p><strong>Eventstitel<\/strong><br \/>\nMichael Nehls &#8211; Der wiederentdeckte Weg zu nat\u00fcrlicher Gesundheit<\/p>\n<p><strong>Eventsbeschreibung<\/strong><br \/>\nDr. med. Michael Nehls &#8211; Wie wir unsere Kinder und uns selbst vor systembedingten Krankheiten und einem transhumanistischen Alptraum bewahren<\/p>\n<p>\u201eGesundheit gibt es nur auf Rezept und Vorsorgeuntersuchungen dienen der Pr\u00e4vention von Erkrankungen.\u201c Dieser Irrglaube basiert auf profitablen Missverst\u00e4ndnissen, die kulturpr\u00e4gend in unser kollektives Bewusstsein implantiert wurden. Der Mensch? \u201eEine blo\u00dfe Fehlkonstruktion der Natur.\u201c Entwicklungsst\u00f6rungen sowie chronische Erkrankungen? \u201eLeider eine unab\u00e4nderliche Normalit\u00e4t, die man aber mit lebenslanger Medikamenteneinnahme etwas kaschieren kann.\u201c Diese Dogmen globaler Interessengruppen zerschellen am Pr\u00fcfstein wissenschaftlicher Forschung, scheinen dem unbedarften Beobachter aber immer \u00fcberzeugender: Immerhin leiden tats\u00e4chlich immer mehr Menschen unter diesen angeblich unvermeidbaren Zivilisationskrankheiten; und das, obwohl die Medizin st\u00e4ndig vermeintliche \u201eFortschritte\u201c feiert. Diese erweisen sich jedoch oft als gewinnbringende, aber verheerende Irrwege, die uns Menschen vom Weg zu echter Gesundheit immer weiter abbringen. Die ersten Opfer dieses perfiden Systems: Die Kinder. Fehlern\u00e4hrt, \u00fcberimpft und chronisch \u00fcberlastet \u2013 zentrale Ursachen daf\u00fcr, dass die meisten ihr volles geistiges Potenzial schon lange nicht mehr entfalten k\u00f6nnen. Im Gegenteil: Autismus, ADHS und chronische Angstst\u00f6rungen lenken zahllose Menschen auf einen mit Medikamenten und transhumanistischem Gedankengut geebneten Pfad in eine v\u00f6llig fremdbestimmte Zukunft. Dr. Nehls zeigt in seinem inspirierenden Vortrag jedoch eine gangbare Alternative auf: Einen Weg in eine menschengerechtere Zukunft, den jeder Einzelne von sich aus gehen kann, da die Natur selbst ihn bereits f\u00fcr uns gebahnt hat. Es ist h\u00f6chste Zeit f\u00fcr eine neue humane Kultur, die an diese Erkenntnisse angepasst ist. Das Leitziel muss lauten: Unsere Autonomie, unsere nat\u00fcrliche Gesundheit und unsere Denk- und Friedensf\u00e4higkeit m\u00fcssen zur\u00fcckerobert werden. Erfahren Sie in diesem Vortrag, wie das gelingen kann.<\/p>\n<p>Privatdozent Dr. med. Michael Nehls ist Arzt und habilitierter Molekulargenetiker. Als leitender Grundlagenforscher entschl\u00fcsselte er an deutschen und internationalen Forschungseinrichtungen die genetischen Ursachen diverser Erbkrankheiten. Drei wissenschaftliche Entdeckungen ver\u00f6ffentlichte er gemeinsam mit Nobelpreistr\u00e4gern. Seine Entdeckung eines Schl\u00fcsselgens f\u00fcr die Entwicklung des adaptiven Immunsystems wurde vom renommierten US-amerikanischen Fachverband der Immunologen als \u2018S\u00e4ule der immunologischen Forschung\u2018 geehrt. F\u00fcr seine bahnbrechenden Erkenntnisse zur Alzheimer-Entstehung, -Pr\u00e4vention und -Therapie wurde er von der Universit\u00e4tsklinik Rostock mit dem \u2018Hanse-Preis f\u00fcr molekulare Psychiatrie\u2018 ausgezeichnet. Dr. Nehls war drei Jahre leitender Genomforscher einer US-amerikanischen Firma und acht Jahre Forschungsleiter und Vorstandsvorsitzender eines M\u00fcnchner Biotechnologie-Unternehmens. Als Wissenschaftsautor mit dem Talent, komplexe Zusammenh\u00e4nge einem breiten Publikum verst\u00e4ndlich aufzubereiten, hat er mehrere Bestseller geschrieben, die in viele Sprachen \u00fcbersetzt wurden. Als Privatdozent h\u00e4lt er Vortr\u00e4ge auf Kongressen und an Universit\u00e4ten, die sich gro\u00dfer Beliebtheit erfreuen.<\/p>\n<p>T\u00fcr\u00f6ffnung: 18:00h Beginn: 19:30h<\/p>\n<p>Abendkasse<\/p>","protected":false},"excerpt":{"rendered":"<p>Eventstitel Michael Nehls &#8211; Der wiederentdeckte Weg zu nat\u00fcrlicher Gesundheit Eventsbeschreibung Dr. med. Michael Nehls &#8211; Wie wir unsere Kinder und uns selbst vor systembedingten Krankheiten und einem transhumanistischen Alptraum [&hellip;]<\/p>\n","protected":false},"author":7,"featured_media":2081,"template":"","meta":{"_price":"","_stock":"","_tribe_ticket_header":"","_tribe_default_ticket_provider":"","_tribe_ticket_capacity":"0","_ticket_start_date":"","_ticket_end_date":"","_tribe_ticket_show_description":"","_tribe_ticket_show_not_going":false,"_tribe_ticket_use_global_stock":"","_tribe_ticket_global_stock_level":"","_global_stock_mode":"","_global_stock_cap":"","_tribe_rsvp_for_event":"","_tribe_ticket_going_count":"","_tribe_ticket_not_going_count":"","_tribe_tickets_list":"[]","_tribe_ticket_has_attendee_info_fields":false,"_tribe_events_status":"","_tribe_events_status_reason":"","_tribe_events_is_hybrid":"","_tribe_events_is_virtual":"","_tribe_events_virtual_video_source":"","_tribe_events_virtual_embed_video":"","_tribe_events_virtual_linked_button_text":"","_tribe_events_virtual_linked_button":"","_tribe_events_virtual_show_embed_at":"","_tribe_events_virtual_show_embed_to":[],"_tribe_events_virtual_show_on_event":"","_tribe_events_virtual_show_on_views":"","_tribe_events_virtual_url":"","footnotes":"","_tec_slr_enabled":"","_tec_slr_layout":""},"tags":[39,123],"tribe_events_cat":[9],"class_list":["post-2078","tribe_events","type-tribe_events","status-publish","has-post-thumbnail","hentry","tag-gesundheitswesen","tag-michael-nehls","tribe_events_cat-vortrag","cat_vortrag"],"blocksy_meta":[],"yoast_head":"<!-- This site is optimized with the Yoast SEO plugin v27.5 - https:\/\/yoast.com\/product\/yoast-seo-wordpress\/ -->\n<title>Michael Nehls-Der wiederentdeckte Weg zu nat\u00fcrlicher Gesundheit - Freiheitskalender<\/title>\n<meta name=\"robots\" content=\"index, follow, max-snippet:-1, max-image-preview:large, max-video-preview:-1\" \/>\n<link rel=\"canonical\" href=\"https:\/\/freiheitskalender.ch\/fr\/event\/michael-nehls-der-wiederentdeckte-weg-zu-natuerlicher-gesundheit\/\" \/>\n<meta property=\"og:locale\" content=\"fr_FR\" \/>\n<meta property=\"og:type\" content=\"article\" \/>\n<meta property=\"og:title\" content=\"Michael Nehls-Der wiederentdeckte Weg zu nat\u00fcrlicher Gesundheit - Freiheitskalender\" \/>\n<meta property=\"og:description\" content=\"Eventstitel Michael Nehls &#8211; Der wiederentdeckte Weg zu nat\u00fcrlicher Gesundheit Eventsbeschreibung Dr. med. Michael Nehls &#8211; Wie wir unsere Kinder und uns selbst vor systembedingten Krankheiten und einem transhumanistischen Alptraum [&hellip;]\" \/>\n<meta property=\"og:url\" content=\"https:\/\/freiheitskalender.ch\/fr\/event\/michael-nehls-der-wiederentdeckte-weg-zu-natuerlicher-gesundheit\/\" \/>\n<meta property=\"og:site_name\" content=\"Freiheitskalender\" \/>\n<meta property=\"og:image\" content=\"https:\/\/freiheitskalender.ch\/wp-content\/uploads\/2025\/10\/Michael-Nehls-JPG.jpg\" \/>\n\t<meta property=\"og:image:width\" content=\"2560\" \/>\n\t<meta property=\"og:image:height\" content=\"1440\" \/>\n\t<meta property=\"og:image:type\" content=\"image\/jpeg\" \/>\n<meta name=\"twitter:card\" content=\"summary_large_image\" \/>\n<meta name=\"twitter:label1\" content=\"Dur\u00e9e de lecture estim\u00e9e\" \/>\n\t<meta name=\"twitter:data1\" content=\"2 minutes\" \/>\n<script type=\"application\/ld+json\" class=\"yoast-schema-graph\">{\"@context\":\"https:\\\/\\\/schema.org\",\"@graph\":[{\"@type\":\"WebPage\",\"@id\":\"https:\\\/\\\/freiheitskalender.ch\\\/event\\\/michael-nehls-der-wiederentdeckte-weg-zu-natuerlicher-gesundheit\\\/\",\"url\":\"https:\\\/\\\/freiheitskalender.ch\\\/event\\\/michael-nehls-der-wiederentdeckte-weg-zu-natuerlicher-gesundheit\\\/\",\"name\":\"Michael Nehls-Der wiederentdeckte Weg zu nat\u00fcrlicher Gesundheit - Freiheitskalender\",\"isPartOf\":{\"@id\":\"https:\\\/\\\/freiheitskalender.ch\\\/#website\"},\"primaryImageOfPage\":{\"@id\":\"https:\\\/\\\/freiheitskalender.ch\\\/event\\\/michael-nehls-der-wiederentdeckte-weg-zu-natuerlicher-gesundheit\\\/#primaryimage\"},\"image\":{\"@id\":\"https:\\\/\\\/freiheitskalender.ch\\\/event\\\/michael-nehls-der-wiederentdeckte-weg-zu-natuerlicher-gesundheit\\\/#primaryimage\"},\"thumbnailUrl\":\"https:\\\/\\\/freiheitskalender.ch\\\/wp-content\\\/uploads\\\/2025\\\/10\\\/Michael-Nehls-JPG.jpg\",\"datePublished\":\"2025-10-07T08:41:17+00:00\",\"breadcrumb\":{\"@id\":\"https:\\\/\\\/freiheitskalender.ch\\\/event\\\/michael-nehls-der-wiederentdeckte-weg-zu-natuerlicher-gesundheit\\\/#breadcrumb\"},\"inLanguage\":\"fr-FR\",\"potentialAction\":[{\"@type\":\"ReadAction\",\"target\":[\"https:\\\/\\\/freiheitskalender.ch\\\/event\\\/michael-nehls-der-wiederentdeckte-weg-zu-natuerlicher-gesundheit\\\/\"]}]},{\"@type\":\"ImageObject\",\"inLanguage\":\"fr-FR\",\"@id\":\"https:\\\/\\\/freiheitskalender.ch\\\/event\\\/michael-nehls-der-wiederentdeckte-weg-zu-natuerlicher-gesundheit\\\/#primaryimage\",\"url\":\"https:\\\/\\\/freiheitskalender.ch\\\/wp-content\\\/uploads\\\/2025\\\/10\\\/Michael-Nehls-JPG.jpg\",\"contentUrl\":\"https:\\\/\\\/freiheitskalender.ch\\\/wp-content\\\/uploads\\\/2025\\\/10\\\/Michael-Nehls-JPG.jpg\",\"width\":2560,\"height\":1440},{\"@type\":\"BreadcrumbList\",\"@id\":\"https:\\\/\\\/freiheitskalender.ch\\\/event\\\/michael-nehls-der-wiederentdeckte-weg-zu-natuerlicher-gesundheit\\\/#breadcrumb\",\"itemListElement\":[{\"@type\":\"ListItem\",\"position\":1,\"name\":\"Startseite\",\"item\":\"https:\\\/\\\/freiheitskalender.ch\\\/fr\\\/\"},{\"@type\":\"ListItem\",\"position\":2,\"name\":\"Michael Nehls-Der wiederentdeckte Weg zu nat\u00fcrlicher Gesundheit\"}]},{\"@type\":\"WebSite\",\"@id\":\"https:\\\/\\\/freiheitskalender.ch\\\/#website\",\"url\":\"https:\\\/\\\/freiheitskalender.ch\\\/\",\"name\":\"Freiheitskalender\",\"description\":\"Termine aus der Community\",\"publisher\":{\"@id\":\"https:\\\/\\\/freiheitskalender.ch\\\/#organization\"},\"potentialAction\":[{\"@type\":\"SearchAction\",\"target\":{\"@type\":\"EntryPoint\",\"urlTemplate\":\"https:\\\/\\\/freiheitskalender.ch\\\/?s={search_term_string}\"},\"query-input\":{\"@type\":\"PropertyValueSpecification\",\"valueRequired\":true,\"valueName\":\"search_term_string\"}}],\"inLanguage\":\"fr-FR\"},{\"@type\":\"Organization\",\"@id\":\"https:\\\/\\\/freiheitskalender.ch\\\/#organization\",\"name\":\"Freiheitskalender\",\"url\":\"https:\\\/\\\/freiheitskalender.ch\\\/\",\"logo\":{\"@type\":\"ImageObject\",\"inLanguage\":\"fr-FR\",\"@id\":\"https:\\\/\\\/freiheitskalender.ch\\\/#\\\/schema\\\/logo\\\/image\\\/\",\"url\":\"https:\\\/\\\/freiheitskalender.ch\\\/wp-content\\\/uploads\\\/2025\\\/10\\\/Freiheitskalender-Logo-flach_Logo_NEW_21.10.2025_DE_100PX.png\",\"contentUrl\":\"https:\\\/\\\/freiheitskalender.ch\\\/wp-content\\\/uploads\\\/2025\\\/10\\\/Freiheitskalender-Logo-flach_Logo_NEW_21.10.2025_DE_100PX.png\",\"width\":1000,\"height\":340,\"caption\":\"Freiheitskalender\"},\"image\":{\"@id\":\"https:\\\/\\\/freiheitskalender.ch\\\/#\\\/schema\\\/logo\\\/image\\\/\"}}]}<\/script>\n<!-- \/ Yoast SEO plugin. -->","yoast_head_json":{"title":"Michael Nehls-Der wiederentdeckte Weg zu nat\u00fcrlicher Gesundheit - Freiheitskalender","robots":{"index":"index","follow":"follow","max-snippet":"max-snippet:-1","max-image-preview":"max-image-preview:large","max-video-preview":"max-video-preview:-1"},"canonical":"https:\/\/freiheitskalender.ch\/fr\/event\/michael-nehls-der-wiederentdeckte-weg-zu-natuerlicher-gesundheit\/","og_locale":"fr_FR","og_type":"article","og_title":"Michael Nehls-Der wiederentdeckte Weg zu nat\u00fcrlicher Gesundheit - Freiheitskalender","og_description":"Eventstitel Michael Nehls &#8211; Der wiederentdeckte Weg zu nat\u00fcrlicher Gesundheit Eventsbeschreibung Dr. med. Michael Nehls &#8211; Wie wir unsere Kinder und uns selbst vor systembedingten Krankheiten und einem transhumanistischen Alptraum [&hellip;]","og_url":"https:\/\/freiheitskalender.ch\/fr\/event\/michael-nehls-der-wiederentdeckte-weg-zu-natuerlicher-gesundheit\/","og_site_name":"Freiheitskalender","og_image":[{"width":2560,"height":1440,"url":"https:\/\/freiheitskalender.ch\/wp-content\/uploads\/2025\/10\/Michael-Nehls-JPG.jpg","type":"image\/jpeg"}],"twitter_card":"summary_large_image","twitter_misc":{"Dur\u00e9e de lecture estim\u00e9e":"2 minutes"},"schema":{"@context":"https:\/\/schema.org","@graph":[{"@type":"WebPage","@id":"https:\/\/freiheitskalender.ch\/event\/michael-nehls-der-wiederentdeckte-weg-zu-natuerlicher-gesundheit\/","url":"https:\/\/freiheitskalender.ch\/event\/michael-nehls-der-wiederentdeckte-weg-zu-natuerlicher-gesundheit\/","name":"Michael Nehls-Der wiederentdeckte Weg zu nat\u00fcrlicher Gesundheit - Freiheitskalender","isPartOf":{"@id":"https:\/\/freiheitskalender.ch\/#website"},"primaryImageOfPage":{"@id":"https:\/\/freiheitskalender.ch\/event\/michael-nehls-der-wiederentdeckte-weg-zu-natuerlicher-gesundheit\/#primaryimage"},"image":{"@id":"https:\/\/freiheitskalender.ch\/event\/michael-nehls-der-wiederentdeckte-weg-zu-natuerlicher-gesundheit\/#primaryimage"},"thumbnailUrl":"https:\/\/freiheitskalender.ch\/wp-content\/uploads\/2025\/10\/Michael-Nehls-JPG.jpg","datePublished":"2025-10-07T08:41:17+00:00","breadcrumb":{"@id":"https:\/\/freiheitskalender.ch\/event\/michael-nehls-der-wiederentdeckte-weg-zu-natuerlicher-gesundheit\/#breadcrumb"},"inLanguage":"fr-FR","potentialAction":[{"@type":"ReadAction","target":["https:\/\/freiheitskalender.ch\/event\/michael-nehls-der-wiederentdeckte-weg-zu-natuerlicher-gesundheit\/"]}]},{"@type":"ImageObject","inLanguage":"fr-FR","@id":"https:\/\/freiheitskalender.ch\/event\/michael-nehls-der-wiederentdeckte-weg-zu-natuerlicher-gesundheit\/#primaryimage","url":"https:\/\/freiheitskalender.ch\/wp-content\/uploads\/2025\/10\/Michael-Nehls-JPG.jpg","contentUrl":"https:\/\/freiheitskalender.ch\/wp-content\/uploads\/2025\/10\/Michael-Nehls-JPG.jpg","width":2560,"height":1440},{"@type":"BreadcrumbList","@id":"https:\/\/freiheitskalender.ch\/event\/michael-nehls-der-wiederentdeckte-weg-zu-natuerlicher-gesundheit\/#breadcrumb","itemListElement":[{"@type":"ListItem","position":1,"name":"Startseite","item":"https:\/\/freiheitskalender.ch\/fr\/"},{"@type":"ListItem","position":2,"name":"Michael Nehls-Der wiederentdeckte Weg zu nat\u00fcrlicher Gesundheit"}]},{"@type":"WebSite","@id":"https:\/\/freiheitskalender.ch\/#website","url":"https:\/\/freiheitskalender.ch\/","name":"Calendrier de la Libert\u00e9","description":"Termine aus der Community","publisher":{"@id":"https:\/\/freiheitskalender.ch\/#organization"},"potentialAction":[{"@type":"SearchAction","target":{"@type":"EntryPoint","urlTemplate":"https:\/\/freiheitskalender.ch\/?s={search_term_string}"},"query-input":{"@type":"PropertyValueSpecification","valueRequired":true,"valueName":"search_term_string"}}],"inLanguage":"fr-FR"},{"@type":"Organization","@id":"https:\/\/freiheitskalender.ch\/#organization","name":"Calendrier de la Libert\u00e9","url":"https:\/\/freiheitskalender.ch\/","logo":{"@type":"ImageObject","inLanguage":"fr-FR","@id":"https:\/\/freiheitskalender.ch\/#\/schema\/logo\/image\/","url":"https:\/\/freiheitskalender.ch\/wp-content\/uploads\/2025\/10\/Freiheitskalender-Logo-flach_Logo_NEW_21.10.2025_DE_100PX.png","contentUrl":"https:\/\/freiheitskalender.ch\/wp-content\/uploads\/2025\/10\/Freiheitskalender-Logo-flach_Logo_NEW_21.10.2025_DE_100PX.png","width":1000,"height":340,"caption":"Freiheitskalender"},"image":{"@id":"https:\/\/freiheitskalender.ch\/#\/schema\/logo\/image\/"}}]}},"ticketed":false,"_links":{"self":[{"href":"https:\/\/freiheitskalender.ch\/fr\/wp-json\/wp\/v2\/tribe_events\/2078","targetHints":{"allow":["GET"]}}],"collection":[{"href":"https:\/\/freiheitskalender.ch\/fr\/wp-json\/wp\/v2\/tribe_events"}],"about":[{"href":"https:\/\/freiheitskalender.ch\/fr\/wp-json\/wp\/v2\/types\/tribe_events"}],"author":[{"embeddable":true,"href":"https:\/\/freiheitskalender.ch\/fr\/wp-json\/wp\/v2\/users\/7"}],"version-history":[{"count":1,"href":"https:\/\/freiheitskalender.ch\/fr\/wp-json\/wp\/v2\/tribe_events\/2078\/revisions"}],"predecessor-version":[{"id":2080,"href":"https:\/\/freiheitskalender.ch\/fr\/wp-json\/wp\/v2\/tribe_events\/2078\/revisions\/2080"}],"wp:featuredmedia":[{"embeddable":true,"href":"https:\/\/freiheitskalender.ch\/fr\/wp-json\/wp\/v2\/media\/2081"}],"wp:attachment":[{"href":"https:\/\/freiheitskalender.ch\/fr\/wp-json\/wp\/v2\/media?parent=2078"}],"wp:term":[{"taxonomy":"post_tag","embeddable":true,"href":"https:\/\/freiheitskalender.ch\/fr\/wp-json\/wp\/v2\/tags?post=2078"},{"taxonomy":"tribe_events_cat","embeddable":true,"href":"https:\/\/freiheitskalender.ch\/fr\/wp-json\/wp\/v2\/tribe_events_cat?post=2078"}],"curies":[{"name":"wp","href":"https:\/\/api.w.org\/{rel}","templated":true}]}}