{"id":1901,"date":"2025-08-20T17:41:41","date_gmt":"2025-08-20T15:41:41","guid":{"rendered":"https:\/\/freiheitskalender.ch\/?post_type=tribe_events&#038;p=1901"},"modified":"2025-08-20T17:41:41","modified_gmt":"2025-08-20T15:41:41","slug":"exklusiv-daniele-ganser-live-in-schwarzenburg-be","status":"publish","type":"tribe_events","link":"https:\/\/freiheitskalender.ch\/fr\/event\/exklusiv-daniele-ganser-live-in-schwarzenburg-be\/","title":{"rendered":"EXKLUSIV &#8211; Daniele Ganser live in Schwarzenburg BE"},"content":{"rendered":"<p><strong>EXKLUSIV &#8211; Daniele Ganser live in Schwarzenburg BE<\/strong><\/p>\n<p>Aufrecht Bern, Freunde der Verfassung Schwarzenburgerland und die Urig Ortsgruppe Schwarzenburg laden Sie herzlich ein zum Wahlkampfauftakt und Vortragsabend mit Dr. Daniele Ganser &#8211; dem bekannten Historiker, Friedensforscher und Publizisten &#8211; die neuste Vortragsreihe mit allen aktuellen Ereignissen zur <img decoding=\"async\" class=\"emoji emoji-image\" src=\"https:\/\/web.telegram.org\/k\/assets\/img\/emoji\/1f1fa-1f1f8.png\" alt=\"\ud83c\uddfa\ud83c\uddf8\" \/>, <img decoding=\"async\" class=\"emoji emoji-image\" src=\"https:\/\/web.telegram.org\/k\/assets\/img\/emoji\/1f1f7-1f1fa.png\" alt=\"\ud83c\uddf7\ud83c\uddfa\" \/>, <img decoding=\"async\" class=\"emoji emoji-image\" src=\"https:\/\/web.telegram.org\/k\/assets\/img\/emoji\/1f1ee-1f1f1.png\" alt=\"\ud83c\uddee\ud83c\uddf1\" \/> und Co. sowie dem kritischen Blick auf das gr\u00f6sste Milit\u00e4rb\u00fcndnis der Welt!<\/p>\n<p><img decoding=\"async\" class=\"emoji emoji-image\" src=\"https:\/\/web.telegram.org\/k\/assets\/img\/emoji\/1f4c5.png\" alt=\"\ud83d\udcc5\" \/> Donnerstag, 23. Oktober 2025 <img decoding=\"async\" class=\"emoji emoji-image\" src=\"https:\/\/web.telegram.org\/k\/assets\/img\/emoji\/1f556.png\" alt=\"\ud83d\udd56\" \/> T\u00fcr\u00f6ffnung ab 18:30 Uhr, Beginn um 19:30 Uhr<\/p>\n<p><img decoding=\"async\" class=\"emoji emoji-image\" src=\"https:\/\/web.telegram.org\/k\/assets\/img\/emoji\/1f30d.png\" alt=\"\ud83c\udf0d\" \/> Mehrzweckanlage P\u00f6schen Schwarzenburg BE<\/p>\n<p><img decoding=\"async\" class=\"emoji emoji-image\" src=\"https:\/\/web.telegram.org\/k\/assets\/img\/emoji\/1f39f.png\" alt=\"\ud83c\udf9f\" \/> Eintritt CHF 35.-, Barzahlung vor Ort an Abendkasse<\/p>\n<p><img decoding=\"async\" class=\"emoji emoji-image\" src=\"https:\/\/web.telegram.org\/k\/assets\/img\/emoji\/1f942.png\" alt=\"\ud83e\udd42\" \/>Wir bieten Getr\u00e4nke und Verpflegung an \u2013 nur Barzahlung m\u00f6glich<\/p>\n<p><img decoding=\"async\" class=\"emoji emoji-image\" src=\"https:\/\/web.telegram.org\/k\/assets\/img\/emoji\/270f.png\" alt=\"\u270f\" \/> Sichere Dir dein Ticket mit einer <a class=\"anchor-url\" href=\"https:\/\/c3ejr9b5.forms.app\/event-registration-form-1\" target=\"_blank\" rel=\"noopener noreferrer\"><u>Anmeldung<\/u><\/a> bis 17. Oktober 2025!<\/p>\n<p>Tout le monde est le bienvenu ! <img decoding=\"async\" class=\"emoji emoji-image\" src=\"https:\/\/web.telegram.org\/k\/assets\/img\/emoji\/2764.png\" alt=\"\u2764\ufe0f\" \/><img decoding=\"async\" class=\"emoji emoji-image\" src=\"https:\/\/web.telegram.org\/k\/assets\/img\/emoji\/1f499.png\" alt=\"\ud83d\udc99\" \/><\/p>","protected":false},"excerpt":{"rendered":"<p>EXKLUSIV &#8211; Daniele Ganser live in Schwarzenburg BE Aufrecht Bern, Freunde der Verfassung Schwarzenburgerland und die Urig Ortsgruppe Schwarzenburg laden Sie herzlich ein zum Wahlkampfauftakt und Vortragsabend mit Dr. Daniele [&hellip;]<\/p>\n","protected":false},"author":10,"featured_media":1904,"template":"","meta":{"_price":"","_stock":"","_tribe_ticket_header":"","_tribe_default_ticket_provider":"","_tribe_ticket_capacity":"0","_ticket_start_date":"","_ticket_end_date":"","_tribe_ticket_show_description":"","_tribe_ticket_show_not_going":false,"_tribe_ticket_use_global_stock":"","_tribe_ticket_global_stock_level":"","_global_stock_mode":"","_global_stock_cap":"","_tribe_rsvp_for_event":"","_tribe_ticket_going_count":"","_tribe_ticket_not_going_count":"","_tribe_tickets_list":"[]","_tribe_ticket_has_attendee_info_fields":false,"_tribe_events_status":"","_tribe_events_status_reason":"","_tribe_events_is_hybrid":"","_tribe_events_is_virtual":"","_tribe_events_virtual_video_source":"","_tribe_events_virtual_embed_video":"","_tribe_events_virtual_linked_button_text":"","_tribe_events_virtual_linked_button":"","_tribe_events_virtual_show_embed_at":"","_tribe_events_virtual_show_embed_to":[],"_tribe_events_virtual_show_on_event":"","_tribe_events_virtual_show_on_views":"","_tribe_events_virtual_url":"","footnotes":"","_tec_slr_enabled":"","_tec_slr_layout":""},"tags":[],"tribe_events_cat":[7],"class_list":["post-1901","tribe_events","type-tribe_events","status-publish","has-post-thumbnail","hentry","tribe_events_cat-event","cat_event"],"blocksy_meta":[],"yoast_head":"<!-- This site is optimized with the Yoast SEO plugin v27.4 - https:\/\/yoast.com\/product\/yoast-seo-wordpress\/ -->\n<title>EXKLUSIV - Daniele Ganser live in Schwarzenburg BE - Freiheitskalender<\/title>\n<meta name=\"robots\" content=\"index, follow, max-snippet:-1, max-image-preview:large, max-video-preview:-1\" \/>\n<link rel=\"canonical\" href=\"https:\/\/freiheitskalender.ch\/fr\/event\/exklusiv-daniele-ganser-live-in-schwarzenburg-be\/\" \/>\n<meta property=\"og:locale\" content=\"fr_FR\" \/>\n<meta property=\"og:type\" content=\"article\" \/>\n<meta property=\"og:title\" content=\"EXKLUSIV - Daniele Ganser live in Schwarzenburg BE - Freiheitskalender\" \/>\n<meta property=\"og:description\" content=\"EXKLUSIV &#8211; Daniele Ganser live in Schwarzenburg BE Aufrecht Bern, Freunde der Verfassung Schwarzenburgerland und die Urig Ortsgruppe Schwarzenburg laden Sie herzlich ein zum Wahlkampfauftakt und Vortragsabend mit Dr. Daniele [&hellip;]\" \/>\n<meta property=\"og:url\" content=\"https:\/\/freiheitskalender.ch\/fr\/event\/exklusiv-daniele-ganser-live-in-schwarzenburg-be\/\" \/>\n<meta property=\"og:site_name\" content=\"Freiheitskalender\" \/>\n<meta property=\"og:image\" content=\"https:\/\/freiheitskalender.ch\/wp-content\/uploads\/2025\/08\/Flyer-Event-Daniele-Ganser-Facebook-Post-1.jpg\" \/>\n\t<meta property=\"og:image:width\" content=\"940\" \/>\n\t<meta property=\"og:image:height\" content=\"788\" \/>\n\t<meta property=\"og:image:type\" content=\"image\/jpeg\" \/>\n<meta name=\"twitter:card\" content=\"summary_large_image\" \/>\n<meta name=\"twitter:label1\" content=\"Dur\u00e9e de lecture estim\u00e9e\" \/>\n\t<meta name=\"twitter:data1\" content=\"1 minute\" \/>\n<script type=\"application\/ld+json\" class=\"yoast-schema-graph\">{\"@context\":\"https:\\\/\\\/schema.org\",\"@graph\":[{\"@type\":\"WebPage\",\"@id\":\"https:\\\/\\\/freiheitskalender.ch\\\/event\\\/exklusiv-daniele-ganser-live-in-schwarzenburg-be\\\/\",\"url\":\"https:\\\/\\\/freiheitskalender.ch\\\/event\\\/exklusiv-daniele-ganser-live-in-schwarzenburg-be\\\/\",\"name\":\"EXKLUSIV - Daniele Ganser live in Schwarzenburg BE - Freiheitskalender\",\"isPartOf\":{\"@id\":\"https:\\\/\\\/freiheitskalender.ch\\\/#website\"},\"primaryImageOfPage\":{\"@id\":\"https:\\\/\\\/freiheitskalender.ch\\\/event\\\/exklusiv-daniele-ganser-live-in-schwarzenburg-be\\\/#primaryimage\"},\"image\":{\"@id\":\"https:\\\/\\\/freiheitskalender.ch\\\/event\\\/exklusiv-daniele-ganser-live-in-schwarzenburg-be\\\/#primaryimage\"},\"thumbnailUrl\":\"https:\\\/\\\/freiheitskalender.ch\\\/wp-content\\\/uploads\\\/2025\\\/08\\\/Flyer-Event-Daniele-Ganser-Facebook-Post-1.jpg\",\"datePublished\":\"2025-08-20T15:41:41+00:00\",\"breadcrumb\":{\"@id\":\"https:\\\/\\\/freiheitskalender.ch\\\/event\\\/exklusiv-daniele-ganser-live-in-schwarzenburg-be\\\/#breadcrumb\"},\"inLanguage\":\"fr-FR\",\"potentialAction\":[{\"@type\":\"ReadAction\",\"target\":[\"https:\\\/\\\/freiheitskalender.ch\\\/event\\\/exklusiv-daniele-ganser-live-in-schwarzenburg-be\\\/\"]}]},{\"@type\":\"ImageObject\",\"inLanguage\":\"fr-FR\",\"@id\":\"https:\\\/\\\/freiheitskalender.ch\\\/event\\\/exklusiv-daniele-ganser-live-in-schwarzenburg-be\\\/#primaryimage\",\"url\":\"https:\\\/\\\/freiheitskalender.ch\\\/wp-content\\\/uploads\\\/2025\\\/08\\\/Flyer-Event-Daniele-Ganser-Facebook-Post-1.jpg\",\"contentUrl\":\"https:\\\/\\\/freiheitskalender.ch\\\/wp-content\\\/uploads\\\/2025\\\/08\\\/Flyer-Event-Daniele-Ganser-Facebook-Post-1.jpg\",\"width\":940,\"height\":788},{\"@type\":\"BreadcrumbList\",\"@id\":\"https:\\\/\\\/freiheitskalender.ch\\\/event\\\/exklusiv-daniele-ganser-live-in-schwarzenburg-be\\\/#breadcrumb\",\"itemListElement\":[{\"@type\":\"ListItem\",\"position\":1,\"name\":\"Startseite\",\"item\":\"https:\\\/\\\/freiheitskalender.ch\\\/fr\\\/\"},{\"@type\":\"ListItem\",\"position\":2,\"name\":\"EXKLUSIV &#8211; Daniele Ganser live in Schwarzenburg BE\"}]},{\"@type\":\"WebSite\",\"@id\":\"https:\\\/\\\/freiheitskalender.ch\\\/#website\",\"url\":\"https:\\\/\\\/freiheitskalender.ch\\\/\",\"name\":\"Freiheitskalender\",\"description\":\"Termine aus der Community\",\"publisher\":{\"@id\":\"https:\\\/\\\/freiheitskalender.ch\\\/#organization\"},\"potentialAction\":[{\"@type\":\"SearchAction\",\"target\":{\"@type\":\"EntryPoint\",\"urlTemplate\":\"https:\\\/\\\/freiheitskalender.ch\\\/?s={search_term_string}\"},\"query-input\":{\"@type\":\"PropertyValueSpecification\",\"valueRequired\":true,\"valueName\":\"search_term_string\"}}],\"inLanguage\":\"fr-FR\"},{\"@type\":\"Organization\",\"@id\":\"https:\\\/\\\/freiheitskalender.ch\\\/#organization\",\"name\":\"Freiheitskalender\",\"url\":\"https:\\\/\\\/freiheitskalender.ch\\\/\",\"logo\":{\"@type\":\"ImageObject\",\"inLanguage\":\"fr-FR\",\"@id\":\"https:\\\/\\\/freiheitskalender.ch\\\/#\\\/schema\\\/logo\\\/image\\\/\",\"url\":\"https:\\\/\\\/freiheitskalender.ch\\\/wp-content\\\/uploads\\\/2025\\\/10\\\/Freiheitskalender-Logo-flach_Logo_NEW_21.10.2025_DE_100PX.png\",\"contentUrl\":\"https:\\\/\\\/freiheitskalender.ch\\\/wp-content\\\/uploads\\\/2025\\\/10\\\/Freiheitskalender-Logo-flach_Logo_NEW_21.10.2025_DE_100PX.png\",\"width\":1000,\"height\":340,\"caption\":\"Freiheitskalender\"},\"image\":{\"@id\":\"https:\\\/\\\/freiheitskalender.ch\\\/#\\\/schema\\\/logo\\\/image\\\/\"}}]}<\/script>\n<!-- \/ Yoast SEO plugin. -->","yoast_head_json":{"title":"EXKLUSIV - Daniele Ganser live in Schwarzenburg BE - Freiheitskalender","robots":{"index":"index","follow":"follow","max-snippet":"max-snippet:-1","max-image-preview":"max-image-preview:large","max-video-preview":"max-video-preview:-1"},"canonical":"https:\/\/freiheitskalender.ch\/fr\/event\/exklusiv-daniele-ganser-live-in-schwarzenburg-be\/","og_locale":"fr_FR","og_type":"article","og_title":"EXKLUSIV - Daniele Ganser live in Schwarzenburg BE - Freiheitskalender","og_description":"EXKLUSIV &#8211; Daniele Ganser live in Schwarzenburg BE Aufrecht Bern, Freunde der Verfassung Schwarzenburgerland und die Urig Ortsgruppe Schwarzenburg laden Sie herzlich ein zum Wahlkampfauftakt und Vortragsabend mit Dr. Daniele [&hellip;]","og_url":"https:\/\/freiheitskalender.ch\/fr\/event\/exklusiv-daniele-ganser-live-in-schwarzenburg-be\/","og_site_name":"Freiheitskalender","og_image":[{"width":940,"height":788,"url":"https:\/\/freiheitskalender.ch\/wp-content\/uploads\/2025\/08\/Flyer-Event-Daniele-Ganser-Facebook-Post-1.jpg","type":"image\/jpeg"}],"twitter_card":"summary_large_image","twitter_misc":{"Dur\u00e9e de lecture estim\u00e9e":"1 minute"},"schema":{"@context":"https:\/\/schema.org","@graph":[{"@type":"WebPage","@id":"https:\/\/freiheitskalender.ch\/event\/exklusiv-daniele-ganser-live-in-schwarzenburg-be\/","url":"https:\/\/freiheitskalender.ch\/event\/exklusiv-daniele-ganser-live-in-schwarzenburg-be\/","name":"EXKLUSIV - Daniele Ganser live in Schwarzenburg BE - Freiheitskalender","isPartOf":{"@id":"https:\/\/freiheitskalender.ch\/#website"},"primaryImageOfPage":{"@id":"https:\/\/freiheitskalender.ch\/event\/exklusiv-daniele-ganser-live-in-schwarzenburg-be\/#primaryimage"},"image":{"@id":"https:\/\/freiheitskalender.ch\/event\/exklusiv-daniele-ganser-live-in-schwarzenburg-be\/#primaryimage"},"thumbnailUrl":"https:\/\/freiheitskalender.ch\/wp-content\/uploads\/2025\/08\/Flyer-Event-Daniele-Ganser-Facebook-Post-1.jpg","datePublished":"2025-08-20T15:41:41+00:00","breadcrumb":{"@id":"https:\/\/freiheitskalender.ch\/event\/exklusiv-daniele-ganser-live-in-schwarzenburg-be\/#breadcrumb"},"inLanguage":"fr-FR","potentialAction":[{"@type":"ReadAction","target":["https:\/\/freiheitskalender.ch\/event\/exklusiv-daniele-ganser-live-in-schwarzenburg-be\/"]}]},{"@type":"ImageObject","inLanguage":"fr-FR","@id":"https:\/\/freiheitskalender.ch\/event\/exklusiv-daniele-ganser-live-in-schwarzenburg-be\/#primaryimage","url":"https:\/\/freiheitskalender.ch\/wp-content\/uploads\/2025\/08\/Flyer-Event-Daniele-Ganser-Facebook-Post-1.jpg","contentUrl":"https:\/\/freiheitskalender.ch\/wp-content\/uploads\/2025\/08\/Flyer-Event-Daniele-Ganser-Facebook-Post-1.jpg","width":940,"height":788},{"@type":"BreadcrumbList","@id":"https:\/\/freiheitskalender.ch\/event\/exklusiv-daniele-ganser-live-in-schwarzenburg-be\/#breadcrumb","itemListElement":[{"@type":"ListItem","position":1,"name":"Startseite","item":"https:\/\/freiheitskalender.ch\/fr\/"},{"@type":"ListItem","position":2,"name":"EXKLUSIV &#8211; Daniele Ganser live in Schwarzenburg BE"}]},{"@type":"WebSite","@id":"https:\/\/freiheitskalender.ch\/#website","url":"https:\/\/freiheitskalender.ch\/","name":"Calendrier de la Libert\u00e9","description":"Termine aus der Community","publisher":{"@id":"https:\/\/freiheitskalender.ch\/#organization"},"potentialAction":[{"@type":"SearchAction","target":{"@type":"EntryPoint","urlTemplate":"https:\/\/freiheitskalender.ch\/?s={search_term_string}"},"query-input":{"@type":"PropertyValueSpecification","valueRequired":true,"valueName":"search_term_string"}}],"inLanguage":"fr-FR"},{"@type":"Organization","@id":"https:\/\/freiheitskalender.ch\/#organization","name":"Calendrier de la Libert\u00e9","url":"https:\/\/freiheitskalender.ch\/","logo":{"@type":"ImageObject","inLanguage":"fr-FR","@id":"https:\/\/freiheitskalender.ch\/#\/schema\/logo\/image\/","url":"https:\/\/freiheitskalender.ch\/wp-content\/uploads\/2025\/10\/Freiheitskalender-Logo-flach_Logo_NEW_21.10.2025_DE_100PX.png","contentUrl":"https:\/\/freiheitskalender.ch\/wp-content\/uploads\/2025\/10\/Freiheitskalender-Logo-flach_Logo_NEW_21.10.2025_DE_100PX.png","width":1000,"height":340,"caption":"Freiheitskalender"},"image":{"@id":"https:\/\/freiheitskalender.ch\/#\/schema\/logo\/image\/"}}]}},"ticketed":false,"_links":{"self":[{"href":"https:\/\/freiheitskalender.ch\/fr\/wp-json\/wp\/v2\/tribe_events\/1901","targetHints":{"allow":["GET"]}}],"collection":[{"href":"https:\/\/freiheitskalender.ch\/fr\/wp-json\/wp\/v2\/tribe_events"}],"about":[{"href":"https:\/\/freiheitskalender.ch\/fr\/wp-json\/wp\/v2\/types\/tribe_events"}],"author":[{"embeddable":true,"href":"https:\/\/freiheitskalender.ch\/fr\/wp-json\/wp\/v2\/users\/10"}],"version-history":[{"count":1,"href":"https:\/\/freiheitskalender.ch\/fr\/wp-json\/wp\/v2\/tribe_events\/1901\/revisions"}],"predecessor-version":[{"id":1903,"href":"https:\/\/freiheitskalender.ch\/fr\/wp-json\/wp\/v2\/tribe_events\/1901\/revisions\/1903"}],"wp:featuredmedia":[{"embeddable":true,"href":"https:\/\/freiheitskalender.ch\/fr\/wp-json\/wp\/v2\/media\/1904"}],"wp:attachment":[{"href":"https:\/\/freiheitskalender.ch\/fr\/wp-json\/wp\/v2\/media?parent=1901"}],"wp:term":[{"taxonomy":"post_tag","embeddable":true,"href":"https:\/\/freiheitskalender.ch\/fr\/wp-json\/wp\/v2\/tags?post=1901"},{"taxonomy":"tribe_events_cat","embeddable":true,"href":"https:\/\/freiheitskalender.ch\/fr\/wp-json\/wp\/v2\/tribe_events_cat?post=1901"}],"curies":[{"name":"wp","href":"https:\/\/api.w.org\/{rel}","templated":true}]}}