{"id":1881,"date":"2025-08-04T10:11:52","date_gmt":"2025-08-04T08:11:52","guid":{"rendered":"https:\/\/freiheitskalender.ch\/?post_type=tribe_events&#038;p=1881"},"modified":"2025-08-04T10:11:52","modified_gmt":"2025-08-04T08:11:52","slug":"neue-medizin-krankheit-und-schicksal-als-dynamische-systeme","status":"publish","type":"tribe_events","link":"https:\/\/freiheitskalender.ch\/fr\/event\/neue-medizin-krankheit-und-schicksal-als-dynamische-systeme\/","title":{"rendered":"Neue Medizin Krankheit und Schicksal als dynamische Systeme"},"content":{"rendered":"<p>Weiterbildungs-Tagung 13.9.2025<\/p>\n<p>Dr. Michael Treina \/ Gr\u00fcnder Trivolution-Therapie<br \/>\nNeue Wege in der Medizin<br \/>\nDr. Michael Treina zeigt in seinem Vortrag auf, dass die aktuelle Medizin samt ihren komplement\u00e4ren Angeboten an klare Grenzen st\u00f6sst und f\u00fcr viele gesundheitliche St\u00f6rungen keine grundlegenden L\u00f6sungen gefunden werden k\u00f6nnen.<\/p>\n<p>Matthias Gauger, Dr. med. Hausarztpraxis, Muotathal\/SZ<br \/>\nEinfluss nehmen auf sein Schicksal und Krankheit: wo, wie und wann?<br \/>\nEinsichten eines Allgemeinarztes<br \/>\nMind-Set-Medizin bezeichnet die Sichtweise der Menschen<br \/>\nauf die Dinge und die Welt &#8211; und das hat immer Folgen, auch f\u00fcr die<br \/>\nGesundheit, sowohl des Einzelnen wie auch der Welt.<br \/>\nEinfluss nehmen auf sein Schicksal und Krankheit: wo, wie und wann?<\/p>\n<p>Dr. Ellis Huber, Berlin<br \/>\nArzt, Autor und Gesundheitspolitiker<br \/>\nDiagnostik und Therapie der Krankheiten des Gesundheitswesens<br \/>\nIn Anlehnung an den ausf\u00fchrlichen Artikel des Referenten im<br \/>\n&#8222;natur &amp; heilen&#8220; 4\/2025 wird analysiert, woran das Gesundheitswesen<br \/>\nkrankt &#8211; u.a. an falschen Anreizen, in denen sowohl \u00c4rzte wie Patienten<br \/>\nz.T. auch gefangen sind.<\/p>\n<p>Corinne Grob, Melchnau<br \/>\nDozentin f\u00fcr Tiefenpsychologie an der Akademie Walter Odermatt<br \/>\nMenschenbild \u2013 vom Modell zur Wirklichkeit<br \/>\nEinf\u00fchrung in das G\u00fcltige Menschenbild. Es erkl\u00e4rt die Natur und das Wesen des Menschen, seine Entwicklung in den sechs irdischen Lebensphasen sowie den Unterschied in der Natur von Mann und Frau und ihrer Liebe zueinander.<br \/>\nEs orientiert sich an Tatsachen, die jeder Mensch \u00fcberpr\u00fcfen kann.<\/p>","protected":false},"excerpt":{"rendered":"<p>Weiterbildungs-Tagung 13.9.2025 Dr. Michael Treina \/ Gr\u00fcnder Trivolution-Therapie Neue Wege in der Medizin Dr. Michael Treina zeigt in seinem Vortrag auf, dass die aktuelle Medizin samt ihren komplement\u00e4ren Angeboten an [&hellip;]<\/p>\n","protected":false},"author":14,"featured_media":1884,"template":"","meta":{"_price":"","_stock":"","_tribe_ticket_header":"","_tribe_default_ticket_provider":"","_tribe_ticket_capacity":"0","_ticket_start_date":"","_ticket_end_date":"","_tribe_ticket_show_description":"","_tribe_ticket_show_not_going":false,"_tribe_ticket_use_global_stock":"","_tribe_ticket_global_stock_level":"","_global_stock_mode":"","_global_stock_cap":"","_tribe_rsvp_for_event":"","_tribe_ticket_going_count":"","_tribe_ticket_not_going_count":"","_tribe_tickets_list":"[]","_tribe_ticket_has_attendee_info_fields":false,"_tribe_events_status":"","_tribe_events_status_reason":"","_tribe_events_is_hybrid":"","_tribe_events_is_virtual":"","_tribe_events_virtual_video_source":"","_tribe_events_virtual_embed_video":"","_tribe_events_virtual_linked_button_text":"","_tribe_events_virtual_linked_button":"","_tribe_events_virtual_show_embed_at":"","_tribe_events_virtual_show_embed_to":[],"_tribe_events_virtual_show_on_event":"","_tribe_events_virtual_show_on_views":"","_tribe_events_virtual_url":"","footnotes":"","_tec_slr_enabled":"","_tec_slr_layout":""},"tags":[23,39,25],"tribe_events_cat":[7,18,9],"class_list":["post-1881","tribe_events","type-tribe_events","status-publish","has-post-thumbnail","hentry","tag-aufklaerung","tag-gesundheitswesen","tag-lernen-bildung","tribe_events_cat-event","tribe_events_cat-seminar","tribe_events_cat-vortrag","cat_event","cat_seminar","cat_vortrag"],"blocksy_meta":[],"yoast_head":"<!-- This site is optimized with the Yoast SEO plugin v27.4 - https:\/\/yoast.com\/product\/yoast-seo-wordpress\/ -->\n<title>Neue Medizin Krankheit und Schicksal als dynamische Systeme - Freiheitskalender<\/title>\n<meta name=\"robots\" content=\"index, follow, max-snippet:-1, max-image-preview:large, max-video-preview:-1\" \/>\n<link rel=\"canonical\" href=\"https:\/\/freiheitskalender.ch\/fr\/event\/neue-medizin-krankheit-und-schicksal-als-dynamische-systeme\/\" \/>\n<meta property=\"og:locale\" content=\"fr_FR\" \/>\n<meta property=\"og:type\" content=\"article\" \/>\n<meta property=\"og:title\" content=\"Neue Medizin Krankheit und Schicksal als dynamische Systeme - Freiheitskalender\" \/>\n<meta property=\"og:description\" content=\"Weiterbildungs-Tagung 13.9.2025 Dr. Michael Treina \/ Gr\u00fcnder Trivolution-Therapie Neue Wege in der Medizin Dr. Michael Treina zeigt in seinem Vortrag auf, dass die aktuelle Medizin samt ihren komplement\u00e4ren Angeboten an [&hellip;]\" \/>\n<meta property=\"og:url\" content=\"https:\/\/freiheitskalender.ch\/fr\/event\/neue-medizin-krankheit-und-schicksal-als-dynamische-systeme\/\" \/>\n<meta property=\"og:site_name\" content=\"Freiheitskalender\" \/>\n<meta property=\"og:image\" content=\"https:\/\/freiheitskalender.ch\/wp-content\/uploads\/2025\/08\/20250913-Neue-Medizin-Weiterbildung-AnkuendigungEinladung1.jpg\" \/>\n\t<meta property=\"og:image:width\" content=\"1190\" \/>\n\t<meta property=\"og:image:height\" content=\"1683\" \/>\n\t<meta property=\"og:image:type\" content=\"image\/jpeg\" \/>\n<meta name=\"twitter:card\" content=\"summary_large_image\" \/>\n<meta name=\"twitter:label1\" content=\"Dur\u00e9e de lecture estim\u00e9e\" \/>\n\t<meta name=\"twitter:data1\" content=\"1 minute\" \/>\n<script type=\"application\/ld+json\" class=\"yoast-schema-graph\">{\"@context\":\"https:\\\/\\\/schema.org\",\"@graph\":[{\"@type\":\"WebPage\",\"@id\":\"https:\\\/\\\/freiheitskalender.ch\\\/event\\\/neue-medizin-krankheit-und-schicksal-als-dynamische-systeme\\\/\",\"url\":\"https:\\\/\\\/freiheitskalender.ch\\\/event\\\/neue-medizin-krankheit-und-schicksal-als-dynamische-systeme\\\/\",\"name\":\"Neue Medizin Krankheit und Schicksal als dynamische Systeme - Freiheitskalender\",\"isPartOf\":{\"@id\":\"https:\\\/\\\/freiheitskalender.ch\\\/#website\"},\"primaryImageOfPage\":{\"@id\":\"https:\\\/\\\/freiheitskalender.ch\\\/event\\\/neue-medizin-krankheit-und-schicksal-als-dynamische-systeme\\\/#primaryimage\"},\"image\":{\"@id\":\"https:\\\/\\\/freiheitskalender.ch\\\/event\\\/neue-medizin-krankheit-und-schicksal-als-dynamische-systeme\\\/#primaryimage\"},\"thumbnailUrl\":\"https:\\\/\\\/freiheitskalender.ch\\\/wp-content\\\/uploads\\\/2025\\\/08\\\/20250913-Neue-Medizin-Weiterbildung-AnkuendigungEinladung1.jpg\",\"datePublished\":\"2025-08-04T08:11:52+00:00\",\"breadcrumb\":{\"@id\":\"https:\\\/\\\/freiheitskalender.ch\\\/event\\\/neue-medizin-krankheit-und-schicksal-als-dynamische-systeme\\\/#breadcrumb\"},\"inLanguage\":\"fr-FR\",\"potentialAction\":[{\"@type\":\"ReadAction\",\"target\":[\"https:\\\/\\\/freiheitskalender.ch\\\/event\\\/neue-medizin-krankheit-und-schicksal-als-dynamische-systeme\\\/\"]}]},{\"@type\":\"ImageObject\",\"inLanguage\":\"fr-FR\",\"@id\":\"https:\\\/\\\/freiheitskalender.ch\\\/event\\\/neue-medizin-krankheit-und-schicksal-als-dynamische-systeme\\\/#primaryimage\",\"url\":\"https:\\\/\\\/freiheitskalender.ch\\\/wp-content\\\/uploads\\\/2025\\\/08\\\/20250913-Neue-Medizin-Weiterbildung-AnkuendigungEinladung1.jpg\",\"contentUrl\":\"https:\\\/\\\/freiheitskalender.ch\\\/wp-content\\\/uploads\\\/2025\\\/08\\\/20250913-Neue-Medizin-Weiterbildung-AnkuendigungEinladung1.jpg\",\"width\":1190,\"height\":1683},{\"@type\":\"BreadcrumbList\",\"@id\":\"https:\\\/\\\/freiheitskalender.ch\\\/event\\\/neue-medizin-krankheit-und-schicksal-als-dynamische-systeme\\\/#breadcrumb\",\"itemListElement\":[{\"@type\":\"ListItem\",\"position\":1,\"name\":\"Startseite\",\"item\":\"https:\\\/\\\/freiheitskalender.ch\\\/fr\\\/\"},{\"@type\":\"ListItem\",\"position\":2,\"name\":\"Neue Medizin Krankheit und Schicksal als dynamische Systeme\"}]},{\"@type\":\"WebSite\",\"@id\":\"https:\\\/\\\/freiheitskalender.ch\\\/#website\",\"url\":\"https:\\\/\\\/freiheitskalender.ch\\\/\",\"name\":\"Freiheitskalender\",\"description\":\"Termine aus der Community\",\"publisher\":{\"@id\":\"https:\\\/\\\/freiheitskalender.ch\\\/#organization\"},\"potentialAction\":[{\"@type\":\"SearchAction\",\"target\":{\"@type\":\"EntryPoint\",\"urlTemplate\":\"https:\\\/\\\/freiheitskalender.ch\\\/?s={search_term_string}\"},\"query-input\":{\"@type\":\"PropertyValueSpecification\",\"valueRequired\":true,\"valueName\":\"search_term_string\"}}],\"inLanguage\":\"fr-FR\"},{\"@type\":\"Organization\",\"@id\":\"https:\\\/\\\/freiheitskalender.ch\\\/#organization\",\"name\":\"Freiheitskalender\",\"url\":\"https:\\\/\\\/freiheitskalender.ch\\\/\",\"logo\":{\"@type\":\"ImageObject\",\"inLanguage\":\"fr-FR\",\"@id\":\"https:\\\/\\\/freiheitskalender.ch\\\/#\\\/schema\\\/logo\\\/image\\\/\",\"url\":\"https:\\\/\\\/freiheitskalender.ch\\\/wp-content\\\/uploads\\\/2025\\\/10\\\/Freiheitskalender-Logo-flach_Logo_NEW_21.10.2025_DE_100PX.png\",\"contentUrl\":\"https:\\\/\\\/freiheitskalender.ch\\\/wp-content\\\/uploads\\\/2025\\\/10\\\/Freiheitskalender-Logo-flach_Logo_NEW_21.10.2025_DE_100PX.png\",\"width\":1000,\"height\":340,\"caption\":\"Freiheitskalender\"},\"image\":{\"@id\":\"https:\\\/\\\/freiheitskalender.ch\\\/#\\\/schema\\\/logo\\\/image\\\/\"}}]}<\/script>\n<!-- \/ Yoast SEO plugin. -->","yoast_head_json":{"title":"Neue Medizin Krankheit und Schicksal als dynamische Systeme - Freiheitskalender","robots":{"index":"index","follow":"follow","max-snippet":"max-snippet:-1","max-image-preview":"max-image-preview:large","max-video-preview":"max-video-preview:-1"},"canonical":"https:\/\/freiheitskalender.ch\/fr\/event\/neue-medizin-krankheit-und-schicksal-als-dynamische-systeme\/","og_locale":"fr_FR","og_type":"article","og_title":"Neue Medizin Krankheit und Schicksal als dynamische Systeme - Freiheitskalender","og_description":"Weiterbildungs-Tagung 13.9.2025 Dr. Michael Treina \/ Gr\u00fcnder Trivolution-Therapie Neue Wege in der Medizin Dr. Michael Treina zeigt in seinem Vortrag auf, dass die aktuelle Medizin samt ihren komplement\u00e4ren Angeboten an [&hellip;]","og_url":"https:\/\/freiheitskalender.ch\/fr\/event\/neue-medizin-krankheit-und-schicksal-als-dynamische-systeme\/","og_site_name":"Freiheitskalender","og_image":[{"width":1190,"height":1683,"url":"https:\/\/freiheitskalender.ch\/wp-content\/uploads\/2025\/08\/20250913-Neue-Medizin-Weiterbildung-AnkuendigungEinladung1.jpg","type":"image\/jpeg"}],"twitter_card":"summary_large_image","twitter_misc":{"Dur\u00e9e de lecture estim\u00e9e":"1 minute"},"schema":{"@context":"https:\/\/schema.org","@graph":[{"@type":"WebPage","@id":"https:\/\/freiheitskalender.ch\/event\/neue-medizin-krankheit-und-schicksal-als-dynamische-systeme\/","url":"https:\/\/freiheitskalender.ch\/event\/neue-medizin-krankheit-und-schicksal-als-dynamische-systeme\/","name":"Neue Medizin Krankheit und Schicksal als dynamische Systeme - Freiheitskalender","isPartOf":{"@id":"https:\/\/freiheitskalender.ch\/#website"},"primaryImageOfPage":{"@id":"https:\/\/freiheitskalender.ch\/event\/neue-medizin-krankheit-und-schicksal-als-dynamische-systeme\/#primaryimage"},"image":{"@id":"https:\/\/freiheitskalender.ch\/event\/neue-medizin-krankheit-und-schicksal-als-dynamische-systeme\/#primaryimage"},"thumbnailUrl":"https:\/\/freiheitskalender.ch\/wp-content\/uploads\/2025\/08\/20250913-Neue-Medizin-Weiterbildung-AnkuendigungEinladung1.jpg","datePublished":"2025-08-04T08:11:52+00:00","breadcrumb":{"@id":"https:\/\/freiheitskalender.ch\/event\/neue-medizin-krankheit-und-schicksal-als-dynamische-systeme\/#breadcrumb"},"inLanguage":"fr-FR","potentialAction":[{"@type":"ReadAction","target":["https:\/\/freiheitskalender.ch\/event\/neue-medizin-krankheit-und-schicksal-als-dynamische-systeme\/"]}]},{"@type":"ImageObject","inLanguage":"fr-FR","@id":"https:\/\/freiheitskalender.ch\/event\/neue-medizin-krankheit-und-schicksal-als-dynamische-systeme\/#primaryimage","url":"https:\/\/freiheitskalender.ch\/wp-content\/uploads\/2025\/08\/20250913-Neue-Medizin-Weiterbildung-AnkuendigungEinladung1.jpg","contentUrl":"https:\/\/freiheitskalender.ch\/wp-content\/uploads\/2025\/08\/20250913-Neue-Medizin-Weiterbildung-AnkuendigungEinladung1.jpg","width":1190,"height":1683},{"@type":"BreadcrumbList","@id":"https:\/\/freiheitskalender.ch\/event\/neue-medizin-krankheit-und-schicksal-als-dynamische-systeme\/#breadcrumb","itemListElement":[{"@type":"ListItem","position":1,"name":"Startseite","item":"https:\/\/freiheitskalender.ch\/fr\/"},{"@type":"ListItem","position":2,"name":"Neue Medizin Krankheit und Schicksal als dynamische Systeme"}]},{"@type":"WebSite","@id":"https:\/\/freiheitskalender.ch\/#website","url":"https:\/\/freiheitskalender.ch\/","name":"Calendrier de la Libert\u00e9","description":"Termine aus der Community","publisher":{"@id":"https:\/\/freiheitskalender.ch\/#organization"},"potentialAction":[{"@type":"SearchAction","target":{"@type":"EntryPoint","urlTemplate":"https:\/\/freiheitskalender.ch\/?s={search_term_string}"},"query-input":{"@type":"PropertyValueSpecification","valueRequired":true,"valueName":"search_term_string"}}],"inLanguage":"fr-FR"},{"@type":"Organization","@id":"https:\/\/freiheitskalender.ch\/#organization","name":"Calendrier de la Libert\u00e9","url":"https:\/\/freiheitskalender.ch\/","logo":{"@type":"ImageObject","inLanguage":"fr-FR","@id":"https:\/\/freiheitskalender.ch\/#\/schema\/logo\/image\/","url":"https:\/\/freiheitskalender.ch\/wp-content\/uploads\/2025\/10\/Freiheitskalender-Logo-flach_Logo_NEW_21.10.2025_DE_100PX.png","contentUrl":"https:\/\/freiheitskalender.ch\/wp-content\/uploads\/2025\/10\/Freiheitskalender-Logo-flach_Logo_NEW_21.10.2025_DE_100PX.png","width":1000,"height":340,"caption":"Freiheitskalender"},"image":{"@id":"https:\/\/freiheitskalender.ch\/#\/schema\/logo\/image\/"}}]}},"ticketed":false,"_links":{"self":[{"href":"https:\/\/freiheitskalender.ch\/fr\/wp-json\/wp\/v2\/tribe_events\/1881","targetHints":{"allow":["GET"]}}],"collection":[{"href":"https:\/\/freiheitskalender.ch\/fr\/wp-json\/wp\/v2\/tribe_events"}],"about":[{"href":"https:\/\/freiheitskalender.ch\/fr\/wp-json\/wp\/v2\/types\/tribe_events"}],"author":[{"embeddable":true,"href":"https:\/\/freiheitskalender.ch\/fr\/wp-json\/wp\/v2\/users\/14"}],"version-history":[{"count":1,"href":"https:\/\/freiheitskalender.ch\/fr\/wp-json\/wp\/v2\/tribe_events\/1881\/revisions"}],"predecessor-version":[{"id":1883,"href":"https:\/\/freiheitskalender.ch\/fr\/wp-json\/wp\/v2\/tribe_events\/1881\/revisions\/1883"}],"wp:featuredmedia":[{"embeddable":true,"href":"https:\/\/freiheitskalender.ch\/fr\/wp-json\/wp\/v2\/media\/1884"}],"wp:attachment":[{"href":"https:\/\/freiheitskalender.ch\/fr\/wp-json\/wp\/v2\/media?parent=1881"}],"wp:term":[{"taxonomy":"post_tag","embeddable":true,"href":"https:\/\/freiheitskalender.ch\/fr\/wp-json\/wp\/v2\/tags?post=1881"},{"taxonomy":"tribe_events_cat","embeddable":true,"href":"https:\/\/freiheitskalender.ch\/fr\/wp-json\/wp\/v2\/tribe_events_cat?post=1881"}],"curies":[{"name":"wp","href":"https:\/\/api.w.org\/{rel}","templated":true}]}}